{"id":5750,"date":"2023-09-18T11:26:42","date_gmt":"2023-09-18T11:26:42","guid":{"rendered":"https:\/\/camposdehellinqr.com\/?page_id=5750"},"modified":"2023-09-19T17:08:16","modified_gmt":"2023-09-19T17:08:16","slug":"169-cerro-fortaleza","status":"publish","type":"page","link":"https:\/\/camposdehellinqr.com\/index.php\/169-cerro-fortaleza\/","title":{"rendered":"Cerros Fortaleza, Mainetico y Mainet\u00f3n"},"content":{"rendered":"\t\t<div data-elementor-type=\"wp-page\" data-elementor-id=\"5750\" class=\"elementor elementor-5750\" data-elementor-post-type=\"page\">\n\t\t\t\t\t\t\t\t\t<section class=\"elementor-section elementor-top-section elementor-element elementor-element-89ef3ac elementor-section-boxed elementor-section-height-default elementor-section-height-default\" data-id=\"89ef3ac\" data-element_type=\"section\">\n\t\t\t\t\t\t\t<div class=\"elementor-background-overlay\"><\/div>\n\t\t\t\t\t\t\t<div class=\"elementor-container elementor-column-gap-default\">\n\t\t\t\t\t<div class=\"elementor-column elementor-col-100 elementor-top-column elementor-element elementor-element-e076a23\" data-id=\"e076a23\" data-element_type=\"column\">\n\t\t\t<div class=\"elementor-widget-wrap elementor-element-populated\">\n\t\t\t\t\t\t\t\t<div class=\"elementor-element elementor-element-c7e6a46 elementor-widget elementor-widget-heading\" data-id=\"c7e6a46\" data-element_type=\"widget\" data-widget_type=\"heading.default\">\n\t\t\t\t<div class=\"elementor-widget-container\">\n\t\t\t<h3 class=\"elementor-heading-title elementor-size-default\">Cerros Fortaleza, Mainetico y Mainet\u00f3n<\/h3>\t\t<\/div>\n\t\t\t\t<\/div>\n\t\t\t\t<div class=\"elementor-element elementor-element-bd15688 elementor-widget elementor-widget-google_maps\" data-id=\"bd15688\" data-element_type=\"widget\" data-widget_type=\"google_maps.default\">\n\t\t\t\t<div class=\"elementor-widget-container\">\n\t\t\t\t\t<div class=\"elementor-custom-embed\">\n\t\t\t<iframe loading=\"lazy\"\n\t\t\t\t\tsrc=\"https:\/\/maps.google.com\/maps?q=Poblado%20%C3%8Dbero%20de%20Fortaleza&#038;t=m&#038;z=16&#038;output=embed&#038;iwloc=near\"\n\t\t\t\t\ttitle=\"Poblado \u00cdbero de Fortaleza\"\n\t\t\t\t\taria-label=\"Poblado \u00cdbero de Fortaleza\"\n\t\t\t><\/iframe>\n\t\t<\/div>\n\t\t\t\t<\/div>\n\t\t\t\t<\/div>\n\t\t\t\t<div class=\"elementor-element elementor-element-3889d7b elementor-widget elementor-widget-text-editor\" data-id=\"3889d7b\" data-element_type=\"widget\" data-widget_type=\"text-editor.default\">\n\t\t\t\t<div class=\"elementor-widget-container\">\n\t\t\t\t\t\t\t<p>En la descripci\u00f3n de las antig\u00fcedades de esta comarca a finales del siglo XVIII, sobre el Poblado ib\u00e9rico Fortaleza, el can\u00f3nigo Lozano escribi\u00f3: \u201cSu situaci\u00f3n es un monte a donde se sube por un camino bien espacioso, calzada de grandes piedras bellamente colocadas; pero sin cal, ni argamasas\u2026El centro muestra una plaza rodeada de montones de piedras las mas cuadradas, y cuadrilongas. Se divisa la ruina de su puerta, y el quicio de ella&#8230;Las Casas ofrecen la idea unas de ovalo, y otras de circulo; pero argamasas no se descubren. El lienzo de muralla cuyo trozo esta en pie, todo es piedra seca\u2026Al frente de dicha fortaleza, y a corta distancia, est\u00e1n dos montes, que retienen los nombres de Mainetes (es Main\u00e9tico), como la fortaleza de Mainet\u00f3n\u2026Me certifican los practicos de la comarca no parece all\u00ed, ni rastro de ruinas. Considero sin embargo, que sus nombres en realidad venerables, excitan a pesar, que en lo antiguo existieron all\u00ed los Alcazares que servian de Ciudadela, y por esto mismo retenian los nombres\u201d.<\/p>\t\t\t\t\t\t<\/div>\n\t\t\t\t<\/div>\n\t\t\t\t<div class=\"elementor-element elementor-element-1ba3ed5 elementor-widget elementor-widget-image\" data-id=\"1ba3ed5\" data-element_type=\"widget\" data-widget_type=\"image.default\">\n\t\t\t\t<div class=\"elementor-widget-container\">\n\t\t\t\t\t\t\t\t\t\t\t\t\t\t\t\t<a href=\"\/images\/360\/17\/index.htm\">\n\t\t\t\t\t\t\t<img loading=\"lazy\" decoding=\"async\" width=\"800\" height=\"327\" src=\"https:\/\/camposdehellinqr.com\/wp-content\/uploads\/2023\/09\/fortaleza.jpg\" class=\"attachment-large size-large wp-image-5704\" alt=\"\" srcset=\"https:\/\/camposdehellinqr.com\/wp-content\/uploads\/2023\/09\/fortaleza.jpg 800w, https:\/\/camposdehellinqr.com\/wp-content\/uploads\/2023\/09\/fortaleza-300x123.jpg 300w, https:\/\/camposdehellinqr.com\/wp-content\/uploads\/2023\/09\/fortaleza-768x314.jpg 768w\" sizes=\"auto, (max-width: 800px) 100vw, 800px\" \/>\t\t\t\t\t\t\t\t<\/a>\n\t\t\t\t\t\t\t\t\t\t\t\t\t\t\t<\/div>\n\t\t\t\t<\/div>\n\t\t\t\t<div class=\"elementor-element elementor-element-a56a1c7 elementor-widget elementor-widget-text-editor\" data-id=\"a56a1c7\" data-element_type=\"widget\" data-widget_type=\"text-editor.default\">\n\t\t\t\t<div class=\"elementor-widget-container\">\n\t\t\t\t\t\t\t<p><strong><a href=\"http:\/\/www.camposdehellinqr.com\/images\/360\/17\/index.htm\">Acceder a Visita Virtual 360\u00ba<\/a><\/strong><\/p>\t\t\t\t\t\t<\/div>\n\t\t\t\t<\/div>\n\t\t\t\t\t<\/div>\n\t\t<\/div>\n\t\t\t\t\t\t\t<\/div>\n\t\t<\/section>\n\t\t\t\t\t\t\t<\/div>\n\t\t","protected":false},"excerpt":{"rendered":"<p>Cerros Fortaleza, Mainetico y Mainet\u00f3n En la descripci\u00f3n de las antig\u00fcedades de esta comarca a finales del siglo XVIII, sobre el Poblado ib\u00e9rico Fortaleza, el can\u00f3nigo Lozano escribi\u00f3: \u201cSu situaci\u00f3n es un monte a donde se sube por un camino bien espacioso, calzada de grandes piedras bellamente colocadas; pero sin cal, ni argamasas\u2026El centro muestra &hellip;<\/p>\n<p class=\"read-more\"> <a class=\"\" href=\"https:\/\/camposdehellinqr.com\/index.php\/169-cerro-fortaleza\/\"> <span class=\"screen-reader-text\">Cerros Fortaleza, Mainetico y Mainet\u00f3n<\/span> Leer m\u00e1s &raquo;<\/a><\/p>\n","protected":false},"author":1,"featured_media":0,"parent":0,"menu_order":0,"comment_status":"closed","ping_status":"closed","template":"","meta":{"site-sidebar-layout":"no-sidebar","site-content-layout":"page-builder","ast-site-content-layout":"full-width-container","site-content-style":"default","site-sidebar-style":"default","ast-global-header-display":"","ast-banner-title-visibility":"","ast-main-header-display":"","ast-hfb-above-header-display":"","ast-hfb-below-header-display":"","ast-hfb-mobile-header-display":"","site-post-title":"disabled","ast-breadcrumbs-content":"","ast-featured-img":"disabled","footer-sml-layout":"","theme-transparent-header-meta":"","adv-header-id-meta":"","stick-header-meta":"","header-above-stick-meta":"","header-main-stick-meta":"","header-below-stick-meta":"","astra-migrate-meta-layouts":"set","footnotes":""},"class_list":["post-5750","page","type-page","status-publish","hentry"],"yoast_head":"<!-- This site is optimized with the Yoast SEO Premium plugin v20.0 (Yoast SEO v21.3) - https:\/\/yoast.com\/wordpress\/plugins\/seo\/ -->\n<title>Cerros Fortaleza, Mainetico y Mainet\u00f3n - Campos de Hell\u00edn QR<\/title>\n<meta name=\"robots\" content=\"index, follow, max-snippet:-1, max-image-preview:large, max-video-preview:-1\" \/>\n<link rel=\"canonical\" href=\"https:\/\/camposdehellinqr.com\/index.php\/169-cerro-fortaleza\/\" \/>\n<meta property=\"og:locale\" content=\"es_ES\" \/>\n<meta property=\"og:type\" content=\"article\" \/>\n<meta property=\"og:title\" content=\"Cerros Fortaleza, Mainetico y Mainet\u00f3n\" \/>\n<meta property=\"og:description\" content=\"Cerros Fortaleza, Mainetico y Mainet\u00f3n En la descripci\u00f3n de las antig\u00fcedades de esta comarca a finales del siglo XVIII, sobre el Poblado ib\u00e9rico Fortaleza, el can\u00f3nigo Lozano escribi\u00f3: \u201cSu situaci\u00f3n es un monte a donde se sube por un camino bien espacioso, calzada de grandes piedras bellamente colocadas; pero sin cal, ni argamasas\u2026El centro muestra &hellip; Cerros Fortaleza, Mainetico y Mainet\u00f3n Leer m\u00e1s &raquo;\" \/>\n<meta property=\"og:url\" content=\"https:\/\/camposdehellinqr.com\/index.php\/169-cerro-fortaleza\/\" \/>\n<meta property=\"og:site_name\" content=\"Campos de Hell\u00edn QR\" \/>\n<meta property=\"article:modified_time\" content=\"2023-09-19T17:08:16+00:00\" \/>\n<meta property=\"og:image\" content=\"https:\/\/camposdehellinqr.com\/wp-content\/uploads\/2023\/09\/fortaleza.jpg\" \/>\n<meta name=\"twitter:card\" content=\"summary_large_image\" \/>\n<meta name=\"twitter:label1\" content=\"Tiempo de lectura\" \/>\n\t<meta name=\"twitter:data1\" content=\"1 minuto\" \/>\n<script type=\"application\/ld+json\" class=\"yoast-schema-graph\">{\"@context\":\"https:\/\/schema.org\",\"@graph\":[{\"@type\":\"WebPage\",\"@id\":\"https:\/\/camposdehellinqr.com\/index.php\/169-cerro-fortaleza\/\",\"url\":\"https:\/\/camposdehellinqr.com\/index.php\/169-cerro-fortaleza\/\",\"name\":\"Cerros Fortaleza, Mainetico y Mainet\u00f3n - Campos de Hell\u00edn QR\",\"isPartOf\":{\"@id\":\"https:\/\/camposdehellinqr.com\/#website\"},\"datePublished\":\"2023-09-18T11:26:42+00:00\",\"dateModified\":\"2023-09-19T17:08:16+00:00\",\"breadcrumb\":{\"@id\":\"https:\/\/camposdehellinqr.com\/index.php\/169-cerro-fortaleza\/#breadcrumb\"},\"inLanguage\":\"es\",\"potentialAction\":[{\"@type\":\"ReadAction\",\"target\":[\"https:\/\/camposdehellinqr.com\/index.php\/169-cerro-fortaleza\/\"]}]},{\"@type\":\"BreadcrumbList\",\"@id\":\"https:\/\/camposdehellinqr.com\/index.php\/169-cerro-fortaleza\/#breadcrumb\",\"itemListElement\":[{\"@type\":\"ListItem\",\"position\":1,\"name\":\"Home\",\"item\":\"https:\/\/camposdehellinqr.com\/\"},{\"@type\":\"ListItem\",\"position\":2,\"name\":\"Cerros Fortaleza, Mainetico y Mainet\u00f3n\"}]},{\"@type\":\"WebSite\",\"@id\":\"https:\/\/camposdehellinqr.com\/#website\",\"url\":\"https:\/\/camposdehellinqr.com\/\",\"name\":\"Campos de Hell\u00edn QR\",\"description\":\"La comarca Campos de Hell\u00edn en 360\u00ba\",\"publisher\":{\"@id\":\"https:\/\/camposdehellinqr.com\/#organization\"},\"potentialAction\":[{\"@type\":\"SearchAction\",\"target\":{\"@type\":\"EntryPoint\",\"urlTemplate\":\"https:\/\/camposdehellinqr.com\/?s={search_term_string}\"},\"query-input\":\"required name=search_term_string\"}],\"inLanguage\":\"es\"},{\"@type\":\"Organization\",\"@id\":\"https:\/\/camposdehellinqr.com\/#organization\",\"name\":\"Campos de Hell\u00edn QR\",\"url\":\"https:\/\/camposdehellinqr.com\/\",\"logo\":{\"@type\":\"ImageObject\",\"inLanguage\":\"es\",\"@id\":\"https:\/\/camposdehellinqr.com\/#\/schema\/logo\/image\/\",\"url\":\"https:\/\/camposdehellinqr.com\/wp-content\/uploads\/2020\/02\/logoqr.png\",\"contentUrl\":\"https:\/\/camposdehellinqr.com\/wp-content\/uploads\/2020\/02\/logoqr.png\",\"width\":300,\"height\":50,\"caption\":\"Campos de Hell\u00edn QR\"},\"image\":{\"@id\":\"https:\/\/camposdehellinqr.com\/#\/schema\/logo\/image\/\"}}]}<\/script>\n<!-- \/ Yoast SEO Premium plugin. -->","yoast_head_json":{"title":"Cerros Fortaleza, Mainetico y Mainet\u00f3n - Campos de Hell\u00edn QR","robots":{"index":"index","follow":"follow","max-snippet":"max-snippet:-1","max-image-preview":"max-image-preview:large","max-video-preview":"max-video-preview:-1"},"canonical":"https:\/\/camposdehellinqr.com\/index.php\/169-cerro-fortaleza\/","og_locale":"es_ES","og_type":"article","og_title":"Cerros Fortaleza, Mainetico y Mainet\u00f3n","og_description":"Cerros Fortaleza, Mainetico y Mainet\u00f3n En la descripci\u00f3n de las antig\u00fcedades de esta comarca a finales del siglo XVIII, sobre el Poblado ib\u00e9rico Fortaleza, el can\u00f3nigo Lozano escribi\u00f3: \u201cSu situaci\u00f3n es un monte a donde se sube por un camino bien espacioso, calzada de grandes piedras bellamente colocadas; pero sin cal, ni argamasas\u2026El centro muestra &hellip; Cerros Fortaleza, Mainetico y Mainet\u00f3n Leer m\u00e1s &raquo;","og_url":"https:\/\/camposdehellinqr.com\/index.php\/169-cerro-fortaleza\/","og_site_name":"Campos de Hell\u00edn QR","article_modified_time":"2023-09-19T17:08:16+00:00","og_image":[{"url":"https:\/\/camposdehellinqr.com\/wp-content\/uploads\/2023\/09\/fortaleza.jpg"}],"twitter_card":"summary_large_image","twitter_misc":{"Tiempo de lectura":"1 minuto"},"schema":{"@context":"https:\/\/schema.org","@graph":[{"@type":"WebPage","@id":"https:\/\/camposdehellinqr.com\/index.php\/169-cerro-fortaleza\/","url":"https:\/\/camposdehellinqr.com\/index.php\/169-cerro-fortaleza\/","name":"Cerros Fortaleza, Mainetico y Mainet\u00f3n - Campos de Hell\u00edn QR","isPartOf":{"@id":"https:\/\/camposdehellinqr.com\/#website"},"datePublished":"2023-09-18T11:26:42+00:00","dateModified":"2023-09-19T17:08:16+00:00","breadcrumb":{"@id":"https:\/\/camposdehellinqr.com\/index.php\/169-cerro-fortaleza\/#breadcrumb"},"inLanguage":"es","potentialAction":[{"@type":"ReadAction","target":["https:\/\/camposdehellinqr.com\/index.php\/169-cerro-fortaleza\/"]}]},{"@type":"BreadcrumbList","@id":"https:\/\/camposdehellinqr.com\/index.php\/169-cerro-fortaleza\/#breadcrumb","itemListElement":[{"@type":"ListItem","position":1,"name":"Home","item":"https:\/\/camposdehellinqr.com\/"},{"@type":"ListItem","position":2,"name":"Cerros Fortaleza, Mainetico y Mainet\u00f3n"}]},{"@type":"WebSite","@id":"https:\/\/camposdehellinqr.com\/#website","url":"https:\/\/camposdehellinqr.com\/","name":"Campos de Hell\u00edn QR","description":"La comarca Campos de Hell\u00edn en 360\u00ba","publisher":{"@id":"https:\/\/camposdehellinqr.com\/#organization"},"potentialAction":[{"@type":"SearchAction","target":{"@type":"EntryPoint","urlTemplate":"https:\/\/camposdehellinqr.com\/?s={search_term_string}"},"query-input":"required name=search_term_string"}],"inLanguage":"es"},{"@type":"Organization","@id":"https:\/\/camposdehellinqr.com\/#organization","name":"Campos de Hell\u00edn QR","url":"https:\/\/camposdehellinqr.com\/","logo":{"@type":"ImageObject","inLanguage":"es","@id":"https:\/\/camposdehellinqr.com\/#\/schema\/logo\/image\/","url":"https:\/\/camposdehellinqr.com\/wp-content\/uploads\/2020\/02\/logoqr.png","contentUrl":"https:\/\/camposdehellinqr.com\/wp-content\/uploads\/2020\/02\/logoqr.png","width":300,"height":50,"caption":"Campos de Hell\u00edn QR"},"image":{"@id":"https:\/\/camposdehellinqr.com\/#\/schema\/logo\/image\/"}}]}},"_links":{"self":[{"href":"https:\/\/camposdehellinqr.com\/index.php\/wp-json\/wp\/v2\/pages\/5750","targetHints":{"allow":["GET"]}}],"collection":[{"href":"https:\/\/camposdehellinqr.com\/index.php\/wp-json\/wp\/v2\/pages"}],"about":[{"href":"https:\/\/camposdehellinqr.com\/index.php\/wp-json\/wp\/v2\/types\/page"}],"author":[{"embeddable":true,"href":"https:\/\/camposdehellinqr.com\/index.php\/wp-json\/wp\/v2\/users\/1"}],"replies":[{"embeddable":true,"href":"https:\/\/camposdehellinqr.com\/index.php\/wp-json\/wp\/v2\/comments?post=5750"}],"version-history":[{"count":5,"href":"https:\/\/camposdehellinqr.com\/index.php\/wp-json\/wp\/v2\/pages\/5750\/revisions"}],"predecessor-version":[{"id":6404,"href":"https:\/\/camposdehellinqr.com\/index.php\/wp-json\/wp\/v2\/pages\/5750\/revisions\/6404"}],"wp:attachment":[{"href":"https:\/\/camposdehellinqr.com\/index.php\/wp-json\/wp\/v2\/media?parent=5750"}],"curies":[{"name":"wp","href":"https:\/\/api.w.org\/{rel}","templated":true}]}}