{"id":5756,"date":"2023-09-18T11:53:44","date_gmt":"2023-09-18T11:53:44","guid":{"rendered":"https:\/\/camposdehellinqr.com\/?page_id=5756"},"modified":"2023-09-19T17:09:02","modified_gmt":"2023-09-19T17:09:02","slug":"126-fuentealam","status":"publish","type":"page","link":"https:\/\/camposdehellinqr.com\/index.php\/126-fuentealam\/","title":{"rendered":"Fuente-\u00c1lamo"},"content":{"rendered":"\t\t<div data-elementor-type=\"wp-page\" data-elementor-id=\"5756\" class=\"elementor elementor-5756\" data-elementor-post-type=\"page\">\n\t\t\t\t\t\t\t\t\t<section class=\"elementor-section elementor-top-section elementor-element elementor-element-89ef3ac elementor-section-boxed elementor-section-height-default elementor-section-height-default\" data-id=\"89ef3ac\" data-element_type=\"section\">\n\t\t\t\t\t\t\t<div class=\"elementor-background-overlay\"><\/div>\n\t\t\t\t\t\t\t<div class=\"elementor-container elementor-column-gap-default\">\n\t\t\t\t\t<div class=\"elementor-column elementor-col-100 elementor-top-column elementor-element elementor-element-e076a23\" data-id=\"e076a23\" data-element_type=\"column\">\n\t\t\t<div class=\"elementor-widget-wrap elementor-element-populated\">\n\t\t\t\t\t\t\t\t<div class=\"elementor-element elementor-element-c7e6a46 elementor-widget elementor-widget-heading\" data-id=\"c7e6a46\" data-element_type=\"widget\" data-widget_type=\"heading.default\">\n\t\t\t\t<div class=\"elementor-widget-container\">\n\t\t\t<h3 class=\"elementor-heading-title elementor-size-default\">Fuente-\u00c1lamo<\/h3>\t\t<\/div>\n\t\t\t\t<\/div>\n\t\t\t\t<div class=\"elementor-element elementor-element-bd15688 elementor-widget elementor-widget-google_maps\" data-id=\"bd15688\" data-element_type=\"widget\" data-widget_type=\"google_maps.default\">\n\t\t\t\t<div class=\"elementor-widget-container\">\n\t\t\t\t\t<div class=\"elementor-custom-embed\">\n\t\t\t<iframe loading=\"lazy\"\n\t\t\t\t\tsrc=\"https:\/\/maps.google.com\/maps?q=fuente-alamo%2C%20albacete&#038;t=m&#038;z=16&#038;output=embed&#038;iwloc=near\"\n\t\t\t\t\ttitle=\"fuente-alamo, albacete\"\n\t\t\t\t\taria-label=\"fuente-alamo, albacete\"\n\t\t\t><\/iframe>\n\t\t<\/div>\n\t\t\t\t<\/div>\n\t\t\t\t<\/div>\n\t\t\t\t<div class=\"elementor-element elementor-element-3889d7b elementor-widget elementor-widget-text-editor\" data-id=\"3889d7b\" data-element_type=\"widget\" data-widget_type=\"text-editor.default\">\n\t\t\t\t<div class=\"elementor-widget-container\">\n\t\t\t\t\t\t\t<p>El municipio de Fuente-\u00c1lamo tiene una superficie de 131,9 km2 y un \u00fanico n\u00facleo urbano de 2.673 habitantes (INE 2010) con un aumento de m\u00e1s del 7 % en la \u00faltima d\u00e9cada.<\/p><p>El origen de la localidad fue la repoblaci\u00f3n del antiguo mayorazgo durante el siglo XVIII. Los primeros colonos se asentaron entorno a la plaza donde estaba la fuente que dar\u00eda nombre al pueblo y de ella s\u00f3lo se conserva la galer\u00eda subterr\u00e1nea (\u201cminao\u201d) excavada en direcci\u00f3n al Cerr\u00f3n. En el Diccionario Geogr\u00e1fico de Madoz (1847) se describe as\u00ed: \u201cfuente con 2 ca\u00f1os, tan abundante que adem\u00e1s de proveer al vecindario para beber y dem\u00e1s usos dom\u00e9sticos, surte un pil\u00f3n para abrevadero de los ganados y lavadero que sirve de dep\u00f3sito para regar la huerta llamada del Mayorazgo\u201d. Este latifundio pertenec\u00eda entonces a Miguel L\u00f3pez del Castillo Tejada. La huerta mencionada es hoy la calle del mismo nombre, donde estaba el \u00e1lamo.\u201d En la plaza tambi\u00e9n est\u00e1 el edificio del Ayuntamiento reconstruido recientemente sobre el que debi\u00f3 existir desde la segregaci\u00f3n de Fuente-\u00e1lamo del municipio de Chinchilla en 1833.<\/p>\t\t\t\t\t\t<\/div>\n\t\t\t\t<\/div>\n\t\t\t\t<div class=\"elementor-element elementor-element-1ba3ed5 elementor-widget elementor-widget-image\" data-id=\"1ba3ed5\" data-element_type=\"widget\" data-widget_type=\"image.default\">\n\t\t\t\t<div class=\"elementor-widget-container\">\n\t\t\t\t\t\t\t\t\t\t\t\t\t\t\t\t<a href=\"\/images\/360\/14\/index.htm\">\n\t\t\t\t\t\t\t<img loading=\"lazy\" decoding=\"async\" width=\"800\" height=\"511\" src=\"https:\/\/camposdehellinqr.com\/wp-content\/uploads\/2023\/09\/Fuentealamo2.jpg\" class=\"attachment-large size-large wp-image-5701\" alt=\"\" srcset=\"https:\/\/camposdehellinqr.com\/wp-content\/uploads\/2023\/09\/Fuentealamo2.jpg 800w, https:\/\/camposdehellinqr.com\/wp-content\/uploads\/2023\/09\/Fuentealamo2-300x192.jpg 300w, https:\/\/camposdehellinqr.com\/wp-content\/uploads\/2023\/09\/Fuentealamo2-768x491.jpg 768w\" sizes=\"auto, (max-width: 800px) 100vw, 800px\" \/>\t\t\t\t\t\t\t\t<\/a>\n\t\t\t\t\t\t\t\t\t\t\t\t\t\t\t<\/div>\n\t\t\t\t<\/div>\n\t\t\t\t<div class=\"elementor-element elementor-element-a56a1c7 elementor-widget elementor-widget-text-editor\" data-id=\"a56a1c7\" data-element_type=\"widget\" data-widget_type=\"text-editor.default\">\n\t\t\t\t<div class=\"elementor-widget-container\">\n\t\t\t\t\t\t\t<p><strong><a href=\"http:\/\/www.camposdehellinqr.com\/images\/360\/14\/index.htm\">Acceder a Visita Virtual 360\u00ba<\/a><\/strong><\/p>\t\t\t\t\t\t<\/div>\n\t\t\t\t<\/div>\n\t\t\t\t<div class=\"elementor-element elementor-element-dc941c8 elementor-widget elementor-widget-text-editor\" data-id=\"dc941c8\" data-element_type=\"widget\" data-widget_type=\"text-editor.default\">\n\t\t\t\t<div class=\"elementor-widget-container\">\n\t\t\t\t\t\t\t<p>\u00a0La <strong>Iglesia de San Dionisio<\/strong> fue proyectada en 1798 por Lorenzo Alonso Franco, es el mismo arquitecto que proyect\u00f3 la mayor\u00eda de las iglesias de aquel arciprestazgo de Chinchilla, caracterizadas por la sobriedad neocl\u00e1sica de las fachadas, que contrasta con el elaborado ornato del espacio interior, que tiene la singularidad de su cabecera de planta circular, que es m\u00e1s ancha que la nave, y cubierta por una c\u00fapula. Las pinturas sobre la Asunci\u00f3n fueron realizadas por Manuel Mu\u00f1oz Barber\u00e1n en 1949.<\/p>\t\t\t\t\t\t<\/div>\n\t\t\t\t<\/div>\n\t\t\t\t<div class=\"elementor-element elementor-element-cbace1b elementor-widget elementor-widget-image\" data-id=\"cbace1b\" data-element_type=\"widget\" data-widget_type=\"image.default\">\n\t\t\t\t<div class=\"elementor-widget-container\">\n\t\t\t\t\t\t\t\t\t\t\t\t\t\t\t<img loading=\"lazy\" decoding=\"async\" width=\"800\" height=\"1000\" src=\"https:\/\/camposdehellinqr.com\/wp-content\/uploads\/2023\/09\/Fuentealamo.jpg\" class=\"attachment-large size-large wp-image-5700\" alt=\"\" srcset=\"https:\/\/camposdehellinqr.com\/wp-content\/uploads\/2023\/09\/Fuentealamo.jpg 800w, https:\/\/camposdehellinqr.com\/wp-content\/uploads\/2023\/09\/Fuentealamo-240x300.jpg 240w, https:\/\/camposdehellinqr.com\/wp-content\/uploads\/2023\/09\/Fuentealamo-768x960.jpg 768w\" sizes=\"auto, (max-width: 800px) 100vw, 800px\" \/>\t\t\t\t\t\t\t\t\t\t\t\t\t\t\t<\/div>\n\t\t\t\t<\/div>\n\t\t\t\t<div class=\"elementor-element elementor-element-6cadc8b elementor-widget elementor-widget-text-editor\" data-id=\"6cadc8b\" data-element_type=\"widget\" data-widget_type=\"text-editor.default\">\n\t\t\t\t<div class=\"elementor-widget-container\">\n\t\t\t\t\t\t\t<p>Los vestigios de poblamiento antiguo m\u00e1s importantes est\u00e1n en el <strong>Poblado Ib\u00e9rico Fortaleza<\/strong>, que seg\u00fan el can\u00f3nigo Juan Lozano, a finales del siglo XVIII, \u201cSu situaci\u00f3n es un monte a donde se sube por un camino bien espacioso, calzada de grandes piedras bellamente colocadas; pero sin cal, ni argamasas\u2026El centro muestra una plaza rodeada de montones de piedras las mas cuadradas, y cuadrilongas. Se divisa la ruina de su puerta, y el quicio de ella&#8230;Las casas ofrecen la idea unas de ovalo, y otras de circulo; pero argamasas no se descubren. El lienzo de muralla cuyo trozo esta en pie, todo es piedra seca\u2026Al frente de dicha fortaleza, y a corta distancia, est\u00e1n dos montes, que retienen los nombres de Mainetes (es Main\u00e9tico), como la fortaleza de Mainet\u00f3n\u2026Me certifican los pr\u00e1cticos de la comarca no parece all\u00ed, ni rastro de ruinas. Considero sin embargo, que sus nombres en realidad venerables, excitan a pesar, que en lo antiguo existieron all\u00ed los alc\u00e1zares que serv\u00edan de ciudadela, y por esto mismo reten\u00edan los nombres\u201d.<\/p><p>Fuente-\u00c1lamo se caracteriza por la abundancia de fuentes junto a las que crecen \u00e1lamos, olmos y otras especies vegetales que son propias de climas m\u00e1s h\u00famedos. Los habitantes del municipio excavando galer\u00edas (\u201cminaos\u201d) lograron un caudal constante de agua que pudiera saciarles la sed propia, la del ganado y, a m\u00e1s, cultivar peque\u00f1as huertas. As\u00ed ha sido posible durante siglos la subsistencia de las abundantes casas de campo a lo largo de todo el municipio. Pero desde medidos del siglo XX fueron abandonadas en busca de las comodidades que ofrec\u00eda el n\u00facleo urbano.<\/p><p>El espacio natural del municipio m\u00e1s destacado es el paraje <strong>El Cotico<\/strong>, donde se celebra la <strong>Romer\u00eda de San Marcos<\/strong> (25 de abril). Otros de las zonas verdes importantes est\u00e1n en <strong>El Cerr\u00f3n<\/strong> y en <strong>El Cerrico Bellote<\/strong>. Este \u00faltimo destaca por su extensi\u00f3n y cercan\u00eda al n\u00facleo urbano. Est\u00e1 situado al norte de la poblaci\u00f3n, desde donde se accede por un paseo que cruza, sin peligro, por debajo de la circunvalaci\u00f3n. Y como tiene cerca la salida de la carretera de Hell\u00edn a Almansa hacia Corral-Rubio, propicia la parada de los viajes para descansar y contemplar una de las mejores estampas de la localidad. El espacio libre se sit\u00faa entre dos cerros que, como todos los del entorno, fueron reforestados con pino carrasco, o pino de Alepo (pinus halepensis), pero aqu\u00ed se acompa\u00f1aron de otras especies aut\u00f3ctonas. Este paraje se acondicion\u00f3 como merendero y el espacio de la vaguada se embelleci\u00f3 con una fuente ornamental y vegetaci\u00f3n m\u00e1s variada. El inter\u00e9s del parque es completado por la posibilidad de ascender c\u00f3modamente a los miradores de sus cumbres<\/p><p>Con el inicio del siglo XXI a estos montes se les ha dado un nuevo aprovechamiento. La energ\u00eda renovable que se ha fomentado en Fuente-\u00c1lamo ha sido la generada por el viento, como ya lo hac\u00edan los molinos harineros que hubo en la poblaci\u00f3n. El parque e\u00f3lico Los Pedreros tiene una potencia instalada de 50.000 kilovatios. El parque e\u00f3lico de Los almendros, al este de la poblaci\u00f3n, est\u00e1 al municipio de Jumilla.<\/p><p>Las celebraciones religiosas relevantes son las procesiones de<strong> Semana Santa<\/strong> y las <strong>Fiestas Patronales<\/strong> de San Dionisio Areopagita (9 de octubre).<\/p><p>La econom\u00eda local se basa en la producci\u00f3n de <strong>vinos, quesos y aceites<\/strong>., el municipio pertenece a las zonas Denominaci\u00f3n de Origen Vinos de Jumilla y Marca Colectiva Aceites Campos de Hell\u00edn.<\/p>\t\t\t\t\t\t<\/div>\n\t\t\t\t<\/div>\n\t\t\t\t\t<\/div>\n\t\t<\/div>\n\t\t\t\t\t\t\t<\/div>\n\t\t<\/section>\n\t\t\t\t\t\t\t<\/div>\n\t\t","protected":false},"excerpt":{"rendered":"<p>Fuente-\u00c1lamo El municipio de Fuente-\u00c1lamo tiene una superficie de 131,9 km2 y un \u00fanico n\u00facleo urbano de 2.673 habitantes (INE 2010) con un aumento de m\u00e1s del 7 % en la \u00faltima d\u00e9cada. El origen de la localidad fue la repoblaci\u00f3n del antiguo mayorazgo durante el siglo XVIII. Los primeros colonos se asentaron entorno a &hellip;<\/p>\n<p class=\"read-more\"> <a class=\"\" href=\"https:\/\/camposdehellinqr.com\/index.php\/126-fuentealam\/\"> <span class=\"screen-reader-text\">Fuente-\u00c1lamo<\/span> Leer m\u00e1s &raquo;<\/a><\/p>\n","protected":false},"author":1,"featured_media":0,"parent":0,"menu_order":0,"comment_status":"closed","ping_status":"closed","template":"","meta":{"site-sidebar-layout":"no-sidebar","site-content-layout":"page-builder","ast-site-content-layout":"full-width-container","site-content-style":"default","site-sidebar-style":"default","ast-global-header-display":"","ast-banner-title-visibility":"","ast-main-header-display":"","ast-hfb-above-header-display":"","ast-hfb-below-header-display":"","ast-hfb-mobile-header-display":"","site-post-title":"disabled","ast-breadcrumbs-content":"","ast-featured-img":"disabled","footer-sml-layout":"","theme-transparent-header-meta":"","adv-header-id-meta":"","stick-header-meta":"","header-above-stick-meta":"","header-main-stick-meta":"","header-below-stick-meta":"","astra-migrate-meta-layouts":"set","footnotes":""},"class_list":["post-5756","page","type-page","status-publish","hentry"],"yoast_head":"<!-- This site is optimized with the Yoast SEO Premium plugin v20.0 (Yoast SEO v21.3) - https:\/\/yoast.com\/wordpress\/plugins\/seo\/ -->\n<title>Fuente-\u00c1lamo - Campos de Hell\u00edn QR<\/title>\n<meta name=\"robots\" content=\"index, follow, max-snippet:-1, max-image-preview:large, max-video-preview:-1\" \/>\n<link rel=\"canonical\" href=\"https:\/\/camposdehellinqr.com\/index.php\/126-fuentealam\/\" \/>\n<meta property=\"og:locale\" content=\"es_ES\" \/>\n<meta property=\"og:type\" content=\"article\" \/>\n<meta property=\"og:title\" content=\"Fuente-\u00c1lamo\" \/>\n<meta property=\"og:description\" content=\"Fuente-\u00c1lamo El municipio de Fuente-\u00c1lamo tiene una superficie de 131,9 km2 y un \u00fanico n\u00facleo urbano de 2.673 habitantes (INE 2010) con un aumento de m\u00e1s del 7 % en la \u00faltima d\u00e9cada. El origen de la localidad fue la repoblaci\u00f3n del antiguo mayorazgo durante el siglo XVIII. Los primeros colonos se asentaron entorno a &hellip; Fuente-\u00c1lamo Leer m\u00e1s &raquo;\" \/>\n<meta property=\"og:url\" content=\"https:\/\/camposdehellinqr.com\/index.php\/126-fuentealam\/\" \/>\n<meta property=\"og:site_name\" content=\"Campos de Hell\u00edn QR\" \/>\n<meta property=\"article:modified_time\" content=\"2023-09-19T17:09:02+00:00\" \/>\n<meta property=\"og:image\" content=\"https:\/\/camposdehellinqr.com\/wp-content\/uploads\/2023\/09\/Fuentealamo2.jpg\" \/>\n<meta name=\"twitter:card\" content=\"summary_large_image\" \/>\n<meta name=\"twitter:label1\" content=\"Tiempo de lectura\" \/>\n\t<meta name=\"twitter:data1\" content=\"5 minutos\" \/>\n<script type=\"application\/ld+json\" class=\"yoast-schema-graph\">{\"@context\":\"https:\/\/schema.org\",\"@graph\":[{\"@type\":\"WebPage\",\"@id\":\"https:\/\/camposdehellinqr.com\/index.php\/126-fuentealam\/\",\"url\":\"https:\/\/camposdehellinqr.com\/index.php\/126-fuentealam\/\",\"name\":\"Fuente-\u00c1lamo - Campos de Hell\u00edn QR\",\"isPartOf\":{\"@id\":\"https:\/\/camposdehellinqr.com\/#website\"},\"datePublished\":\"2023-09-18T11:53:44+00:00\",\"dateModified\":\"2023-09-19T17:09:02+00:00\",\"breadcrumb\":{\"@id\":\"https:\/\/camposdehellinqr.com\/index.php\/126-fuentealam\/#breadcrumb\"},\"inLanguage\":\"es\",\"potentialAction\":[{\"@type\":\"ReadAction\",\"target\":[\"https:\/\/camposdehellinqr.com\/index.php\/126-fuentealam\/\"]}]},{\"@type\":\"BreadcrumbList\",\"@id\":\"https:\/\/camposdehellinqr.com\/index.php\/126-fuentealam\/#breadcrumb\",\"itemListElement\":[{\"@type\":\"ListItem\",\"position\":1,\"name\":\"Home\",\"item\":\"https:\/\/camposdehellinqr.com\/\"},{\"@type\":\"ListItem\",\"position\":2,\"name\":\"Fuente-\u00c1lamo\"}]},{\"@type\":\"WebSite\",\"@id\":\"https:\/\/camposdehellinqr.com\/#website\",\"url\":\"https:\/\/camposdehellinqr.com\/\",\"name\":\"Campos de Hell\u00edn QR\",\"description\":\"La comarca Campos de Hell\u00edn en 360\u00ba\",\"publisher\":{\"@id\":\"https:\/\/camposdehellinqr.com\/#organization\"},\"potentialAction\":[{\"@type\":\"SearchAction\",\"target\":{\"@type\":\"EntryPoint\",\"urlTemplate\":\"https:\/\/camposdehellinqr.com\/?s={search_term_string}\"},\"query-input\":\"required name=search_term_string\"}],\"inLanguage\":\"es\"},{\"@type\":\"Organization\",\"@id\":\"https:\/\/camposdehellinqr.com\/#organization\",\"name\":\"Campos de Hell\u00edn QR\",\"url\":\"https:\/\/camposdehellinqr.com\/\",\"logo\":{\"@type\":\"ImageObject\",\"inLanguage\":\"es\",\"@id\":\"https:\/\/camposdehellinqr.com\/#\/schema\/logo\/image\/\",\"url\":\"https:\/\/camposdehellinqr.com\/wp-content\/uploads\/2020\/02\/logoqr.png\",\"contentUrl\":\"https:\/\/camposdehellinqr.com\/wp-content\/uploads\/2020\/02\/logoqr.png\",\"width\":300,\"height\":50,\"caption\":\"Campos de Hell\u00edn QR\"},\"image\":{\"@id\":\"https:\/\/camposdehellinqr.com\/#\/schema\/logo\/image\/\"}}]}<\/script>\n<!-- \/ Yoast SEO Premium plugin. -->","yoast_head_json":{"title":"Fuente-\u00c1lamo - Campos de Hell\u00edn QR","robots":{"index":"index","follow":"follow","max-snippet":"max-snippet:-1","max-image-preview":"max-image-preview:large","max-video-preview":"max-video-preview:-1"},"canonical":"https:\/\/camposdehellinqr.com\/index.php\/126-fuentealam\/","og_locale":"es_ES","og_type":"article","og_title":"Fuente-\u00c1lamo","og_description":"Fuente-\u00c1lamo El municipio de Fuente-\u00c1lamo tiene una superficie de 131,9 km2 y un \u00fanico n\u00facleo urbano de 2.673 habitantes (INE 2010) con un aumento de m\u00e1s del 7 % en la \u00faltima d\u00e9cada. El origen de la localidad fue la repoblaci\u00f3n del antiguo mayorazgo durante el siglo XVIII. Los primeros colonos se asentaron entorno a &hellip; Fuente-\u00c1lamo Leer m\u00e1s &raquo;","og_url":"https:\/\/camposdehellinqr.com\/index.php\/126-fuentealam\/","og_site_name":"Campos de Hell\u00edn QR","article_modified_time":"2023-09-19T17:09:02+00:00","og_image":[{"url":"https:\/\/camposdehellinqr.com\/wp-content\/uploads\/2023\/09\/Fuentealamo2.jpg"}],"twitter_card":"summary_large_image","twitter_misc":{"Tiempo de lectura":"5 minutos"},"schema":{"@context":"https:\/\/schema.org","@graph":[{"@type":"WebPage","@id":"https:\/\/camposdehellinqr.com\/index.php\/126-fuentealam\/","url":"https:\/\/camposdehellinqr.com\/index.php\/126-fuentealam\/","name":"Fuente-\u00c1lamo - Campos de Hell\u00edn QR","isPartOf":{"@id":"https:\/\/camposdehellinqr.com\/#website"},"datePublished":"2023-09-18T11:53:44+00:00","dateModified":"2023-09-19T17:09:02+00:00","breadcrumb":{"@id":"https:\/\/camposdehellinqr.com\/index.php\/126-fuentealam\/#breadcrumb"},"inLanguage":"es","potentialAction":[{"@type":"ReadAction","target":["https:\/\/camposdehellinqr.com\/index.php\/126-fuentealam\/"]}]},{"@type":"BreadcrumbList","@id":"https:\/\/camposdehellinqr.com\/index.php\/126-fuentealam\/#breadcrumb","itemListElement":[{"@type":"ListItem","position":1,"name":"Home","item":"https:\/\/camposdehellinqr.com\/"},{"@type":"ListItem","position":2,"name":"Fuente-\u00c1lamo"}]},{"@type":"WebSite","@id":"https:\/\/camposdehellinqr.com\/#website","url":"https:\/\/camposdehellinqr.com\/","name":"Campos de Hell\u00edn QR","description":"La comarca Campos de Hell\u00edn en 360\u00ba","publisher":{"@id":"https:\/\/camposdehellinqr.com\/#organization"},"potentialAction":[{"@type":"SearchAction","target":{"@type":"EntryPoint","urlTemplate":"https:\/\/camposdehellinqr.com\/?s={search_term_string}"},"query-input":"required name=search_term_string"}],"inLanguage":"es"},{"@type":"Organization","@id":"https:\/\/camposdehellinqr.com\/#organization","name":"Campos de Hell\u00edn QR","url":"https:\/\/camposdehellinqr.com\/","logo":{"@type":"ImageObject","inLanguage":"es","@id":"https:\/\/camposdehellinqr.com\/#\/schema\/logo\/image\/","url":"https:\/\/camposdehellinqr.com\/wp-content\/uploads\/2020\/02\/logoqr.png","contentUrl":"https:\/\/camposdehellinqr.com\/wp-content\/uploads\/2020\/02\/logoqr.png","width":300,"height":50,"caption":"Campos de Hell\u00edn QR"},"image":{"@id":"https:\/\/camposdehellinqr.com\/#\/schema\/logo\/image\/"}}]}},"_links":{"self":[{"href":"https:\/\/camposdehellinqr.com\/index.php\/wp-json\/wp\/v2\/pages\/5756","targetHints":{"allow":["GET"]}}],"collection":[{"href":"https:\/\/camposdehellinqr.com\/index.php\/wp-json\/wp\/v2\/pages"}],"about":[{"href":"https:\/\/camposdehellinqr.com\/index.php\/wp-json\/wp\/v2\/types\/page"}],"author":[{"embeddable":true,"href":"https:\/\/camposdehellinqr.com\/index.php\/wp-json\/wp\/v2\/users\/1"}],"replies":[{"embeddable":true,"href":"https:\/\/camposdehellinqr.com\/index.php\/wp-json\/wp\/v2\/comments?post=5756"}],"version-history":[{"count":8,"href":"https:\/\/camposdehellinqr.com\/index.php\/wp-json\/wp\/v2\/pages\/5756\/revisions"}],"predecessor-version":[{"id":6409,"href":"https:\/\/camposdehellinqr.com\/index.php\/wp-json\/wp\/v2\/pages\/5756\/revisions\/6409"}],"wp:attachment":[{"href":"https:\/\/camposdehellinqr.com\/index.php\/wp-json\/wp\/v2\/media?parent=5756"}],"curies":[{"name":"wp","href":"https:\/\/api.w.org\/{rel}","templated":true}]}}