{"id":5942,"date":"2023-09-19T08:28:38","date_gmt":"2023-09-19T08:28:38","guid":{"rendered":"https:\/\/camposdehellinqr.com\/?page_id=5942"},"modified":"2023-09-19T17:28:09","modified_gmt":"2023-09-19T17:28:09","slug":"castillo-almohade-de-hellin-s-xii","status":"publish","type":"page","link":"https:\/\/camposdehellinqr.com\/index.php\/castillo-almohade-de-hellin-s-xii\/","title":{"rendered":"Castillo Almohade de Hell\u00edn"},"content":{"rendered":"\t\t<div data-elementor-type=\"wp-page\" data-elementor-id=\"5942\" class=\"elementor elementor-5942\" data-elementor-post-type=\"page\">\n\t\t\t\t\t\t\t\t\t<section class=\"elementor-section elementor-top-section elementor-element elementor-element-89ef3ac elementor-section-boxed elementor-section-height-default elementor-section-height-default\" data-id=\"89ef3ac\" data-element_type=\"section\">\n\t\t\t\t\t\t\t<div class=\"elementor-background-overlay\"><\/div>\n\t\t\t\t\t\t\t<div class=\"elementor-container elementor-column-gap-default\">\n\t\t\t\t\t<div class=\"elementor-column elementor-col-100 elementor-top-column elementor-element elementor-element-e076a23\" data-id=\"e076a23\" data-element_type=\"column\">\n\t\t\t<div class=\"elementor-widget-wrap elementor-element-populated\">\n\t\t\t\t\t\t\t\t<div class=\"elementor-element elementor-element-c7e6a46 elementor-widget elementor-widget-heading\" data-id=\"c7e6a46\" data-element_type=\"widget\" data-widget_type=\"heading.default\">\n\t\t\t\t<div class=\"elementor-widget-container\">\n\t\t\t<h3 class=\"elementor-heading-title elementor-size-default\">Castillo Almohade de Hell\u00edn (S.XII)<\/h3>\t\t<\/div>\n\t\t\t\t<\/div>\n\t\t\t\t<div class=\"elementor-element elementor-element-bd15688 elementor-widget elementor-widget-google_maps\" data-id=\"bd15688\" data-element_type=\"widget\" data-widget_type=\"google_maps.default\">\n\t\t\t\t<div class=\"elementor-widget-container\">\n\t\t\t\t\t<div class=\"elementor-custom-embed\">\n\t\t\t<iframe loading=\"lazy\"\n\t\t\t\t\tsrc=\"https:\/\/maps.google.com\/maps?q=Castillo%20Almohade%20de%20Hell%C3%ADn&#038;t=m&#038;z=15&#038;output=embed&#038;iwloc=near\"\n\t\t\t\t\ttitle=\"Castillo Almohade de Hell\u00edn\"\n\t\t\t\t\taria-label=\"Castillo Almohade de Hell\u00edn\"\n\t\t\t><\/iframe>\n\t\t<\/div>\n\t\t\t\t<\/div>\n\t\t\t\t<\/div>\n\t\t\t\t<div class=\"elementor-element elementor-element-3889d7b elementor-widget elementor-widget-text-editor\" data-id=\"3889d7b\" data-element_type=\"widget\" data-widget_type=\"text-editor.default\">\n\t\t\t\t<div class=\"elementor-widget-container\">\n\t\t\t\t\t\t\t<p>El poder isl\u00e1mico <strong>almohade<\/strong> comenz\u00f3 con la victoria en la Batalla de Temec\u00e9n (Argelia) en 1145. En pocos a\u00f1os conquistaron los segundos reinos taifas de Al-Andalus. Valencia y Murcia resistieron hasta <strong>1172<\/strong>. En 1195 vencen a los castellanos en la Batalla de Alarcos (Ciudad Real). Los reinos cristianos derrotaron a los almohades en la Batalla de las Navas de Tolosa (Ja\u00e9n) en <strong>1212<\/strong>, originando las terceras taifas.<\/p>\t\t\t\t\t\t<\/div>\n\t\t\t\t<\/div>\n\t\t\t\t<div class=\"elementor-element elementor-element-1ba3ed5 elementor-widget elementor-widget-image\" data-id=\"1ba3ed5\" data-element_type=\"widget\" data-widget_type=\"image.default\">\n\t\t\t\t<div class=\"elementor-widget-container\">\n\t\t\t\t\t\t\t\t\t\t\t\t\t\t\t\t<a href=\"\/images\/360\/55\/index.htm\">\n\t\t\t\t\t\t\t<img loading=\"lazy\" decoding=\"async\" width=\"800\" height=\"346\" src=\"https:\/\/camposdehellinqr.com\/wp-content\/uploads\/2023\/09\/Plazacastillo.jpg\" class=\"attachment-large size-large wp-image-6071\" alt=\"\" srcset=\"https:\/\/camposdehellinqr.com\/wp-content\/uploads\/2023\/09\/Plazacastillo.jpg 800w, https:\/\/camposdehellinqr.com\/wp-content\/uploads\/2023\/09\/Plazacastillo-300x130.jpg 300w, https:\/\/camposdehellinqr.com\/wp-content\/uploads\/2023\/09\/Plazacastillo-768x332.jpg 768w\" sizes=\"auto, (max-width: 800px) 100vw, 800px\" \/>\t\t\t\t\t\t\t\t<\/a>\n\t\t\t\t\t\t\t\t\t\t\t\t\t\t\t<\/div>\n\t\t\t\t<\/div>\n\t\t\t\t<div class=\"elementor-element elementor-element-a56a1c7 elementor-widget elementor-widget-text-editor\" data-id=\"a56a1c7\" data-element_type=\"widget\" data-widget_type=\"text-editor.default\">\n\t\t\t\t<div class=\"elementor-widget-container\">\n\t\t\t\t\t\t\t<p><strong><a href=\"http:\/\/www.camposdehellinqr.com\/images\/360\/55\/index.htm\">Acceder a Visita Virtual 360\u00ba<\/a><\/strong><\/p>\t\t\t\t\t\t<\/div>\n\t\t\t\t<\/div>\n\t\t\t\t<div class=\"elementor-element elementor-element-dc941c8 elementor-widget elementor-widget-text-editor\" data-id=\"dc941c8\" data-element_type=\"widget\" data-widget_type=\"text-editor.default\">\n\t\t\t\t<div class=\"elementor-widget-container\">\n\t\t\t\t\t\t\t<p>Durante el dominio almohade en Al-Andalus se foment\u00f3 la reedificaci\u00f3n de fortalezas. En esta comarca se conservan restos en Isso, Ontur, Sierra, Tobarra y Hell\u00edn. Todas est\u00e1n relacionadas con el camino hist\u00f3rico que une Andaluc\u00eda y Valencia (actual CM-412) y ocupan lugares desde donde se controlan los principales caminos y las zonas de regad\u00edo tradicional. Hoy todav\u00eda se pueden contemplar las vistas del extenso territorio que el castillo domin\u00f3.<\/p>\t\t\t\t\t\t<\/div>\n\t\t\t\t<\/div>\n\t\t\t\t<div class=\"elementor-element elementor-element-a7901d8 elementor-widget elementor-widget-image\" data-id=\"a7901d8\" data-element_type=\"widget\" data-widget_type=\"image.default\">\n\t\t\t\t<div class=\"elementor-widget-container\">\n\t\t\t\t\t\t\t\t\t\t\t\t\t\t\t<img loading=\"lazy\" decoding=\"async\" width=\"785\" height=\"1024\" src=\"https:\/\/camposdehellinqr.com\/wp-content\/uploads\/2023\/09\/castillohellin-785x1024.jpg\" class=\"attachment-large size-large wp-image-6070\" alt=\"\" srcset=\"https:\/\/camposdehellinqr.com\/wp-content\/uploads\/2023\/09\/castillohellin-785x1024.jpg 785w, https:\/\/camposdehellinqr.com\/wp-content\/uploads\/2023\/09\/castillohellin-230x300.jpg 230w, https:\/\/camposdehellinqr.com\/wp-content\/uploads\/2023\/09\/castillohellin-768x1001.jpg 768w, https:\/\/camposdehellinqr.com\/wp-content\/uploads\/2023\/09\/castillohellin.jpg 790w\" sizes=\"auto, (max-width: 785px) 100vw, 785px\" \/>\t\t\t\t\t\t\t\t\t\t\t\t\t\t\t<\/div>\n\t\t\t\t<\/div>\n\t\t\t\t<div class=\"elementor-element elementor-element-88dbb6f elementor-widget elementor-widget-text-editor\" data-id=\"88dbb6f\" data-element_type=\"widget\" data-widget_type=\"text-editor.default\">\n\t\t\t\t<div class=\"elementor-widget-container\">\n\t\t\t\t\t\t\t<div id=\"sp-message-area\" class=\"span12\"><section id=\"sp-component-area-wrapper\" class=\" \"><div id=\"component-area\" class=\"row-fluid\"><div id=\"sp-component-area\" class=\"span12\"><section id=\"sp-component-wrapper\"><div id=\"sp-component\"><article class=\"item-page post-78 post hentry status-publish category-hellin \"><section class=\"entry-content\"><div class=\"content clearfix\"><p>En la descripci\u00f3n de 1592 para Felipe II se dijo que \u201cla fortaleza de la villa de Hell\u00edn esta edificada en un monte en lo alto y cumbre del eminente a la de la villa la cual rodea con su poblaci\u00f3n el dicho monte por las partes de levante y de mediod\u00eda y llegan las casas por la ladera del monte hasta cerca de las murallas de la fortaleza y a la parte del poniente no tiene poblaci\u00f3n porque es una pe\u00f1a tajada &#8211; hoy llamada <strong>Pe\u00f1a Ca\u00edda (6)<\/strong> &#8211; de mucha aspereza que baja hasta el llano y por delante desviado de la pe\u00f1a tajada est\u00e1 como a quinientos pasos el cerro que llaman de Santa B\u00e1rbara, desde donde se puede batir la dicha fortaleza, aunque por aquella parte tiene tan mala arremetida que con dificultad se le podr\u00e1 entrar. Tiene asimismo otro padrastro de otra monta\u00f1a hacia la parte del norte &#8211; hoy, cerro de San Rafael &#8211; como a trescientos pasos de la villa, de donde asimismo le pueden batir y a la parte de la villa que esta en aquella ladera de donde se le podr\u00e1 entrar con m\u00e1s facilidad. Toda la cerca y <strong>muralla (1)<\/strong> de la fortaleza es por la mayor parte de tapiar\u00eda, que llaman de hormig\u00f3n, la cual cerca tiene algunos torreones terraplenados como a veinticinco pasos unos de otros, y hacia la parte del poniente hay una <strong>torre (3)<\/strong> que pega a la muralla de mayor altura que las dem\u00e1s, y la <strong>puerta (2)<\/strong> de la dicha fortaleza esta hacia la parte del mediod\u00eda \u2013 hoy, junto al Santuario de Nuestra Se\u00f1ora del Rosario &#8211; entre dos torreones, el uno de ellos enhiesto (levantado) y el otro ca\u00eddo hasta el terrapleno. Dentro de la cual fortaleza hay cinco <strong>aljibes (4)<\/strong> y en la plaza de la dicha fortaleza hay una loma de pe\u00f1a viva\u2026y dentro de esta primera muralla, que esta referida, hay otra en la dicha fortaleza desviada de la primera como a diez pasos, la cual muralla est\u00e1 con sus torreones que llaman el <strong>homenaje (5)<\/strong>, y dentro de esta muralla hay una bodega grande debajo tierra, que ser\u00e1 del tama\u00f1o del patio del dicho homenaje, que le llaman mazmorra. Y esta muralla y torreones que llaman el homenaje, que cerca la dicha mazmorra, es asimismo labrada de hormig\u00f3n y est\u00e1 entera sin estar arruinado el dicho edificio, y aunque la muralla y primera cerca de la fortaleza est\u00e1 por la mayor parte hundida y muy mal parada, los alcaides que la han tenido a su cargo le han cerrado los portillos con algunas tapias de tierra. Para\u2026recercar dicha fortaleza y no se le pueda entrar si no por la puerta\u2026Y afirman los m\u00e1s antiguos de la dicha villa que no hay renta alguna situada para los edificios y reparos de dicha fortaleza, y que el alcaide no tiene obligaci\u00f3n de repararla, y respecto de estar tan arruinada la dicha fortaleza y no haber en ella casa habitable, no ha residido el dicho alcaide en ella de muchos a\u00f1os a esta parte, ni ha tenido teniente que haya vivido en la dicha fortaleza, y conforme al sitio y comarca que la fortaleza de la dicha villa de Hell\u00edn tiene, y que fue necesaria la conservaci\u00f3n de ella cuando el Reino de Granada era de moros, y que as\u00ed, para la ocasi\u00f3n que en aquellos tiempos se ofrecieron, como para las que despu\u00e9s se podr\u00edan ofrecerse, entiende ser fortaleza de importancia\u2026\u201d<\/p><p>En los \u00faltimos siglos el espacio de la torre del homenaje fue ocupado por viviendas. En 1928 un conjunto de estas casas fue reemplazado por el <strong>dep\u00f3sito de agua (5)<\/strong>, hoy en desuso. En la toponimia se ha conservado la memoria de algunas de las partes de la fortaleza como la <strong>calle Foso (7)<\/strong>, donde se inicia la <strong>calle Castillo (8)<\/strong>, que se consideraba la entrada a la fortaleza pero, como se ha descrito, la puerta estaba al sur. Los nuevos <strong>accesos (9)<\/strong> se crearon en la d\u00e9cada de 1990, tras demoler varias viviendas. Durante las mismas obras se cre\u00f3 la <strong>plaza (10)<\/strong>, desde donde se tienen las mejores vistas del casco antiguo de Hell\u00edn<\/p>El <strong>Conjunto Hist\u00f3rico de Hell\u00edn<\/strong>, declarado Bien de Inter\u00e9s Cultural en 2007, ejemplifica la evoluci\u00f3n del urbanismo en los \u00faltimos mil a\u00f1os. Entorno al <strong>Castillo<\/strong>, se conserva desde su fundaci\u00f3n isl\u00e1mica una trama laber\u00edntica de calles estrechas, retorcidas y con callejones ciegos. Entre ellas surge el primer templo cristiano dedicado a Nuestra Se\u00f1ora del <strong>Rosario<\/strong>, reconstruido en los siglos XVIII y XIX. Este n\u00facleo comenz\u00f3 su expansi\u00f3n en el siglo XVI por plazas como la de la <strong>Iglesia de la Asunci\u00f3n<\/strong> y la del Convento de los <strong>Franciscanos<\/strong>. Los cerros de<strong> San Rafael<\/strong> y <strong>San Roque<\/strong> se ocuparon con viviendas sencillas en calles igualmente estrechas que abrazan las ermitas que les dan nombre. Mientras que en las laderas, junto a los huertos, se construyeron casas se\u00f1oriales, como las viviendas convertidas en el Convento de Santa Clara durante el siglo XVII. Ejemplos del XVIII son la Casa Salazar y la Casa de la Fundaci\u00f3n, del XIX es la Casa Falc\u00f3n, en el barrio de<strong> La Portal\u00ed<\/strong>, y de principios del XX es el edificio del <strong>Museo Comarcal<\/strong>.<\/div><\/section><\/article><\/div><\/section><\/div><\/div><\/section><\/div>\t\t\t\t\t\t<\/div>\n\t\t\t\t<\/div>\n\t\t\t\t\t<\/div>\n\t\t<\/div>\n\t\t\t\t\t\t\t<\/div>\n\t\t<\/section>\n\t\t\t\t\t\t\t<\/div>\n\t\t","protected":false},"excerpt":{"rendered":"<p>Castillo Almohade de Hell\u00edn (S.XII) El poder isl\u00e1mico almohade comenz\u00f3 con la victoria en la Batalla de Temec\u00e9n (Argelia) en 1145. En pocos a\u00f1os conquistaron los segundos reinos taifas de Al-Andalus. Valencia y Murcia resistieron hasta 1172. En 1195 vencen a los castellanos en la Batalla de Alarcos (Ciudad Real). Los reinos cristianos derrotaron a &hellip;<\/p>\n<p class=\"read-more\"> <a class=\"\" href=\"https:\/\/camposdehellinqr.com\/index.php\/castillo-almohade-de-hellin-s-xii\/\"> <span class=\"screen-reader-text\">Castillo Almohade de Hell\u00edn<\/span> Leer m\u00e1s &raquo;<\/a><\/p>\n","protected":false},"author":1,"featured_media":0,"parent":0,"menu_order":0,"comment_status":"closed","ping_status":"closed","template":"","meta":{"site-sidebar-layout":"no-sidebar","site-content-layout":"page-builder","ast-site-content-layout":"full-width-container","site-content-style":"default","site-sidebar-style":"default","ast-global-header-display":"","ast-banner-title-visibility":"","ast-main-header-display":"","ast-hfb-above-header-display":"","ast-hfb-below-header-display":"","ast-hfb-mobile-header-display":"","site-post-title":"disabled","ast-breadcrumbs-content":"","ast-featured-img":"disabled","footer-sml-layout":"","theme-transparent-header-meta":"","adv-header-id-meta":"","stick-header-meta":"","header-above-stick-meta":"","header-main-stick-meta":"","header-below-stick-meta":"","astra-migrate-meta-layouts":"set","footnotes":""},"class_list":["post-5942","page","type-page","status-publish","hentry"],"yoast_head":"<!-- This site is optimized with the Yoast SEO Premium plugin v20.0 (Yoast SEO v21.3) - https:\/\/yoast.com\/wordpress\/plugins\/seo\/ -->\n<title>Castillo Almohade de Hell\u00edn - Campos de Hell\u00edn QR<\/title>\n<meta name=\"robots\" content=\"index, follow, max-snippet:-1, max-image-preview:large, max-video-preview:-1\" \/>\n<link rel=\"canonical\" href=\"https:\/\/camposdehellinqr.com\/index.php\/castillo-almohade-de-hellin-s-xii\/\" \/>\n<meta property=\"og:locale\" content=\"es_ES\" \/>\n<meta property=\"og:type\" content=\"article\" \/>\n<meta property=\"og:title\" content=\"Castillo Almohade de Hell\u00edn\" \/>\n<meta property=\"og:description\" content=\"Castillo Almohade de Hell\u00edn (S.XII) El poder isl\u00e1mico almohade comenz\u00f3 con la victoria en la Batalla de Temec\u00e9n (Argelia) en 1145. En pocos a\u00f1os conquistaron los segundos reinos taifas de Al-Andalus. Valencia y Murcia resistieron hasta 1172. En 1195 vencen a los castellanos en la Batalla de Alarcos (Ciudad Real). Los reinos cristianos derrotaron a &hellip; Castillo Almohade de Hell\u00edn Leer m\u00e1s &raquo;\" \/>\n<meta property=\"og:url\" content=\"https:\/\/camposdehellinqr.com\/index.php\/castillo-almohade-de-hellin-s-xii\/\" \/>\n<meta property=\"og:site_name\" content=\"Campos de Hell\u00edn QR\" \/>\n<meta property=\"article:modified_time\" content=\"2023-09-19T17:28:09+00:00\" \/>\n<meta property=\"og:image\" content=\"https:\/\/camposdehellinqr.com\/wp-content\/uploads\/2023\/09\/Plazacastillo.jpg\" \/>\n<meta name=\"twitter:card\" content=\"summary_large_image\" \/>\n<meta name=\"twitter:label1\" content=\"Tiempo de lectura\" \/>\n\t<meta name=\"twitter:data1\" content=\"5 minutos\" \/>\n<script type=\"application\/ld+json\" class=\"yoast-schema-graph\">{\"@context\":\"https:\/\/schema.org\",\"@graph\":[{\"@type\":\"WebPage\",\"@id\":\"https:\/\/camposdehellinqr.com\/index.php\/castillo-almohade-de-hellin-s-xii\/\",\"url\":\"https:\/\/camposdehellinqr.com\/index.php\/castillo-almohade-de-hellin-s-xii\/\",\"name\":\"Castillo Almohade de Hell\u00edn - Campos de Hell\u00edn QR\",\"isPartOf\":{\"@id\":\"https:\/\/camposdehellinqr.com\/#website\"},\"datePublished\":\"2023-09-19T08:28:38+00:00\",\"dateModified\":\"2023-09-19T17:28:09+00:00\",\"breadcrumb\":{\"@id\":\"https:\/\/camposdehellinqr.com\/index.php\/castillo-almohade-de-hellin-s-xii\/#breadcrumb\"},\"inLanguage\":\"es\",\"potentialAction\":[{\"@type\":\"ReadAction\",\"target\":[\"https:\/\/camposdehellinqr.com\/index.php\/castillo-almohade-de-hellin-s-xii\/\"]}]},{\"@type\":\"BreadcrumbList\",\"@id\":\"https:\/\/camposdehellinqr.com\/index.php\/castillo-almohade-de-hellin-s-xii\/#breadcrumb\",\"itemListElement\":[{\"@type\":\"ListItem\",\"position\":1,\"name\":\"Home\",\"item\":\"https:\/\/camposdehellinqr.com\/\"},{\"@type\":\"ListItem\",\"position\":2,\"name\":\"Castillo Almohade de Hell\u00edn\"}]},{\"@type\":\"WebSite\",\"@id\":\"https:\/\/camposdehellinqr.com\/#website\",\"url\":\"https:\/\/camposdehellinqr.com\/\",\"name\":\"Campos de Hell\u00edn QR\",\"description\":\"La comarca Campos de Hell\u00edn en 360\u00ba\",\"publisher\":{\"@id\":\"https:\/\/camposdehellinqr.com\/#organization\"},\"potentialAction\":[{\"@type\":\"SearchAction\",\"target\":{\"@type\":\"EntryPoint\",\"urlTemplate\":\"https:\/\/camposdehellinqr.com\/?s={search_term_string}\"},\"query-input\":\"required name=search_term_string\"}],\"inLanguage\":\"es\"},{\"@type\":\"Organization\",\"@id\":\"https:\/\/camposdehellinqr.com\/#organization\",\"name\":\"Campos de Hell\u00edn QR\",\"url\":\"https:\/\/camposdehellinqr.com\/\",\"logo\":{\"@type\":\"ImageObject\",\"inLanguage\":\"es\",\"@id\":\"https:\/\/camposdehellinqr.com\/#\/schema\/logo\/image\/\",\"url\":\"https:\/\/camposdehellinqr.com\/wp-content\/uploads\/2020\/02\/logoqr.png\",\"contentUrl\":\"https:\/\/camposdehellinqr.com\/wp-content\/uploads\/2020\/02\/logoqr.png\",\"width\":300,\"height\":50,\"caption\":\"Campos de Hell\u00edn QR\"},\"image\":{\"@id\":\"https:\/\/camposdehellinqr.com\/#\/schema\/logo\/image\/\"}}]}<\/script>\n<!-- \/ Yoast SEO Premium plugin. -->","yoast_head_json":{"title":"Castillo Almohade de Hell\u00edn - Campos de Hell\u00edn QR","robots":{"index":"index","follow":"follow","max-snippet":"max-snippet:-1","max-image-preview":"max-image-preview:large","max-video-preview":"max-video-preview:-1"},"canonical":"https:\/\/camposdehellinqr.com\/index.php\/castillo-almohade-de-hellin-s-xii\/","og_locale":"es_ES","og_type":"article","og_title":"Castillo Almohade de Hell\u00edn","og_description":"Castillo Almohade de Hell\u00edn (S.XII) El poder isl\u00e1mico almohade comenz\u00f3 con la victoria en la Batalla de Temec\u00e9n (Argelia) en 1145. En pocos a\u00f1os conquistaron los segundos reinos taifas de Al-Andalus. Valencia y Murcia resistieron hasta 1172. En 1195 vencen a los castellanos en la Batalla de Alarcos (Ciudad Real). Los reinos cristianos derrotaron a &hellip; Castillo Almohade de Hell\u00edn Leer m\u00e1s &raquo;","og_url":"https:\/\/camposdehellinqr.com\/index.php\/castillo-almohade-de-hellin-s-xii\/","og_site_name":"Campos de Hell\u00edn QR","article_modified_time":"2023-09-19T17:28:09+00:00","og_image":[{"url":"https:\/\/camposdehellinqr.com\/wp-content\/uploads\/2023\/09\/Plazacastillo.jpg"}],"twitter_card":"summary_large_image","twitter_misc":{"Tiempo de lectura":"5 minutos"},"schema":{"@context":"https:\/\/schema.org","@graph":[{"@type":"WebPage","@id":"https:\/\/camposdehellinqr.com\/index.php\/castillo-almohade-de-hellin-s-xii\/","url":"https:\/\/camposdehellinqr.com\/index.php\/castillo-almohade-de-hellin-s-xii\/","name":"Castillo Almohade de Hell\u00edn - Campos de Hell\u00edn QR","isPartOf":{"@id":"https:\/\/camposdehellinqr.com\/#website"},"datePublished":"2023-09-19T08:28:38+00:00","dateModified":"2023-09-19T17:28:09+00:00","breadcrumb":{"@id":"https:\/\/camposdehellinqr.com\/index.php\/castillo-almohade-de-hellin-s-xii\/#breadcrumb"},"inLanguage":"es","potentialAction":[{"@type":"ReadAction","target":["https:\/\/camposdehellinqr.com\/index.php\/castillo-almohade-de-hellin-s-xii\/"]}]},{"@type":"BreadcrumbList","@id":"https:\/\/camposdehellinqr.com\/index.php\/castillo-almohade-de-hellin-s-xii\/#breadcrumb","itemListElement":[{"@type":"ListItem","position":1,"name":"Home","item":"https:\/\/camposdehellinqr.com\/"},{"@type":"ListItem","position":2,"name":"Castillo Almohade de Hell\u00edn"}]},{"@type":"WebSite","@id":"https:\/\/camposdehellinqr.com\/#website","url":"https:\/\/camposdehellinqr.com\/","name":"Campos de Hell\u00edn QR","description":"La comarca Campos de Hell\u00edn en 360\u00ba","publisher":{"@id":"https:\/\/camposdehellinqr.com\/#organization"},"potentialAction":[{"@type":"SearchAction","target":{"@type":"EntryPoint","urlTemplate":"https:\/\/camposdehellinqr.com\/?s={search_term_string}"},"query-input":"required name=search_term_string"}],"inLanguage":"es"},{"@type":"Organization","@id":"https:\/\/camposdehellinqr.com\/#organization","name":"Campos de Hell\u00edn QR","url":"https:\/\/camposdehellinqr.com\/","logo":{"@type":"ImageObject","inLanguage":"es","@id":"https:\/\/camposdehellinqr.com\/#\/schema\/logo\/image\/","url":"https:\/\/camposdehellinqr.com\/wp-content\/uploads\/2020\/02\/logoqr.png","contentUrl":"https:\/\/camposdehellinqr.com\/wp-content\/uploads\/2020\/02\/logoqr.png","width":300,"height":50,"caption":"Campos de Hell\u00edn QR"},"image":{"@id":"https:\/\/camposdehellinqr.com\/#\/schema\/logo\/image\/"}}]}},"_links":{"self":[{"href":"https:\/\/camposdehellinqr.com\/index.php\/wp-json\/wp\/v2\/pages\/5942","targetHints":{"allow":["GET"]}}],"collection":[{"href":"https:\/\/camposdehellinqr.com\/index.php\/wp-json\/wp\/v2\/pages"}],"about":[{"href":"https:\/\/camposdehellinqr.com\/index.php\/wp-json\/wp\/v2\/types\/page"}],"author":[{"embeddable":true,"href":"https:\/\/camposdehellinqr.com\/index.php\/wp-json\/wp\/v2\/users\/1"}],"replies":[{"embeddable":true,"href":"https:\/\/camposdehellinqr.com\/index.php\/wp-json\/wp\/v2\/comments?post=5942"}],"version-history":[{"count":9,"href":"https:\/\/camposdehellinqr.com\/index.php\/wp-json\/wp\/v2\/pages\/5942\/revisions"}],"predecessor-version":[{"id":6463,"href":"https:\/\/camposdehellinqr.com\/index.php\/wp-json\/wp\/v2\/pages\/5942\/revisions\/6463"}],"wp:attachment":[{"href":"https:\/\/camposdehellinqr.com\/index.php\/wp-json\/wp\/v2\/media?parent=5942"}],"curies":[{"name":"wp","href":"https:\/\/api.w.org\/{rel}","templated":true}]}}