{"id":6032,"date":"2023-09-19T09:18:34","date_gmt":"2023-09-19T09:18:34","guid":{"rendered":"https:\/\/camposdehellinqr.com\/?page_id=6032"},"modified":"2023-09-20T19:09:42","modified_gmt":"2023-09-20T17:09:42","slug":"hellinp","status":"publish","type":"page","link":"https:\/\/camposdehellinqr.com\/index.php\/hellinp\/","title":{"rendered":"Hell\u00edn"},"content":{"rendered":"\t\t<div data-elementor-type=\"wp-page\" data-elementor-id=\"6032\" class=\"elementor elementor-6032\" data-elementor-post-type=\"page\">\n\t\t\t\t\t\t\t\t\t<section class=\"elementor-section elementor-top-section elementor-element elementor-element-89ef3ac elementor-section-boxed elementor-section-height-default elementor-section-height-default\" data-id=\"89ef3ac\" data-element_type=\"section\">\n\t\t\t\t\t\t\t<div class=\"elementor-background-overlay\"><\/div>\n\t\t\t\t\t\t\t<div class=\"elementor-container elementor-column-gap-default\">\n\t\t\t\t\t<div class=\"elementor-column elementor-col-100 elementor-top-column elementor-element elementor-element-e076a23\" data-id=\"e076a23\" data-element_type=\"column\">\n\t\t\t<div class=\"elementor-widget-wrap elementor-element-populated\">\n\t\t\t\t\t\t\t\t<div class=\"elementor-element elementor-element-c7e6a46 elementor-widget elementor-widget-heading\" data-id=\"c7e6a46\" data-element_type=\"widget\" data-widget_type=\"heading.default\">\n\t\t\t\t<div class=\"elementor-widget-container\">\n\t\t\t<h3 class=\"elementor-heading-title elementor-size-default\">Hell\u00edn<\/h3>\t\t<\/div>\n\t\t\t\t<\/div>\n\t\t\t\t<div class=\"elementor-element elementor-element-3889d7b elementor-widget elementor-widget-text-editor\" data-id=\"3889d7b\" data-element_type=\"widget\" data-widget_type=\"text-editor.default\">\n\t\t\t\t<div class=\"elementor-widget-container\">\n\t\t\t\t\t\t\t<ul><li><a href=\"https:\/\/camposdehellinqr.com\/index.php\/93-el-tolmo-de-minateda\/\"><strong>El Tolmo de Minateda<\/strong><\/a><\/li><li><strong><a href=\"https:\/\/camposdehellinqr.com\/index.php\/iglesia-de-ntra-sra-de-la-asuncion-xvi\/\">Iglesia de Ntra. Sra. de la Asunci\u00f3n de Hell\u00edn (XVI)<\/a><\/strong><\/li><li><strong><a href=\"https:\/\/camposdehellinqr.com\/index.php\/abrigo-grande-de-minateda\/\">Abrigo Grande de Minateda<\/a><\/strong><\/li><li><strong><a href=\"https:\/\/camposdehellinqr.com\/index.php\/santuario-de-ntra-sr-a-del-rosario-s-xviii-xix\/\">Santuario de Ntra. Sra. del Rosario (S. XVIII-XIX)<\/a><\/strong><\/li><li><strong><a href=\"https:\/\/camposdehellinqr.com\/index.php\/piton-volcanico-de-cancarix\/\">Pit\u00f3n volc\u00e1nico de Cancarix<\/a><\/strong><\/li><li><strong><a href=\"https:\/\/camposdehellinqr.com\/index.php\/129-torre-de-isso\/\">Torre de Isso<\/a><\/strong><\/li><li><strong><a href=\"https:\/\/camposdehellinqr.com\/index.php\/museo-comarcal-de-hellin\/\">Museo Comarcal de Hell\u00edn<\/a><\/strong><\/li><li><strong><a href=\"https:\/\/camposdehellinqr.com\/index.php\/canon-de-los-almadenes\/\">Ca\u00f1\u00f3n de los Almadenes<\/a><\/strong><\/li><li><strong><a href=\"https:\/\/camposdehellinqr.com\/index.php\/eremitorio-de-la-camareta\/\">Eremitorio de la Camareta<\/a><\/strong><\/li><li><strong><a href=\"https:\/\/camposdehellinqr.com\/index.php\/mingogil-2\/\">Mingogil<\/a><\/strong><\/li><li><strong><a href=\"https:\/\/camposdehellinqr.com\/index.php\/canada-de-agra\/\">Ca\u00f1ada de Agra<\/a><\/strong><\/li><li><strong><a href=\"https:\/\/camposdehellinqr.com\/index.php\/nava-de-campana\/\">Nava de Campa\u00f1a<\/a><\/strong><\/li><li><strong><a href=\"https:\/\/camposdehellinqr.com\/index.php\/130-rincon-del-moro\/\">Rinc\u00f3n del Moro<\/a><\/strong><\/li><li><strong><a href=\"https:\/\/camposdehellinqr.com\/index.php\/agramon\/\">Agram\u00f3n<\/a><\/strong><\/li><li><strong><a href=\"https:\/\/camposdehellinqr.com\/index.php\/131-monumento-a-los-tamborileros-de-hellin\/\">Monumento a los tamborileros de Hell\u00edn<\/a><\/strong><\/li><li><strong><a href=\"https:\/\/camposdehellinqr.com\/index.php\/100-museo-del-caramelo-la-pajara\/\">Museo del Caramelo \u00abLa P\u00e1jara\u00bb<\/a><\/strong><\/li><li><strong><a href=\"https:\/\/camposdehellinqr.com\/index.php\/96-museo-de-arte-contemporaneo-castilla-la-mancha\/\">Museo de Arte Contempor\u00e1neo Castilla-La Mancha<\/a><\/strong><\/li><li><strong><a href=\"https:\/\/camposdehellinqr.com\/index.php\/105-museo-taurino-de-hellin\/\">Museo Taurino de Hell\u00edn<\/a><\/strong><\/li><li><strong><a href=\"https:\/\/camposdehellinqr.com\/index.php\/embalse-del-cenajo\/\">Embalse del Cenajo<\/a><\/strong><\/li><li><strong><a href=\"https:\/\/camposdehellinqr.com\/index.php\/camarillas\/\">Embalse del Camarillas<\/a><\/strong><\/li><li><strong><a href=\"https:\/\/camposdehellinqr.com\/index.php\/132-embalse-del-talave\/\">Embalse del Talave<\/a><\/strong><\/li><li><strong><a href=\"https:\/\/camposdehellinqr.com\/index.php\/133-interior-de-una-mina-de-azufre\/\">Interior de una mina de azufre<\/a><\/strong><\/li><li><strong><a href=\"https:\/\/camposdehellinqr.com\/index.php\/134-fuente-de-isso\/\">Fuente de Isso<\/a><\/strong><\/li><li><strong><a href=\"https:\/\/camposdehellinqr.com\/index.php\/135-vista-panoramica-de-cabeza-llana\/\">Vista panor\u00e1mica desde Cabeza Llana<\/a><\/strong><\/li><li><strong><a href=\"https:\/\/camposdehellinqr.com\/index.php\/136-laguna-de-los-patos\/\">Laguna de los Patos<\/a><\/strong><\/li><li><strong><a href=\"https:\/\/camposdehellinqr.com\/index.php\/137-rio-mundo\/\">R\u00edo Mundo<\/a><\/strong><\/li><li><strong><a href=\"https:\/\/camposdehellinqr.com\/index.php\/138-iglesia-de-santiago-apostol\/\">Iglesia de Santiago Ap\u00f3stol de Isso<\/a><\/strong><\/li><li><strong><a href=\"https:\/\/camposdehellinqr.com\/index.php\/monumento-al-tamborilero-de-agramon\/\">Monumento al Tamborilero de Agram\u00f3n<\/a><\/strong><\/li><li><strong><a href=\"https:\/\/camposdehellinqr.com\/index.php\/hornos-del-cenajo\/\">Hornos del Cenajo<\/a><\/strong><\/li><li><strong><a href=\"https:\/\/camposdehellinqr.com\/index.php\/139-casa-cueva-de-las-minas\/\">Casa cueva de Las Minas<\/a><\/strong><\/li><li><strong><a href=\"https:\/\/camposdehellinqr.com\/index.php\/los-puentes-de-isso\/\">Los Puentes de Isso<\/a><\/strong><\/li><li><strong><a href=\"https:\/\/camposdehellinqr.com\/index.php\/140-plaza-de-san-francisco\/\">Plaza de San Francisco<\/a><\/strong><\/li><li><strong><a href=\"https:\/\/camposdehellinqr.com\/index.php\/jardin-arqueologico-de-la-tejera\/\">Parque de la Tejera<\/a><\/strong><\/li><li><strong><a href=\"https:\/\/camposdehellinqr.com\/index.php\/142-vista-panoramica-desde-la-sierra-de-las-cabras\/\">Vista panor\u00e1mica desde la Sierra de las Cabras<\/a><\/strong><\/li><li><strong><a href=\"https:\/\/camposdehellinqr.com\/index.php\/ermita-de-san-rafael-s-xvii\/\">Ermita de San Rafael (S. XVII)<\/a><\/strong><\/li><li><strong><a href=\"https:\/\/camposdehellinqr.com\/index.php\/plaza-de-la-portali\/\">Plaza de la Portal\u00ed<\/a><\/strong><\/li><li><strong><a href=\"https:\/\/camposdehellinqr.com\/index.php\/conventos-de-los-padres-franciscanos-s-xvi-xx\/\">Convento de los Padres Franciscanos (S.XVI-XX)<\/a><\/strong><\/li><li><strong><a href=\"https:\/\/camposdehellinqr.com\/index.php\/143-plaza-del-ayuntamiento-de-hellin\/\">Plaza del Ayuntamiento de Hell\u00edn<\/a><\/strong><\/li><li><strong><a href=\"https:\/\/camposdehellinqr.com\/index.php\/144-vista-panoramica-desde-el-cerro-del-pino\/\">Vista panor\u00e1mica desde el Cerro del Pino<\/a><\/strong><\/li><li><strong><a href=\"https:\/\/camposdehellinqr.com\/index.php\/145-casas-cueva-del-cenajo\/\">Casas cueva del Cenajo<\/a><\/strong><\/li><li><strong><a href=\"https:\/\/camposdehellinqr.com\/index.php\/146-arboreto-de-isso\/\">Arboreto de Isso<\/a><\/strong><\/li><li><strong><a href=\"https:\/\/camposdehellinqr.com\/index.php\/147-vista-panoramica-desde-la-cruz-del-obrero\/\">Vista panor\u00e1mica desde la Cruz del Obrero<\/a><\/strong><\/li><li><strong><a href=\"https:\/\/camposdehellinqr.com\/index.php\/castillo-almohade-de-hellin-s-xii\/\">Castillo Almohade de Hell\u00edn (S.XII)<\/a><\/strong><\/li><li><strong><a href=\"https:\/\/camposdehellinqr.com\/index.php\/iglesia-de-san-roque\/\">Iglesia de San Roque (S. XVIII)<\/a><\/strong><\/li><li><strong><a href=\"https:\/\/camposdehellinqr.com\/index.php\/cuesta-de-san-rafael\/\">Cuesta de San Rafael<\/a><\/strong><\/li><li><strong><a href=\"https:\/\/camposdehellinqr.com\/index.php\/las-minas\/\">Las Minas<\/a><\/strong><\/li><li><strong><a href=\"https:\/\/camposdehellinqr.com\/index.php\/sierra-de-los-donceles\/\">Sierra de los Donceles<\/a><\/strong><\/li><li><strong><a href=\"https:\/\/camposdehellinqr.com\/index.php\/hellin\/\">Hell\u00edn<\/a><\/strong><\/li><li><strong><a href=\"https:\/\/camposdehellinqr.com\/index.php\/la-huerta-de-isso\/\">La huerta de Isso<\/a><\/strong><\/li><\/ul>\t\t\t\t\t\t<\/div>\n\t\t\t\t<\/div>\n\t\t\t\t\t<\/div>\n\t\t<\/div>\n\t\t\t\t\t\t\t<\/div>\n\t\t<\/section>\n\t\t\t\t\t\t\t<\/div>\n\t\t","protected":false},"excerpt":{"rendered":"<p>Hell\u00edn El Tolmo de Minateda Iglesia de Ntra. Sra. de la Asunci\u00f3n de Hell\u00edn (XVI) Abrigo Grande de Minateda Santuario de Ntra. Sra. del Rosario (S. XVIII-XIX) Pit\u00f3n volc\u00e1nico de Cancarix Torre de Isso Museo Comarcal de Hell\u00edn Ca\u00f1\u00f3n de los Almadenes Eremitorio de la Camareta Mingogil Ca\u00f1ada de Agra Nava de Campa\u00f1a Rinc\u00f3n del &hellip;<\/p>\n<p class=\"read-more\"> <a class=\"\" href=\"https:\/\/camposdehellinqr.com\/index.php\/hellinp\/\"> <span class=\"screen-reader-text\">Hell\u00edn<\/span> Leer m\u00e1s &raquo;<\/a><\/p>\n","protected":false},"author":1,"featured_media":0,"parent":0,"menu_order":0,"comment_status":"closed","ping_status":"closed","template":"","meta":{"site-sidebar-layout":"no-sidebar","site-content-layout":"page-builder","ast-site-content-layout":"full-width-container","site-content-style":"default","site-sidebar-style":"default","ast-global-header-display":"","ast-banner-title-visibility":"","ast-main-header-display":"","ast-hfb-above-header-display":"","ast-hfb-below-header-display":"","ast-hfb-mobile-header-display":"","site-post-title":"disabled","ast-breadcrumbs-content":"","ast-featured-img":"disabled","footer-sml-layout":"","theme-transparent-header-meta":"","adv-header-id-meta":"","stick-header-meta":"","header-above-stick-meta":"","header-main-stick-meta":"","header-below-stick-meta":"","astra-migrate-meta-layouts":"set","footnotes":""},"class_list":["post-6032","page","type-page","status-publish","hentry"],"yoast_head":"<!-- This site is optimized with the Yoast SEO Premium plugin v20.0 (Yoast SEO v21.3) - https:\/\/yoast.com\/wordpress\/plugins\/seo\/ -->\n<title>Hell\u00edn - Campos de Hell\u00edn QR<\/title>\n<meta name=\"robots\" content=\"index, follow, max-snippet:-1, max-image-preview:large, max-video-preview:-1\" \/>\n<link rel=\"canonical\" href=\"https:\/\/camposdehellinqr.com\/index.php\/hellinp\/\" \/>\n<meta property=\"og:locale\" content=\"es_ES\" \/>\n<meta property=\"og:type\" content=\"article\" \/>\n<meta property=\"og:title\" content=\"Hell\u00edn\" \/>\n<meta property=\"og:description\" content=\"Hell\u00edn El Tolmo de Minateda Iglesia de Ntra. Sra. de la Asunci\u00f3n de Hell\u00edn (XVI) Abrigo Grande de Minateda Santuario de Ntra. Sra. del Rosario (S. XVIII-XIX) Pit\u00f3n volc\u00e1nico de Cancarix Torre de Isso Museo Comarcal de Hell\u00edn Ca\u00f1\u00f3n de los Almadenes Eremitorio de la Camareta Mingogil Ca\u00f1ada de Agra Nava de Campa\u00f1a Rinc\u00f3n del &hellip; Hell\u00edn Leer m\u00e1s &raquo;\" \/>\n<meta property=\"og:url\" content=\"https:\/\/camposdehellinqr.com\/index.php\/hellinp\/\" \/>\n<meta property=\"og:site_name\" content=\"Campos de Hell\u00edn QR\" \/>\n<meta property=\"article:modified_time\" content=\"2023-09-20T17:09:42+00:00\" \/>\n<meta property=\"og:image\" content=\"https:\/\/camposdehellinqr.com\/wp-content\/uploads\/2023\/09\/favicon.png\" \/>\n\t<meta property=\"og:image:width\" content=\"256\" \/>\n\t<meta property=\"og:image:height\" content=\"256\" \/>\n\t<meta property=\"og:image:type\" content=\"image\/png\" \/>\n<meta name=\"twitter:card\" content=\"summary_large_image\" \/>\n<meta name=\"twitter:label1\" content=\"Tiempo de lectura\" \/>\n\t<meta name=\"twitter:data1\" content=\"1 minuto\" \/>\n<script type=\"application\/ld+json\" class=\"yoast-schema-graph\">{\"@context\":\"https:\/\/schema.org\",\"@graph\":[{\"@type\":\"WebPage\",\"@id\":\"https:\/\/camposdehellinqr.com\/index.php\/hellinp\/\",\"url\":\"https:\/\/camposdehellinqr.com\/index.php\/hellinp\/\",\"name\":\"Hell\u00edn - Campos de Hell\u00edn QR\",\"isPartOf\":{\"@id\":\"https:\/\/camposdehellinqr.com\/#website\"},\"datePublished\":\"2023-09-19T09:18:34+00:00\",\"dateModified\":\"2023-09-20T17:09:42+00:00\",\"breadcrumb\":{\"@id\":\"https:\/\/camposdehellinqr.com\/index.php\/hellinp\/#breadcrumb\"},\"inLanguage\":\"es\",\"potentialAction\":[{\"@type\":\"ReadAction\",\"target\":[\"https:\/\/camposdehellinqr.com\/index.php\/hellinp\/\"]}]},{\"@type\":\"BreadcrumbList\",\"@id\":\"https:\/\/camposdehellinqr.com\/index.php\/hellinp\/#breadcrumb\",\"itemListElement\":[{\"@type\":\"ListItem\",\"position\":1,\"name\":\"Home\",\"item\":\"https:\/\/camposdehellinqr.com\/\"},{\"@type\":\"ListItem\",\"position\":2,\"name\":\"Hell\u00edn\"}]},{\"@type\":\"WebSite\",\"@id\":\"https:\/\/camposdehellinqr.com\/#website\",\"url\":\"https:\/\/camposdehellinqr.com\/\",\"name\":\"Campos de Hell\u00edn QR\",\"description\":\"La comarca Campos de Hell\u00edn en 360\u00ba\",\"publisher\":{\"@id\":\"https:\/\/camposdehellinqr.com\/#organization\"},\"potentialAction\":[{\"@type\":\"SearchAction\",\"target\":{\"@type\":\"EntryPoint\",\"urlTemplate\":\"https:\/\/camposdehellinqr.com\/?s={search_term_string}\"},\"query-input\":\"required name=search_term_string\"}],\"inLanguage\":\"es\"},{\"@type\":\"Organization\",\"@id\":\"https:\/\/camposdehellinqr.com\/#organization\",\"name\":\"Campos de Hell\u00edn QR\",\"url\":\"https:\/\/camposdehellinqr.com\/\",\"logo\":{\"@type\":\"ImageObject\",\"inLanguage\":\"es\",\"@id\":\"https:\/\/camposdehellinqr.com\/#\/schema\/logo\/image\/\",\"url\":\"https:\/\/camposdehellinqr.com\/wp-content\/uploads\/2020\/02\/logoqr.png\",\"contentUrl\":\"https:\/\/camposdehellinqr.com\/wp-content\/uploads\/2020\/02\/logoqr.png\",\"width\":300,\"height\":50,\"caption\":\"Campos de Hell\u00edn QR\"},\"image\":{\"@id\":\"https:\/\/camposdehellinqr.com\/#\/schema\/logo\/image\/\"}}]}<\/script>\n<!-- \/ Yoast SEO Premium plugin. -->","yoast_head_json":{"title":"Hell\u00edn - Campos de Hell\u00edn QR","robots":{"index":"index","follow":"follow","max-snippet":"max-snippet:-1","max-image-preview":"max-image-preview:large","max-video-preview":"max-video-preview:-1"},"canonical":"https:\/\/camposdehellinqr.com\/index.php\/hellinp\/","og_locale":"es_ES","og_type":"article","og_title":"Hell\u00edn","og_description":"Hell\u00edn El Tolmo de Minateda Iglesia de Ntra. Sra. de la Asunci\u00f3n de Hell\u00edn (XVI) Abrigo Grande de Minateda Santuario de Ntra. Sra. del Rosario (S. XVIII-XIX) Pit\u00f3n volc\u00e1nico de Cancarix Torre de Isso Museo Comarcal de Hell\u00edn Ca\u00f1\u00f3n de los Almadenes Eremitorio de la Camareta Mingogil Ca\u00f1ada de Agra Nava de Campa\u00f1a Rinc\u00f3n del &hellip; Hell\u00edn Leer m\u00e1s &raquo;","og_url":"https:\/\/camposdehellinqr.com\/index.php\/hellinp\/","og_site_name":"Campos de Hell\u00edn QR","article_modified_time":"2023-09-20T17:09:42+00:00","og_image":[{"width":256,"height":256,"url":"https:\/\/camposdehellinqr.com\/wp-content\/uploads\/2023\/09\/favicon.png","type":"image\/png"}],"twitter_card":"summary_large_image","twitter_misc":{"Tiempo de lectura":"1 minuto"},"schema":{"@context":"https:\/\/schema.org","@graph":[{"@type":"WebPage","@id":"https:\/\/camposdehellinqr.com\/index.php\/hellinp\/","url":"https:\/\/camposdehellinqr.com\/index.php\/hellinp\/","name":"Hell\u00edn - Campos de Hell\u00edn QR","isPartOf":{"@id":"https:\/\/camposdehellinqr.com\/#website"},"datePublished":"2023-09-19T09:18:34+00:00","dateModified":"2023-09-20T17:09:42+00:00","breadcrumb":{"@id":"https:\/\/camposdehellinqr.com\/index.php\/hellinp\/#breadcrumb"},"inLanguage":"es","potentialAction":[{"@type":"ReadAction","target":["https:\/\/camposdehellinqr.com\/index.php\/hellinp\/"]}]},{"@type":"BreadcrumbList","@id":"https:\/\/camposdehellinqr.com\/index.php\/hellinp\/#breadcrumb","itemListElement":[{"@type":"ListItem","position":1,"name":"Home","item":"https:\/\/camposdehellinqr.com\/"},{"@type":"ListItem","position":2,"name":"Hell\u00edn"}]},{"@type":"WebSite","@id":"https:\/\/camposdehellinqr.com\/#website","url":"https:\/\/camposdehellinqr.com\/","name":"Campos de Hell\u00edn QR","description":"La comarca Campos de Hell\u00edn en 360\u00ba","publisher":{"@id":"https:\/\/camposdehellinqr.com\/#organization"},"potentialAction":[{"@type":"SearchAction","target":{"@type":"EntryPoint","urlTemplate":"https:\/\/camposdehellinqr.com\/?s={search_term_string}"},"query-input":"required name=search_term_string"}],"inLanguage":"es"},{"@type":"Organization","@id":"https:\/\/camposdehellinqr.com\/#organization","name":"Campos de Hell\u00edn QR","url":"https:\/\/camposdehellinqr.com\/","logo":{"@type":"ImageObject","inLanguage":"es","@id":"https:\/\/camposdehellinqr.com\/#\/schema\/logo\/image\/","url":"https:\/\/camposdehellinqr.com\/wp-content\/uploads\/2020\/02\/logoqr.png","contentUrl":"https:\/\/camposdehellinqr.com\/wp-content\/uploads\/2020\/02\/logoqr.png","width":300,"height":50,"caption":"Campos de Hell\u00edn QR"},"image":{"@id":"https:\/\/camposdehellinqr.com\/#\/schema\/logo\/image\/"}}]}},"_links":{"self":[{"href":"https:\/\/camposdehellinqr.com\/index.php\/wp-json\/wp\/v2\/pages\/6032","targetHints":{"allow":["GET"]}}],"collection":[{"href":"https:\/\/camposdehellinqr.com\/index.php\/wp-json\/wp\/v2\/pages"}],"about":[{"href":"https:\/\/camposdehellinqr.com\/index.php\/wp-json\/wp\/v2\/types\/page"}],"author":[{"embeddable":true,"href":"https:\/\/camposdehellinqr.com\/index.php\/wp-json\/wp\/v2\/users\/1"}],"replies":[{"embeddable":true,"href":"https:\/\/camposdehellinqr.com\/index.php\/wp-json\/wp\/v2\/comments?post=6032"}],"version-history":[{"count":38,"href":"https:\/\/camposdehellinqr.com\/index.php\/wp-json\/wp\/v2\/pages\/6032\/revisions"}],"predecessor-version":[{"id":6614,"href":"https:\/\/camposdehellinqr.com\/index.php\/wp-json\/wp\/v2\/pages\/6032\/revisions\/6614"}],"wp:attachment":[{"href":"https:\/\/camposdehellinqr.com\/index.php\/wp-json\/wp\/v2\/media?parent=6032"}],"curies":[{"name":"wp","href":"https:\/\/api.w.org\/{rel}","templated":true}]}}