{"id":6136,"date":"2023-09-19T16:05:59","date_gmt":"2023-09-19T16:05:59","guid":{"rendered":"https:\/\/camposdehellinqr.com\/?page_id=6136"},"modified":"2023-09-19T17:41:39","modified_gmt":"2023-09-19T17:41:39","slug":"conventos-de-los-padres-franciscanos-s-xvi-xx","status":"publish","type":"page","link":"https:\/\/camposdehellinqr.com\/index.php\/conventos-de-los-padres-franciscanos-s-xvi-xx\/","title":{"rendered":"Convento de los Padres Franciscanos"},"content":{"rendered":"\t\t<div data-elementor-type=\"wp-page\" data-elementor-id=\"6136\" class=\"elementor elementor-6136\" data-elementor-post-type=\"page\">\n\t\t\t\t\t\t\t\t\t<section class=\"elementor-section elementor-top-section elementor-element elementor-element-89ef3ac elementor-section-boxed elementor-section-height-default elementor-section-height-default\" data-id=\"89ef3ac\" data-element_type=\"section\">\n\t\t\t\t\t\t\t<div class=\"elementor-background-overlay\"><\/div>\n\t\t\t\t\t\t\t<div class=\"elementor-container elementor-column-gap-default\">\n\t\t\t\t\t<div class=\"elementor-column elementor-col-100 elementor-top-column elementor-element elementor-element-e076a23\" data-id=\"e076a23\" data-element_type=\"column\">\n\t\t\t<div class=\"elementor-widget-wrap elementor-element-populated\">\n\t\t\t\t\t\t\t\t<div class=\"elementor-element elementor-element-c7e6a46 elementor-widget elementor-widget-heading\" data-id=\"c7e6a46\" data-element_type=\"widget\" data-widget_type=\"heading.default\">\n\t\t\t\t<div class=\"elementor-widget-container\">\n\t\t\t<h3 class=\"elementor-heading-title elementor-size-default\">Convento de los Padres Franciscanos (S.XVI-XX)<\/h3>\t\t<\/div>\n\t\t\t\t<\/div>\n\t\t\t\t<div class=\"elementor-element elementor-element-bd15688 elementor-widget elementor-widget-google_maps\" data-id=\"bd15688\" data-element_type=\"widget\" data-widget_type=\"google_maps.default\">\n\t\t\t\t<div class=\"elementor-widget-container\">\n\t\t\t\t\t<div class=\"elementor-custom-embed\">\n\t\t\t<iframe loading=\"lazy\"\n\t\t\t\t\tsrc=\"https:\/\/maps.google.com\/maps?q=Convento%20de%20los%20Padres%20Franciscanos%20hellin&#038;t=m&#038;z=16&#038;output=embed&#038;iwloc=near\"\n\t\t\t\t\ttitle=\"Convento de los Padres Franciscanos hellin\"\n\t\t\t\t\taria-label=\"Convento de los Padres Franciscanos hellin\"\n\t\t\t><\/iframe>\n\t\t<\/div>\n\t\t\t\t<\/div>\n\t\t\t\t<\/div>\n\t\t\t\t<div class=\"elementor-element elementor-element-3889d7b elementor-widget elementor-widget-text-editor\" data-id=\"3889d7b\" data-element_type=\"widget\" data-widget_type=\"text-editor.default\">\n\t\t\t\t<div class=\"elementor-widget-container\">\n\t\t\t\t\t\t\t<p><strong>Incoaci\u00f3n para Bien de Inter\u00e9s Cultural en 2010<\/strong><\/p><p>El convento est\u00e1 dedicado a Nuestra Se\u00f1ora de los \u00c1ngeles. La construcci\u00f3n comenz\u00f3 a partir de la patente otorgada por Francisco de los \u00c1ngeles, General de la Orden Franciscana, a Antonio de Ja\u00e9n, primer guardi\u00e1n del convento, expedida el 24 de enero de 1524.<\/p>\t\t\t\t\t\t<\/div>\n\t\t\t\t<\/div>\n\t\t\t\t<div class=\"elementor-element elementor-element-1ba3ed5 elementor-widget elementor-widget-image\" data-id=\"1ba3ed5\" data-element_type=\"widget\" data-widget_type=\"image.default\">\n\t\t\t\t<div class=\"elementor-widget-container\">\n\t\t\t\t\t\t\t\t\t\t\t\t\t\t\t\t<a href=\"\/images\/360\/39\/index.htm\">\n\t\t\t\t\t\t\t<img loading=\"lazy\" decoding=\"async\" width=\"800\" height=\"720\" src=\"https:\/\/camposdehellinqr.com\/wp-content\/uploads\/2023\/09\/franciscanos3.jpg\" class=\"attachment-large size-large wp-image-6074\" alt=\"\" srcset=\"https:\/\/camposdehellinqr.com\/wp-content\/uploads\/2023\/09\/franciscanos3.jpg 800w, https:\/\/camposdehellinqr.com\/wp-content\/uploads\/2023\/09\/franciscanos3-300x270.jpg 300w, https:\/\/camposdehellinqr.com\/wp-content\/uploads\/2023\/09\/franciscanos3-768x691.jpg 768w\" sizes=\"auto, (max-width: 800px) 100vw, 800px\" \/>\t\t\t\t\t\t\t\t<\/a>\n\t\t\t\t\t\t\t\t\t\t\t\t\t\t\t<\/div>\n\t\t\t\t<\/div>\n\t\t\t\t<div class=\"elementor-element elementor-element-a56a1c7 elementor-widget elementor-widget-text-editor\" data-id=\"a56a1c7\" data-element_type=\"widget\" data-widget_type=\"text-editor.default\">\n\t\t\t\t<div class=\"elementor-widget-container\">\n\t\t\t\t\t\t\t<p><strong><a href=\"http:\/\/www.camposdehellinqr.com\/images\/360\/39\/index.htm\">Acceder a Visita Virtual 360\u00ba<\/a><\/strong><\/p>\t\t\t\t\t\t<\/div>\n\t\t\t\t<\/div>\n\t\t\t\t<div class=\"elementor-element elementor-element-dc941c8 elementor-widget elementor-widget-text-editor\" data-id=\"dc941c8\" data-element_type=\"widget\" data-widget_type=\"text-editor.default\">\n\t\t\t\t<div class=\"elementor-widget-container\">\n\t\t\t\t\t\t\t<p>La orden franciscana ha sido la \u00fanica presente en esta comarca antes del siglo XX, con conventos de frailes en Tobarra y Hell\u00edn, y otro de monjas claras en esta ciudad, que fue el \u00fanico mantenido tras la desamortizaci\u00f3n de 1835. En este convento hay dos zonas muy diferenciadas: la iglesia (B), que se mantuvo abierta al culto, y la zona conventual, compuesta por el claustro (F), las celdas (G) y el huerto (H), que fue la m\u00e1s reformada para otros usos. La comunidad religiosa se recuper\u00f3 entre 1923 y 2008. Las fases constructivas y reformas se han sucedido hasta la actualidad. Aqu\u00ed se resume la historia de Hell\u00edn y las corrientes culturales que por ella han pasado en los \u00faltimos cinco siglos.<\/p>\t\t\t\t\t\t<\/div>\n\t\t\t\t<\/div>\n\t\t\t\t<div class=\"elementor-element elementor-element-4008727 elementor-widget elementor-widget-image\" data-id=\"4008727\" data-element_type=\"widget\" data-widget_type=\"image.default\">\n\t\t\t\t<div class=\"elementor-widget-container\">\n\t\t\t\t\t\t\t\t\t\t\t\t\t\t\t<img loading=\"lazy\" decoding=\"async\" width=\"703\" height=\"1024\" src=\"https:\/\/camposdehellinqr.com\/wp-content\/uploads\/2023\/09\/franciscanos_b-1-703x1024.jpg\" class=\"attachment-large size-large wp-image-6308\" alt=\"\" srcset=\"https:\/\/camposdehellinqr.com\/wp-content\/uploads\/2023\/09\/franciscanos_b-1-703x1024.jpg 703w, https:\/\/camposdehellinqr.com\/wp-content\/uploads\/2023\/09\/franciscanos_b-1-206x300.jpg 206w, https:\/\/camposdehellinqr.com\/wp-content\/uploads\/2023\/09\/franciscanos_b-1-768x1119.jpg 768w, https:\/\/camposdehellinqr.com\/wp-content\/uploads\/2023\/09\/franciscanos_b-1.jpg 789w\" sizes=\"auto, (max-width: 703px) 100vw, 703px\" \/>\t\t\t\t\t\t\t\t\t\t\t\t\t\t\t<\/div>\n\t\t\t\t<\/div>\n\t\t\t\t<div class=\"elementor-element elementor-element-d968bd9 elementor-widget elementor-widget-text-editor\" data-id=\"d968bd9\" data-element_type=\"widget\" data-widget_type=\"text-editor.default\">\n\t\t\t\t<div class=\"elementor-widget-container\">\n\t\t\t\t\t\t\t<p><strong>A)<\/strong> La fachada de la plaza fue restaurada por la Escuela-Taller en 1987, eliminando una portada clasicista de 1958 y reconstruyendo los arcos con ladrillos cer\u00e1micos, comunes en la estructura original del edificio. Las rejas tambi\u00e9n son merito de dicha escuela. En el muro del <strong>atrio<\/strong> se recuperaron inscripciones parecidas a los v\u00edtores que los universitarios hac\u00edan al terminar sus estudios, las iniciales VOT representar\u00edan a la Venerable Orden Tercena (hoy Orden Franciscana Seglar).<\/p><p><strong>B)<\/strong> La <strong>iglesia<\/strong> comenz\u00f3 a edificarse por su presbiterio formado por un \u00e1bside ochavado, seguido por el crucero y las dos capillas principales a ambos lados, que por sus dimensiones son los brazos de la cruz latina que el templo forma en planta. \u00c9sta primera parte esta cubierta por b\u00f3vedas de nervios en piedra, construidas durante el siglo XVI manteniendo la tradici\u00f3n secular, continuada en las capillas que se abren a la nave por arcos apuntados y cubiertas por b\u00f3vedas de crucer\u00eda. El artesonado, con estructura tradicional de par y nudillo, se compuso con casetones mostrando el renacimiento de los elementos de la antigua arquitectura romana. El arco levemente apuntado que separa las dos tipos de cubiertas es interpretado como la separaci\u00f3n entre la feligres\u00eda com\u00fan y quienes ten\u00edan su puesto reservado cerca del presbiterio. En el siglo XVIII la iglesia se redecor\u00f3 al gusto barroco. Las capillas-hornacinas acog\u00edan esculturas y pinturas que representaban multitud de advocaciones, de cuyo mantenimiento se hac\u00edan cargo patronos, por el privilegio de tener sus sepulturas. Con la desamortizaci\u00f3n de 1835 se dispersaron muchas de las obras de arte. Pero los mayores deterioros se produjeron durante la Guerra Civil (1936-1939). As\u00ed los retablos e imaginer\u00eda actuales son de la segunda mitad del siglo XX. El retablo mayor, reproducci\u00f3n del original, es una obra del hellinero Rafael Mill\u00e1n \u00c1lvarez, terminado en 1954. Los relieves del murciano Tom\u00e1s Noguera representan los siete gozos de Mar\u00eda. Contiene los escudos de Espa\u00f1a, del Vaticano y de la familia Valc\u00e1rcel, que tambi\u00e9n esta reproducido en el exterior del convento. El \u201cincendio del bel\u00e9n\u201d, 26 de diciembre de 1955, iniciado en el coro, a los pies de la iglesia, motiv\u00f3 que se retirara la falsa b\u00f3veda de escayola que ocultaba el artesonado, cuyas partes quemadas se restauraron con escayola, tambi\u00e9n se eliminaron los balcones sobre las capillas del lado del evangelio y el muro se redecor\u00f3 con los arcos mixtil\u00edneos actuales<\/p><p><strong>1)<\/strong> Capilla de Nuestra Se\u00f1ora de Los \u00c1ngeles, titular del convento. Su retablo en estuco es de mediados del siglo XVII. Era la capilla m\u00e1s noble y perteneci\u00f3 a la familia P\u00e9rez Vela, donde ten\u00edan sepultura. Sus escudos nobiliarios est\u00e1n incluidos en el retablo. Las im\u00e1genes y pinturas fueron restituidas despu\u00e9s de 1936 por donaci\u00f3n de Agust\u00edn Fern\u00e1ndez y Ana Guirado. El retablo del Coraz\u00f3n de Jes\u00fas es obra de Rafael Mill\u00e1n y donaci\u00f3n de Mar\u00eda Cruz P\u00e9rez Roche. Im\u00e1genes de Nuestra Se\u00f1ora de Lourdes y San Mart\u00edn de Porres.<\/p><p><strong>2)<\/strong> Capilla de San Joaqu\u00edn. Paso de la Virgen del Perd\u00f3n y Cristo de la Ca\u00edda, obra del imaginero local Jos\u00e9 Zamorano. Su cofrad\u00eda solo la integran mujeres.<\/p><p><strong>3)<\/strong> Capilla de La Piedad. Paso de Jes\u00fas del Gran Poder, obra del sevillano Jos\u00e9 Manuel Fern\u00e1ndez Andes. Entre estas capillas se abrieron nuevos arcos durante la reforma de 1928.<\/p><p><strong>4)<\/strong> Capilla de San Antonio de Padua. Perteneci\u00f3 a la familia Ruiz. Paso de Jes\u00fas y La Samaritana, obra de Jos\u00e9 Zamorano.<\/p><p><strong>5)<\/strong> Capilla de Nuestra Se\u00f1ora del Carmen. El paso de la Negaci\u00f3n de San Pedro es del escultor local Jos\u00e9 Zamorano. El retablo es de la segunda mitad del siglo XX. Tambi\u00e9n hay una imagen del rey San Fernando, patr\u00f3n de la Venerable Orden de la Venerable Orden Tercera (VOT) en Espa\u00f1a.<\/p><p><strong>6)<\/strong> Retablo de San Pascual Bail\u00f3n, fraile franciscano. Este retablo y el siguiente responden a la misma tipolog\u00eda, ambos tienen su origen en un retablo de piedra caliza rojiza del siglo XVI, al que se superpone otro de madera de mediados del siglo XVIII. Fueron restaurados por Rafael Mill\u00e1n. A los pies del altar est\u00e1 la sepultura encargada por Crist\u00f3bal Lozano (religioso y literato hellinero, 1609-1667) para trasladar los restos de sus padres, y m\u00e1s tarde los suyos. La portada de la \u201cPuerta Reglar\u201d, que da acceso al claustro, durante la \u00faltima reforma fue rematada con un front\u00f3n, cuya pintura de Jos\u00e9 Almela representa el transito de San Francisco.<\/p><p><strong>7)<\/strong> Retablo de la Dolorosa. La imagen atribuida a Francisco Salzillo fue la \u00fanica rescatada del saqueo que sufri\u00f3 el convento durante la Guerra Civil. El retablo es del mismo estilo y \u00e9poca que el anterior. El dorado lo realizo Rafael Mill\u00e1n \u00c1lvarez a expensas de Dolores Mill\u00e1n Villote. El retablo esta rematado en el \u00e1tico con una pintura de San Lorenzo, obra de Manuel Mu\u00f1oz Barber\u00e1n.<\/p><p><strong>8)<\/strong> Capilla de Nuestra Se\u00f1ora del Pilar, antes dedicada a San Buenaventura. Imagen de Nuestra Se\u00f1ora del Perpetuo Socorro. Existi\u00f3 un pulpito forjado en hierro. El actual es de madera de casta\u00f1o tallado en Vivero (Lugo) por Jos\u00e9 Otero en 1977 y donado por Aurora Mill\u00e1n Villote.<\/p><p><strong>9)<\/strong> Capilla de San Jos\u00e9, antes dedicada a San Diego de Alcal\u00e1. Fue la capilla funeraria de la familia Rodr\u00edguez de Vera. El retablo de San Jos\u00e9, al fondo, es de Garc\u00e9s y la imagen de San Jos\u00e9 es de Ricardo Font, est\u00e1 franqueado por las de San Buenaventura, San Diego de Alcal\u00e1, Santa Rita y Santa Elvira, todo fue donado por Elvira Ladr\u00f3n de Guevara en 1944. El retablo de San Diego de Alcal\u00e1, en el lateral, tiene im\u00e1genes de San Francisco, Nuestra Se\u00f1ora del Rosario y San Rafael, patronos de Hell\u00edn.<\/p><p><strong>10)<\/strong> La <strong>sacrist\u00eda<\/strong> es una gran sala cubierta con b\u00f3vedas de lunetos separadas por arcos fajones. La mesa del centro es del mismo estilo y \u00e9poca que el lavamanos adosado a la pared, seg\u00fan inscripci\u00f3n, del a\u00f1o 1721. Desde aqu\u00ed se accede a la cripta baso el camar\u00edn, donde eran sepultados los franciscanos. Hoy no hay rastros de su antiguo uso.<\/p><p><strong>C)<\/strong> El <strong>camar\u00edn<\/strong>, elevado tras el retablo de la capilla mayor, fue construido durante la d\u00e9cada de 1760. Tiene planta octogonal con pilastras de orden compuesto en los \u00e1ngulos, bajo una amplia cornisa de curvas y contracurvas, y cubierto con c\u00fapula va\u00edda estrellada. La rica decoraci\u00f3n con yeser\u00edas doradas es del gusto rococ\u00f3. Al igual que los azulejos policromos del pavimento del camar\u00edn y de la escalera de acceso, con escenas costumbristas enmarcadas entre rocallas. Las pinturas sobre lienzo en los muros, firmadas por el franciscano Antonio de Villanueva, y los s\u00edmbolos integrados en la decoraci\u00f3n est\u00e1n relacionados con el dogma de la <strong>Inmaculada Concepci\u00f3n<\/strong>, que los franciscanos predicaban antes de oficializarse por la Iglesia. La existencia de su cofrad\u00eda esta documentada desde 1540. La imagen actual es una fiel copia de la atribu\u00eda a Francisco Salzillo (S.XVIII), que realiz\u00f3 Jos\u00e9 Manuel Fern\u00e1ndez Andes en 1941 y fue coronada en 1954. El volumen exterior del camar\u00edn sobresale del conjunto del convento y destaca por su cubierta de tejas vidriadas de color azul.<\/p><p><strong>D)<\/strong> La torre del campanario que tuvo la iglesia fue demolida por partes. De los cuatro cuerpos que ten\u00eda, los dos superiores se eliminaron en 1894, por amenaza de ruina, para construir un cuerpo de campanas m\u00e1s bajo. Y en la d\u00e9cada de 1940 se demolieron la torre por completo y el cuartel de zapadores y bomberos, ampli\u00e1ndose la plaza.<\/p><p><strong>E)<\/strong> La actual <strong>recepci\u00f3n<\/strong> ha sido muy reformada. Tras la clausura del convento por el Real Decreto de 1835 que suprimi\u00f3 todos los ten\u00edan menos de 12 miembros, el Estado lo cedi\u00f3 al Ayuntamiento en 1849 \u201cpara establecer escuelas de instrucci\u00f3n primaria y acuartelar la Guardia Civil\u201d. Posteriormente se sumaron otros usos como escuela de artes y oficios, cuartel de bomberos, juzgado y c\u00e1rcel. Mientras que la Iglesia se mantuvo por las cofrad\u00edas y la Orden Franciscana seglar que consigui\u00f3 la llegada de nuevos frailes en 1923, ocupando las celdas que hay sobre esta recepci\u00f3n, hasta que por real orden de 1927 se devolvi\u00f3 a los religiosos todo el edificio.<\/p><p><strong>F)<\/strong> El <strong>claustro<\/strong> era imprescindible para el recogimiento del convento. Las reducidas dimensiones de \u00e9ste fueron compensadas por el minucioso trabajo de canter\u00eda, cuyos detalles sit\u00faan su creaci\u00f3n en el siglo XVI, en pleno renacimiento del gusto por el arte de la antigua Roma. Durante las reformas del siglo XVIII se construyo una nueva galer\u00eda cubierta con b\u00f3vedas de arista y arcos fajones que apoyan sobre los muros que cegaron las arcadas del cuerpo bajo y empotraron las columnas del superior. Se respetaron las arquer\u00edas originales pero ya no tienen funci\u00f3n estructural. En el deambulatorio bajo hay pinturas sobre la vida de San Francisco, realizadas por del franciscano Salvador Maci\u00e1 hacia 1945. En la d\u00e9cada de 1930 se hallaron restos de pinturas que pudieron cubrir todos los muros. Durante la restauraci\u00f3n de 1996, se recuperaron las columnas y pilares del cuerpo superior que estaban empotrados por el cerramiento, y que en lugar de arcos soportan dinteles de madera. Sobre el falso techo moderno quedan restos del artesonado original. Del trabajo con piedra biocalcarenita local resaltan la variedad de detalles en molduras y medallones, se repite el escudo franciscano de las cinco llagas. El uso del orden j\u00f3nico en las columnas se puede relacionar con la costumbre de utilizarlo en templos antiguos con advocaciones femeninas, como este convento, cuando se desplaz\u00f3 el brocal del pozo desde del centro a un lado del patio, en su lugar se coloc\u00f3 la imagen de La Pur\u00edsima.<\/p>\t\t\t\t\t\t<\/div>\n\t\t\t\t<\/div>\n\t\t\t\t<div class=\"elementor-element elementor-element-6ec1db3 elementor-widget elementor-widget-image\" data-id=\"6ec1db3\" data-element_type=\"widget\" data-widget_type=\"image.default\">\n\t\t\t\t<div class=\"elementor-widget-container\">\n\t\t\t\t\t\t\t\t\t\t\t\t\t\t\t<img loading=\"lazy\" decoding=\"async\" width=\"800\" height=\"534\" src=\"https:\/\/camposdehellinqr.com\/wp-content\/uploads\/2023\/09\/franciscanos2.jpg\" class=\"attachment-large size-large wp-image-6073\" alt=\"\" srcset=\"https:\/\/camposdehellinqr.com\/wp-content\/uploads\/2023\/09\/franciscanos2.jpg 800w, https:\/\/camposdehellinqr.com\/wp-content\/uploads\/2023\/09\/franciscanos2-300x200.jpg 300w, https:\/\/camposdehellinqr.com\/wp-content\/uploads\/2023\/09\/franciscanos2-768x513.jpg 768w\" sizes=\"auto, (max-width: 800px) 100vw, 800px\" \/>\t\t\t\t\t\t\t\t\t\t\t\t\t\t\t<\/div>\n\t\t\t\t<\/div>\n\t\t\t\t<div class=\"elementor-element elementor-element-ef19626 elementor-widget elementor-widget-text-editor\" data-id=\"ef19626\" data-element_type=\"widget\" data-widget_type=\"text-editor.default\">\n\t\t\t\t<div class=\"elementor-widget-container\">\n\t\t\t\t\t\t\t<p><strong>G)<\/strong> El edificio dedicado a <strong>refectorio<\/strong> (comedor comunitario), cocina y sala capitular, en planta baja, y <strong>celdas<\/strong> en las plantas primera y segunda, es la mayor obra de reforma y ampliaci\u00f3n que se realizar\u00eda durante el siglo XVIII. Sus dimensiones reflejan la importancia alcanzada entonces por la comunidad, con esta ampliaci\u00f3n lleg\u00f3 a tener m\u00e1s de treinta celdas. Durante la Guerra de la Independencia, en 1809, el convento sirvi\u00f3 de hospital militar. La exigencia de estos espacios a favorecer la vida contemplativa ser\u00eda cumplida, al poder disfrutar de las vistas al jard\u00edn y huerto, que est\u00e1n a los pies de este edificio.<\/p><p><strong>H)<\/strong> El <strong>huerto<\/strong> era fundamental para el sustento de la comunidad religiosa, adem\u00e1s de las donaciones de los fundadores, las limosnas y las p\u00edas memorias, por las que los herederos de los feligreses enterrados en el convento pagaban una renta para celebrar misas. Los terrenos donados a los franciscanos estaban entonces en el l\u00edmite de la poblaci\u00f3n, cuando todav\u00eda se concentrada en el cerro del Castillo y ten\u00eda por borde la acequia de la Ribera, uno de los tres hilos de agua de la Fuente Principal.<\/p><p><strong>P)<\/strong> El patio abierto a la plaza da acceso al edificio construido para la<strong> Escuela de Filosof\u00eda<\/strong> de la Provincia Ser\u00e1fica de esta orden, trasladada aqu\u00ed desde Orihuela en septiembre de 1946, y ampliada con los estudios de teolog\u00eda en 1955. Desde aquel momento \u00e9sta se consider\u00f3 la comunidad franciscana m\u00e1s importante de la antigua Di\u00f3cesis de Cartagena. S\u00f3lo hubo un precedente con los estudios de artes y filosof\u00eda a finales del siglo XVIIII. Con el descenso de vocaciones, en 1974 estos locales fueron arrendados al Ayuntamiento para dedicarlo a escuela de primaria. Su \u00faltimo uso ha sido acoger el Centro Joven Municipal.<\/p><p>Frente al convento encontramos el <strong>Monumento al Nazareno<\/strong> de Francisco Ruiz Oliva, que desde 2002 se levanta en el foco de la predicaci\u00f3n franciscana durante casi cinco siglos. Y que hoy se manifiesta en las procesiones de la Semana Santa, que en su origen, a trav\u00e9s de im\u00e1genes hiperealistas y la escenificaci\u00f3n del V\u00eda Crucis subiendo al Calvario el Viernes Santo, se pretend\u00eda que los nazarenos tuvieran la experiencia m\u00e1s cercana posible a la pasi\u00f3n de Cristo, como los estigmas de San Francisco, s\u00edmbolos de la orden como aparece en los escudos del claustro.<\/p><p>La plaza se cierra con la fachada principal de <strong>Casa Salazar<\/strong> que podr\u00eda ser el \u00faltimo ejemplo de vivienda se\u00f1orial dieciochesca conservada en la ciudad.<\/p><p>El <strong>Conjunto Hist\u00f3rico de Hell\u00edn<\/strong>, declarado Bien de Inter\u00e9s Cultural en 2007, ejemplifica la evoluci\u00f3n del urbanismo en los \u00faltimos mil a\u00f1os. Entorno al <strong>Castillo<\/strong>, se conserva desde su fundaci\u00f3n isl\u00e1mica una trama laber\u00edntica de calles estrechas, retorcidas y con callejones ciegos. Entre ellas surge el primer templo cristiano dedicado a Nuestra Se\u00f1ora del <strong>Rosario<\/strong>, reconstruido en los siglos XVIII y XIX. Este n\u00facleo comenz\u00f3 su expansi\u00f3n en el siglo XVI por plazas como la de la <strong>Iglesia de la Asunci\u00f3n<\/strong> y la del Convento de los <strong>Franciscanos<\/strong>. Los cerros de<strong> San Rafael<\/strong> y <strong>San Roque<\/strong> se ocuparon con viviendas sencillas en calles igualmente estrechas que abrazan las ermitas que les dan nombre. Mientras que en las laderas, junto a los huertos, se construyeron casas se\u00f1oriales, como las viviendas convertidas en el Convento de Santa Clara durante el siglo XVII. Ejemplos del XVIII son la Casa Salazar y la Casa de la Fundaci\u00f3n, del XIX es la Casa Falc\u00f3n, en el barrio de<strong> La Portal\u00ed<\/strong>, y de principios del XX es el edificio del <strong>Museo Comarcal<\/strong>.<\/p>\t\t\t\t\t\t<\/div>\n\t\t\t\t<\/div>\n\t\t\t\t\t<\/div>\n\t\t<\/div>\n\t\t\t\t\t\t\t<\/div>\n\t\t<\/section>\n\t\t\t\t\t\t\t<\/div>\n\t\t","protected":false},"excerpt":{"rendered":"<p>Convento de los Padres Franciscanos (S.XVI-XX) Incoaci\u00f3n para Bien de Inter\u00e9s Cultural en 2010 El convento est\u00e1 dedicado a Nuestra Se\u00f1ora de los \u00c1ngeles. La construcci\u00f3n comenz\u00f3 a partir de la patente otorgada por Francisco de los \u00c1ngeles, General de la Orden Franciscana, a Antonio de Ja\u00e9n, primer guardi\u00e1n del convento, expedida el 24 de &hellip;<\/p>\n<p class=\"read-more\"> <a class=\"\" href=\"https:\/\/camposdehellinqr.com\/index.php\/conventos-de-los-padres-franciscanos-s-xvi-xx\/\"> <span class=\"screen-reader-text\">Convento de los Padres Franciscanos<\/span> Leer m\u00e1s &raquo;<\/a><\/p>\n","protected":false},"author":1,"featured_media":0,"parent":0,"menu_order":0,"comment_status":"closed","ping_status":"closed","template":"","meta":{"site-sidebar-layout":"no-sidebar","site-content-layout":"page-builder","ast-site-content-layout":"full-width-container","site-content-style":"default","site-sidebar-style":"default","ast-global-header-display":"","ast-banner-title-visibility":"","ast-main-header-display":"","ast-hfb-above-header-display":"","ast-hfb-below-header-display":"","ast-hfb-mobile-header-display":"","site-post-title":"disabled","ast-breadcrumbs-content":"","ast-featured-img":"disabled","footer-sml-layout":"","theme-transparent-header-meta":"","adv-header-id-meta":"","stick-header-meta":"","header-above-stick-meta":"","header-main-stick-meta":"","header-below-stick-meta":"","astra-migrate-meta-layouts":"set","footnotes":""},"class_list":["post-6136","page","type-page","status-publish","hentry"],"yoast_head":"<!-- This site is optimized with the Yoast SEO Premium plugin v20.0 (Yoast SEO v21.3) - https:\/\/yoast.com\/wordpress\/plugins\/seo\/ -->\n<title>Convento de los Padres Franciscanos - Campos de Hell\u00edn QR<\/title>\n<meta name=\"robots\" content=\"index, follow, max-snippet:-1, max-image-preview:large, max-video-preview:-1\" \/>\n<link rel=\"canonical\" href=\"https:\/\/camposdehellinqr.com\/index.php\/conventos-de-los-padres-franciscanos-s-xvi-xx\/\" \/>\n<meta property=\"og:locale\" content=\"es_ES\" \/>\n<meta property=\"og:type\" content=\"article\" \/>\n<meta property=\"og:title\" content=\"Convento de los Padres Franciscanos\" \/>\n<meta property=\"og:description\" content=\"Convento de los Padres Franciscanos (S.XVI-XX) Incoaci\u00f3n para Bien de Inter\u00e9s Cultural en 2010 El convento est\u00e1 dedicado a Nuestra Se\u00f1ora de los \u00c1ngeles. La construcci\u00f3n comenz\u00f3 a partir de la patente otorgada por Francisco de los \u00c1ngeles, General de la Orden Franciscana, a Antonio de Ja\u00e9n, primer guardi\u00e1n del convento, expedida el 24 de &hellip; Convento de los Padres Franciscanos Leer m\u00e1s &raquo;\" \/>\n<meta property=\"og:url\" content=\"https:\/\/camposdehellinqr.com\/index.php\/conventos-de-los-padres-franciscanos-s-xvi-xx\/\" \/>\n<meta property=\"og:site_name\" content=\"Campos de Hell\u00edn QR\" \/>\n<meta property=\"article:modified_time\" content=\"2023-09-19T17:41:39+00:00\" \/>\n<meta property=\"og:image\" content=\"https:\/\/camposdehellinqr.com\/wp-content\/uploads\/2023\/09\/franciscanos3.jpg\" \/>\n<meta name=\"twitter:card\" content=\"summary_large_image\" \/>\n<meta name=\"twitter:label1\" content=\"Tiempo de lectura\" \/>\n\t<meta name=\"twitter:data1\" content=\"12 minutos\" \/>\n<script type=\"application\/ld+json\" class=\"yoast-schema-graph\">{\"@context\":\"https:\/\/schema.org\",\"@graph\":[{\"@type\":\"WebPage\",\"@id\":\"https:\/\/camposdehellinqr.com\/index.php\/conventos-de-los-padres-franciscanos-s-xvi-xx\/\",\"url\":\"https:\/\/camposdehellinqr.com\/index.php\/conventos-de-los-padres-franciscanos-s-xvi-xx\/\",\"name\":\"Convento de los Padres Franciscanos - Campos de Hell\u00edn QR\",\"isPartOf\":{\"@id\":\"https:\/\/camposdehellinqr.com\/#website\"},\"datePublished\":\"2023-09-19T16:05:59+00:00\",\"dateModified\":\"2023-09-19T17:41:39+00:00\",\"breadcrumb\":{\"@id\":\"https:\/\/camposdehellinqr.com\/index.php\/conventos-de-los-padres-franciscanos-s-xvi-xx\/#breadcrumb\"},\"inLanguage\":\"es\",\"potentialAction\":[{\"@type\":\"ReadAction\",\"target\":[\"https:\/\/camposdehellinqr.com\/index.php\/conventos-de-los-padres-franciscanos-s-xvi-xx\/\"]}]},{\"@type\":\"BreadcrumbList\",\"@id\":\"https:\/\/camposdehellinqr.com\/index.php\/conventos-de-los-padres-franciscanos-s-xvi-xx\/#breadcrumb\",\"itemListElement\":[{\"@type\":\"ListItem\",\"position\":1,\"name\":\"Home\",\"item\":\"https:\/\/camposdehellinqr.com\/\"},{\"@type\":\"ListItem\",\"position\":2,\"name\":\"Convento de los Padres Franciscanos\"}]},{\"@type\":\"WebSite\",\"@id\":\"https:\/\/camposdehellinqr.com\/#website\",\"url\":\"https:\/\/camposdehellinqr.com\/\",\"name\":\"Campos de Hell\u00edn QR\",\"description\":\"La comarca Campos de Hell\u00edn en 360\u00ba\",\"publisher\":{\"@id\":\"https:\/\/camposdehellinqr.com\/#organization\"},\"potentialAction\":[{\"@type\":\"SearchAction\",\"target\":{\"@type\":\"EntryPoint\",\"urlTemplate\":\"https:\/\/camposdehellinqr.com\/?s={search_term_string}\"},\"query-input\":\"required name=search_term_string\"}],\"inLanguage\":\"es\"},{\"@type\":\"Organization\",\"@id\":\"https:\/\/camposdehellinqr.com\/#organization\",\"name\":\"Campos de Hell\u00edn QR\",\"url\":\"https:\/\/camposdehellinqr.com\/\",\"logo\":{\"@type\":\"ImageObject\",\"inLanguage\":\"es\",\"@id\":\"https:\/\/camposdehellinqr.com\/#\/schema\/logo\/image\/\",\"url\":\"https:\/\/camposdehellinqr.com\/wp-content\/uploads\/2020\/02\/logoqr.png\",\"contentUrl\":\"https:\/\/camposdehellinqr.com\/wp-content\/uploads\/2020\/02\/logoqr.png\",\"width\":300,\"height\":50,\"caption\":\"Campos de Hell\u00edn QR\"},\"image\":{\"@id\":\"https:\/\/camposdehellinqr.com\/#\/schema\/logo\/image\/\"}}]}<\/script>\n<!-- \/ Yoast SEO Premium plugin. -->","yoast_head_json":{"title":"Convento de los Padres Franciscanos - Campos de Hell\u00edn QR","robots":{"index":"index","follow":"follow","max-snippet":"max-snippet:-1","max-image-preview":"max-image-preview:large","max-video-preview":"max-video-preview:-1"},"canonical":"https:\/\/camposdehellinqr.com\/index.php\/conventos-de-los-padres-franciscanos-s-xvi-xx\/","og_locale":"es_ES","og_type":"article","og_title":"Convento de los Padres Franciscanos","og_description":"Convento de los Padres Franciscanos (S.XVI-XX) Incoaci\u00f3n para Bien de Inter\u00e9s Cultural en 2010 El convento est\u00e1 dedicado a Nuestra Se\u00f1ora de los \u00c1ngeles. La construcci\u00f3n comenz\u00f3 a partir de la patente otorgada por Francisco de los \u00c1ngeles, General de la Orden Franciscana, a Antonio de Ja\u00e9n, primer guardi\u00e1n del convento, expedida el 24 de &hellip; Convento de los Padres Franciscanos Leer m\u00e1s &raquo;","og_url":"https:\/\/camposdehellinqr.com\/index.php\/conventos-de-los-padres-franciscanos-s-xvi-xx\/","og_site_name":"Campos de Hell\u00edn QR","article_modified_time":"2023-09-19T17:41:39+00:00","og_image":[{"url":"https:\/\/camposdehellinqr.com\/wp-content\/uploads\/2023\/09\/franciscanos3.jpg"}],"twitter_card":"summary_large_image","twitter_misc":{"Tiempo de lectura":"12 minutos"},"schema":{"@context":"https:\/\/schema.org","@graph":[{"@type":"WebPage","@id":"https:\/\/camposdehellinqr.com\/index.php\/conventos-de-los-padres-franciscanos-s-xvi-xx\/","url":"https:\/\/camposdehellinqr.com\/index.php\/conventos-de-los-padres-franciscanos-s-xvi-xx\/","name":"Convento de los Padres Franciscanos - Campos de Hell\u00edn QR","isPartOf":{"@id":"https:\/\/camposdehellinqr.com\/#website"},"datePublished":"2023-09-19T16:05:59+00:00","dateModified":"2023-09-19T17:41:39+00:00","breadcrumb":{"@id":"https:\/\/camposdehellinqr.com\/index.php\/conventos-de-los-padres-franciscanos-s-xvi-xx\/#breadcrumb"},"inLanguage":"es","potentialAction":[{"@type":"ReadAction","target":["https:\/\/camposdehellinqr.com\/index.php\/conventos-de-los-padres-franciscanos-s-xvi-xx\/"]}]},{"@type":"BreadcrumbList","@id":"https:\/\/camposdehellinqr.com\/index.php\/conventos-de-los-padres-franciscanos-s-xvi-xx\/#breadcrumb","itemListElement":[{"@type":"ListItem","position":1,"name":"Home","item":"https:\/\/camposdehellinqr.com\/"},{"@type":"ListItem","position":2,"name":"Convento de los Padres Franciscanos"}]},{"@type":"WebSite","@id":"https:\/\/camposdehellinqr.com\/#website","url":"https:\/\/camposdehellinqr.com\/","name":"Campos de Hell\u00edn QR","description":"La comarca Campos de Hell\u00edn en 360\u00ba","publisher":{"@id":"https:\/\/camposdehellinqr.com\/#organization"},"potentialAction":[{"@type":"SearchAction","target":{"@type":"EntryPoint","urlTemplate":"https:\/\/camposdehellinqr.com\/?s={search_term_string}"},"query-input":"required name=search_term_string"}],"inLanguage":"es"},{"@type":"Organization","@id":"https:\/\/camposdehellinqr.com\/#organization","name":"Campos de Hell\u00edn QR","url":"https:\/\/camposdehellinqr.com\/","logo":{"@type":"ImageObject","inLanguage":"es","@id":"https:\/\/camposdehellinqr.com\/#\/schema\/logo\/image\/","url":"https:\/\/camposdehellinqr.com\/wp-content\/uploads\/2020\/02\/logoqr.png","contentUrl":"https:\/\/camposdehellinqr.com\/wp-content\/uploads\/2020\/02\/logoqr.png","width":300,"height":50,"caption":"Campos de Hell\u00edn QR"},"image":{"@id":"https:\/\/camposdehellinqr.com\/#\/schema\/logo\/image\/"}}]}},"_links":{"self":[{"href":"https:\/\/camposdehellinqr.com\/index.php\/wp-json\/wp\/v2\/pages\/6136","targetHints":{"allow":["GET"]}}],"collection":[{"href":"https:\/\/camposdehellinqr.com\/index.php\/wp-json\/wp\/v2\/pages"}],"about":[{"href":"https:\/\/camposdehellinqr.com\/index.php\/wp-json\/wp\/v2\/types\/page"}],"author":[{"embeddable":true,"href":"https:\/\/camposdehellinqr.com\/index.php\/wp-json\/wp\/v2\/users\/1"}],"replies":[{"embeddable":true,"href":"https:\/\/camposdehellinqr.com\/index.php\/wp-json\/wp\/v2\/comments?post=6136"}],"version-history":[{"count":5,"href":"https:\/\/camposdehellinqr.com\/index.php\/wp-json\/wp\/v2\/pages\/6136\/revisions"}],"predecessor-version":[{"id":6514,"href":"https:\/\/camposdehellinqr.com\/index.php\/wp-json\/wp\/v2\/pages\/6136\/revisions\/6514"}],"wp:attachment":[{"href":"https:\/\/camposdehellinqr.com\/index.php\/wp-json\/wp\/v2\/media?parent=6136"}],"curies":[{"name":"wp","href":"https:\/\/api.w.org\/{rel}","templated":true}]}}