{"id":6141,"date":"2023-09-19T16:17:07","date_gmt":"2023-09-19T16:17:07","guid":{"rendered":"https:\/\/camposdehellinqr.com\/?page_id=6141"},"modified":"2023-09-19T17:42:14","modified_gmt":"2023-09-19T17:42:14","slug":"147-vista-panoramica-desde-la-cruz-del-obrero","status":"publish","type":"page","link":"https:\/\/camposdehellinqr.com\/index.php\/147-vista-panoramica-desde-la-cruz-del-obrero\/","title":{"rendered":"Vista panor\u00e1mica desde la Cruz del Obrero"},"content":{"rendered":"\t\t<div data-elementor-type=\"wp-page\" data-elementor-id=\"6141\" class=\"elementor elementor-6141\" data-elementor-post-type=\"page\">\n\t\t\t\t\t\t\t\t\t<section class=\"elementor-section elementor-top-section elementor-element elementor-element-89ef3ac elementor-section-boxed elementor-section-height-default elementor-section-height-default\" data-id=\"89ef3ac\" data-element_type=\"section\">\n\t\t\t\t\t\t\t<div class=\"elementor-background-overlay\"><\/div>\n\t\t\t\t\t\t\t<div class=\"elementor-container elementor-column-gap-default\">\n\t\t\t\t\t<div class=\"elementor-column elementor-col-100 elementor-top-column elementor-element elementor-element-e076a23\" data-id=\"e076a23\" data-element_type=\"column\">\n\t\t\t<div class=\"elementor-widget-wrap elementor-element-populated\">\n\t\t\t\t\t\t\t\t<div class=\"elementor-element elementor-element-c7e6a46 elementor-widget elementor-widget-heading\" data-id=\"c7e6a46\" data-element_type=\"widget\" data-widget_type=\"heading.default\">\n\t\t\t\t<div class=\"elementor-widget-container\">\n\t\t\t<h3 class=\"elementor-heading-title elementor-size-default\">Vista panor\u00e1mica desde la Cruz del Obrero<\/h3>\t\t<\/div>\n\t\t\t\t<\/div>\n\t\t\t\t<div class=\"elementor-element elementor-element-bd15688 elementor-widget elementor-widget-google_maps\" data-id=\"bd15688\" data-element_type=\"widget\" data-widget_type=\"google_maps.default\">\n\t\t\t\t<div class=\"elementor-widget-container\">\n\t\t\t\t\t<div class=\"elementor-custom-embed\">\n\t\t\t<iframe loading=\"lazy\"\n\t\t\t\t\tsrc=\"https:\/\/maps.google.com\/maps?q=Cruz%20del%20Obrero%20hellin&#038;t=m&#038;z=16&#038;output=embed&#038;iwloc=near\"\n\t\t\t\t\ttitle=\"Cruz del Obrero hellin\"\n\t\t\t\t\taria-label=\"Cruz del Obrero hellin\"\n\t\t\t><\/iframe>\n\t\t<\/div>\n\t\t\t\t<\/div>\n\t\t\t\t<\/div>\n\t\t\t\t<div class=\"elementor-element elementor-element-3889d7b elementor-widget elementor-widget-text-editor\" data-id=\"3889d7b\" data-element_type=\"widget\" data-widget_type=\"text-editor.default\">\n\t\t\t\t<div class=\"elementor-widget-container\">\n\t\t\t\t\t\t\t<p>Este embalse fue uno de las primeras iniciativas de la Confederaci\u00f3n Sindical Hidrogr\u00e1fica del Segura tras fundarse en 1926, durante el directorio de Miguel Primo de Ribera. La aprobaci\u00f3n del proyecto se demor\u00f3 hasta 1942 y las obras comenzaron cinco a\u00f1os despu\u00e9s, a la par de las reanudadas en Camarillas, siendo ambos inaugurados el mismo d\u00eda.<\/p>\t\t\t\t\t\t<\/div>\n\t\t\t\t<\/div>\n\t\t\t\t<div class=\"elementor-element elementor-element-1ba3ed5 elementor-widget elementor-widget-image\" data-id=\"1ba3ed5\" data-element_type=\"widget\" data-widget_type=\"image.default\">\n\t\t\t\t<div class=\"elementor-widget-container\">\n\t\t\t\t\t\t\t\t\t\t\t\t\t\t\t\t<a href=\"\/images\/360\/34\/index.htm\">\n\t\t\t\t\t\t\t<img loading=\"lazy\" decoding=\"async\" width=\"800\" height=\"327\" src=\"https:\/\/camposdehellinqr.com\/wp-content\/uploads\/2023\/09\/cruzobrero.jpg\" class=\"attachment-large size-large wp-image-6062\" alt=\"\" srcset=\"https:\/\/camposdehellinqr.com\/wp-content\/uploads\/2023\/09\/cruzobrero.jpg 800w, https:\/\/camposdehellinqr.com\/wp-content\/uploads\/2023\/09\/cruzobrero-300x123.jpg 300w, https:\/\/camposdehellinqr.com\/wp-content\/uploads\/2023\/09\/cruzobrero-768x314.jpg 768w\" sizes=\"auto, (max-width: 800px) 100vw, 800px\" \/>\t\t\t\t\t\t\t\t<\/a>\n\t\t\t\t\t\t\t\t\t\t\t\t\t\t\t<\/div>\n\t\t\t\t<\/div>\n\t\t\t\t<div class=\"elementor-element elementor-element-a56a1c7 elementor-widget elementor-widget-text-editor\" data-id=\"a56a1c7\" data-element_type=\"widget\" data-widget_type=\"text-editor.default\">\n\t\t\t\t<div class=\"elementor-widget-container\">\n\t\t\t\t\t\t\t<p><strong><a href=\"http:\/\/www.camposdehellinqr.com\/images\/360\/34\/index.htm\">Acceder a Visita Virtual 360\u00ba<\/a><\/strong><\/p>\t\t\t\t\t\t<\/div>\n\t\t\t\t<\/div>\n\t\t\t\t<div class=\"elementor-element elementor-element-dc941c8 elementor-widget elementor-widget-text-editor\" data-id=\"dc941c8\" data-element_type=\"widget\" data-widget_type=\"text-editor.default\">\n\t\t\t\t<div class=\"elementor-widget-container\">\n\t\t\t\t\t\t\t<p>El embalse del Cenajo tiene la mayor capacidad de la cuenca, 465,59 hect\u00f3metros c\u00fabicos, que afecta a 1.732 hect\u00e1reas y 31 kil\u00f3metros del cauce del r\u00edo, en cuatro t\u00e9rminos municipales, F\u00e9rez, Hell\u00edn Moratalla y Socovos. El punto de vista est\u00e1 a pies del monumento llamado \u201cCruz del Obrero\u201d.<\/p><p>\u201cEste embalse del Cenajo lo mand\u00f3 construir Francisco Franco, Caudillo de Espa\u00f1a. Domino con \u00e9l las aguas turbulentas del r\u00edo Segura para que fecundizaran apaciblemente unas tierras ub\u00e9rrimas. Redimi\u00f3 los hombres que las trabajan del milenario temor a las inundaciones, y a la sequ\u00eda. Con su presencia se inaugur\u00f3 el d\u00eda 6 de junio de 1963\u201d (inscripci\u00f3n de la placa inaugural).<\/p>\t\t\t\t\t\t<\/div>\n\t\t\t\t<\/div>\n\t\t\t\t\t<\/div>\n\t\t<\/div>\n\t\t\t\t\t\t\t<\/div>\n\t\t<\/section>\n\t\t\t\t\t\t\t<\/div>\n\t\t","protected":false},"excerpt":{"rendered":"<p>Vista panor\u00e1mica desde la Cruz del Obrero Este embalse fue uno de las primeras iniciativas de la Confederaci\u00f3n Sindical Hidrogr\u00e1fica del Segura tras fundarse en 1926, durante el directorio de Miguel Primo de Ribera. La aprobaci\u00f3n del proyecto se demor\u00f3 hasta 1942 y las obras comenzaron cinco a\u00f1os despu\u00e9s, a la par de las reanudadas &hellip;<\/p>\n<p class=\"read-more\"> <a class=\"\" href=\"https:\/\/camposdehellinqr.com\/index.php\/147-vista-panoramica-desde-la-cruz-del-obrero\/\"> <span class=\"screen-reader-text\">Vista panor\u00e1mica desde la Cruz del Obrero<\/span> Leer m\u00e1s &raquo;<\/a><\/p>\n","protected":false},"author":1,"featured_media":0,"parent":0,"menu_order":0,"comment_status":"closed","ping_status":"closed","template":"","meta":{"site-sidebar-layout":"no-sidebar","site-content-layout":"page-builder","ast-site-content-layout":"full-width-container","site-content-style":"default","site-sidebar-style":"default","ast-global-header-display":"","ast-banner-title-visibility":"","ast-main-header-display":"","ast-hfb-above-header-display":"","ast-hfb-below-header-display":"","ast-hfb-mobile-header-display":"","site-post-title":"disabled","ast-breadcrumbs-content":"","ast-featured-img":"disabled","footer-sml-layout":"","theme-transparent-header-meta":"","adv-header-id-meta":"","stick-header-meta":"","header-above-stick-meta":"","header-main-stick-meta":"","header-below-stick-meta":"","astra-migrate-meta-layouts":"set","footnotes":""},"class_list":["post-6141","page","type-page","status-publish","hentry"],"yoast_head":"<!-- This site is optimized with the Yoast SEO Premium plugin v20.0 (Yoast SEO v21.3) - https:\/\/yoast.com\/wordpress\/plugins\/seo\/ -->\n<title>Vista panor\u00e1mica desde la Cruz del Obrero - Campos de Hell\u00edn QR<\/title>\n<meta name=\"robots\" content=\"index, follow, max-snippet:-1, max-image-preview:large, max-video-preview:-1\" \/>\n<link rel=\"canonical\" href=\"https:\/\/camposdehellinqr.com\/index.php\/147-vista-panoramica-desde-la-cruz-del-obrero\/\" \/>\n<meta property=\"og:locale\" content=\"es_ES\" \/>\n<meta property=\"og:type\" content=\"article\" \/>\n<meta property=\"og:title\" content=\"Vista panor\u00e1mica desde la Cruz del Obrero\" \/>\n<meta property=\"og:description\" content=\"Vista panor\u00e1mica desde la Cruz del Obrero Este embalse fue uno de las primeras iniciativas de la Confederaci\u00f3n Sindical Hidrogr\u00e1fica del Segura tras fundarse en 1926, durante el directorio de Miguel Primo de Ribera. La aprobaci\u00f3n del proyecto se demor\u00f3 hasta 1942 y las obras comenzaron cinco a\u00f1os despu\u00e9s, a la par de las reanudadas &hellip; Vista panor\u00e1mica desde la Cruz del Obrero Leer m\u00e1s &raquo;\" \/>\n<meta property=\"og:url\" content=\"https:\/\/camposdehellinqr.com\/index.php\/147-vista-panoramica-desde-la-cruz-del-obrero\/\" \/>\n<meta property=\"og:site_name\" content=\"Campos de Hell\u00edn QR\" \/>\n<meta property=\"article:modified_time\" content=\"2023-09-19T17:42:14+00:00\" \/>\n<meta property=\"og:image\" content=\"https:\/\/camposdehellinqr.com\/wp-content\/uploads\/2023\/09\/cruzobrero.jpg\" \/>\n<meta name=\"twitter:card\" content=\"summary_large_image\" \/>\n<meta name=\"twitter:label1\" content=\"Tiempo de lectura\" \/>\n\t<meta name=\"twitter:data1\" content=\"1 minuto\" \/>\n<script type=\"application\/ld+json\" class=\"yoast-schema-graph\">{\"@context\":\"https:\/\/schema.org\",\"@graph\":[{\"@type\":\"WebPage\",\"@id\":\"https:\/\/camposdehellinqr.com\/index.php\/147-vista-panoramica-desde-la-cruz-del-obrero\/\",\"url\":\"https:\/\/camposdehellinqr.com\/index.php\/147-vista-panoramica-desde-la-cruz-del-obrero\/\",\"name\":\"Vista panor\u00e1mica desde la Cruz del Obrero - Campos de Hell\u00edn QR\",\"isPartOf\":{\"@id\":\"https:\/\/camposdehellinqr.com\/#website\"},\"datePublished\":\"2023-09-19T16:17:07+00:00\",\"dateModified\":\"2023-09-19T17:42:14+00:00\",\"breadcrumb\":{\"@id\":\"https:\/\/camposdehellinqr.com\/index.php\/147-vista-panoramica-desde-la-cruz-del-obrero\/#breadcrumb\"},\"inLanguage\":\"es\",\"potentialAction\":[{\"@type\":\"ReadAction\",\"target\":[\"https:\/\/camposdehellinqr.com\/index.php\/147-vista-panoramica-desde-la-cruz-del-obrero\/\"]}]},{\"@type\":\"BreadcrumbList\",\"@id\":\"https:\/\/camposdehellinqr.com\/index.php\/147-vista-panoramica-desde-la-cruz-del-obrero\/#breadcrumb\",\"itemListElement\":[{\"@type\":\"ListItem\",\"position\":1,\"name\":\"Home\",\"item\":\"https:\/\/camposdehellinqr.com\/\"},{\"@type\":\"ListItem\",\"position\":2,\"name\":\"Vista panor\u00e1mica desde la Cruz del Obrero\"}]},{\"@type\":\"WebSite\",\"@id\":\"https:\/\/camposdehellinqr.com\/#website\",\"url\":\"https:\/\/camposdehellinqr.com\/\",\"name\":\"Campos de Hell\u00edn QR\",\"description\":\"La comarca Campos de Hell\u00edn en 360\u00ba\",\"publisher\":{\"@id\":\"https:\/\/camposdehellinqr.com\/#organization\"},\"potentialAction\":[{\"@type\":\"SearchAction\",\"target\":{\"@type\":\"EntryPoint\",\"urlTemplate\":\"https:\/\/camposdehellinqr.com\/?s={search_term_string}\"},\"query-input\":\"required name=search_term_string\"}],\"inLanguage\":\"es\"},{\"@type\":\"Organization\",\"@id\":\"https:\/\/camposdehellinqr.com\/#organization\",\"name\":\"Campos de Hell\u00edn QR\",\"url\":\"https:\/\/camposdehellinqr.com\/\",\"logo\":{\"@type\":\"ImageObject\",\"inLanguage\":\"es\",\"@id\":\"https:\/\/camposdehellinqr.com\/#\/schema\/logo\/image\/\",\"url\":\"https:\/\/camposdehellinqr.com\/wp-content\/uploads\/2020\/02\/logoqr.png\",\"contentUrl\":\"https:\/\/camposdehellinqr.com\/wp-content\/uploads\/2020\/02\/logoqr.png\",\"width\":300,\"height\":50,\"caption\":\"Campos de Hell\u00edn QR\"},\"image\":{\"@id\":\"https:\/\/camposdehellinqr.com\/#\/schema\/logo\/image\/\"}}]}<\/script>\n<!-- \/ Yoast SEO Premium plugin. -->","yoast_head_json":{"title":"Vista panor\u00e1mica desde la Cruz del Obrero - Campos de Hell\u00edn QR","robots":{"index":"index","follow":"follow","max-snippet":"max-snippet:-1","max-image-preview":"max-image-preview:large","max-video-preview":"max-video-preview:-1"},"canonical":"https:\/\/camposdehellinqr.com\/index.php\/147-vista-panoramica-desde-la-cruz-del-obrero\/","og_locale":"es_ES","og_type":"article","og_title":"Vista panor\u00e1mica desde la Cruz del Obrero","og_description":"Vista panor\u00e1mica desde la Cruz del Obrero Este embalse fue uno de las primeras iniciativas de la Confederaci\u00f3n Sindical Hidrogr\u00e1fica del Segura tras fundarse en 1926, durante el directorio de Miguel Primo de Ribera. La aprobaci\u00f3n del proyecto se demor\u00f3 hasta 1942 y las obras comenzaron cinco a\u00f1os despu\u00e9s, a la par de las reanudadas &hellip; Vista panor\u00e1mica desde la Cruz del Obrero Leer m\u00e1s &raquo;","og_url":"https:\/\/camposdehellinqr.com\/index.php\/147-vista-panoramica-desde-la-cruz-del-obrero\/","og_site_name":"Campos de Hell\u00edn QR","article_modified_time":"2023-09-19T17:42:14+00:00","og_image":[{"url":"https:\/\/camposdehellinqr.com\/wp-content\/uploads\/2023\/09\/cruzobrero.jpg"}],"twitter_card":"summary_large_image","twitter_misc":{"Tiempo de lectura":"1 minuto"},"schema":{"@context":"https:\/\/schema.org","@graph":[{"@type":"WebPage","@id":"https:\/\/camposdehellinqr.com\/index.php\/147-vista-panoramica-desde-la-cruz-del-obrero\/","url":"https:\/\/camposdehellinqr.com\/index.php\/147-vista-panoramica-desde-la-cruz-del-obrero\/","name":"Vista panor\u00e1mica desde la Cruz del Obrero - Campos de Hell\u00edn QR","isPartOf":{"@id":"https:\/\/camposdehellinqr.com\/#website"},"datePublished":"2023-09-19T16:17:07+00:00","dateModified":"2023-09-19T17:42:14+00:00","breadcrumb":{"@id":"https:\/\/camposdehellinqr.com\/index.php\/147-vista-panoramica-desde-la-cruz-del-obrero\/#breadcrumb"},"inLanguage":"es","potentialAction":[{"@type":"ReadAction","target":["https:\/\/camposdehellinqr.com\/index.php\/147-vista-panoramica-desde-la-cruz-del-obrero\/"]}]},{"@type":"BreadcrumbList","@id":"https:\/\/camposdehellinqr.com\/index.php\/147-vista-panoramica-desde-la-cruz-del-obrero\/#breadcrumb","itemListElement":[{"@type":"ListItem","position":1,"name":"Home","item":"https:\/\/camposdehellinqr.com\/"},{"@type":"ListItem","position":2,"name":"Vista panor\u00e1mica desde la Cruz del Obrero"}]},{"@type":"WebSite","@id":"https:\/\/camposdehellinqr.com\/#website","url":"https:\/\/camposdehellinqr.com\/","name":"Campos de Hell\u00edn QR","description":"La comarca Campos de Hell\u00edn en 360\u00ba","publisher":{"@id":"https:\/\/camposdehellinqr.com\/#organization"},"potentialAction":[{"@type":"SearchAction","target":{"@type":"EntryPoint","urlTemplate":"https:\/\/camposdehellinqr.com\/?s={search_term_string}"},"query-input":"required name=search_term_string"}],"inLanguage":"es"},{"@type":"Organization","@id":"https:\/\/camposdehellinqr.com\/#organization","name":"Campos de Hell\u00edn QR","url":"https:\/\/camposdehellinqr.com\/","logo":{"@type":"ImageObject","inLanguage":"es","@id":"https:\/\/camposdehellinqr.com\/#\/schema\/logo\/image\/","url":"https:\/\/camposdehellinqr.com\/wp-content\/uploads\/2020\/02\/logoqr.png","contentUrl":"https:\/\/camposdehellinqr.com\/wp-content\/uploads\/2020\/02\/logoqr.png","width":300,"height":50,"caption":"Campos de Hell\u00edn QR"},"image":{"@id":"https:\/\/camposdehellinqr.com\/#\/schema\/logo\/image\/"}}]}},"_links":{"self":[{"href":"https:\/\/camposdehellinqr.com\/index.php\/wp-json\/wp\/v2\/pages\/6141","targetHints":{"allow":["GET"]}}],"collection":[{"href":"https:\/\/camposdehellinqr.com\/index.php\/wp-json\/wp\/v2\/pages"}],"about":[{"href":"https:\/\/camposdehellinqr.com\/index.php\/wp-json\/wp\/v2\/types\/page"}],"author":[{"embeddable":true,"href":"https:\/\/camposdehellinqr.com\/index.php\/wp-json\/wp\/v2\/users\/1"}],"replies":[{"embeddable":true,"href":"https:\/\/camposdehellinqr.com\/index.php\/wp-json\/wp\/v2\/comments?post=6141"}],"version-history":[{"count":5,"href":"https:\/\/camposdehellinqr.com\/index.php\/wp-json\/wp\/v2\/pages\/6141\/revisions"}],"predecessor-version":[{"id":6519,"href":"https:\/\/camposdehellinqr.com\/index.php\/wp-json\/wp\/v2\/pages\/6141\/revisions\/6519"}],"wp:attachment":[{"href":"https:\/\/camposdehellinqr.com\/index.php\/wp-json\/wp\/v2\/media?parent=6141"}],"curies":[{"name":"wp","href":"https:\/\/api.w.org\/{rel}","templated":true}]}}