{"id":6144,"date":"2023-09-19T10:30:51","date_gmt":"2023-09-19T10:30:51","guid":{"rendered":"https:\/\/camposdehellinqr.com\/?page_id=6144"},"modified":"2023-09-19T17:36:16","modified_gmt":"2023-09-19T17:36:16","slug":"eremitorio-de-la-camareta","status":"publish","type":"page","link":"https:\/\/camposdehellinqr.com\/index.php\/eremitorio-de-la-camareta\/","title":{"rendered":"Eremitorio de la Camareta"},"content":{"rendered":"\t\t<div data-elementor-type=\"wp-page\" data-elementor-id=\"6144\" class=\"elementor elementor-6144\" data-elementor-post-type=\"page\">\n\t\t\t\t\t\t\t\t\t<section class=\"elementor-section elementor-top-section elementor-element elementor-element-89ef3ac elementor-section-boxed elementor-section-height-default elementor-section-height-default\" data-id=\"89ef3ac\" data-element_type=\"section\">\n\t\t\t\t\t\t\t<div class=\"elementor-background-overlay\"><\/div>\n\t\t\t\t\t\t\t<div class=\"elementor-container elementor-column-gap-default\">\n\t\t\t\t\t<div class=\"elementor-column elementor-col-100 elementor-top-column elementor-element elementor-element-e076a23\" data-id=\"e076a23\" data-element_type=\"column\">\n\t\t\t<div class=\"elementor-widget-wrap elementor-element-populated\">\n\t\t\t\t\t\t\t\t<div class=\"elementor-element elementor-element-c7e6a46 elementor-widget elementor-widget-heading\" data-id=\"c7e6a46\" data-element_type=\"widget\" data-widget_type=\"heading.default\">\n\t\t\t\t<div class=\"elementor-widget-container\">\n\t\t\t<h3 class=\"elementor-heading-title elementor-size-default\">Eremitorio de la Camareta<\/h3>\t\t<\/div>\n\t\t\t\t<\/div>\n\t\t\t\t<div class=\"elementor-element elementor-element-bd15688 elementor-widget elementor-widget-google_maps\" data-id=\"bd15688\" data-element_type=\"widget\" data-widget_type=\"google_maps.default\">\n\t\t\t\t<div class=\"elementor-widget-container\">\n\t\t\t\t\t<div class=\"elementor-custom-embed\">\n\t\t\t<iframe loading=\"lazy\"\n\t\t\t\t\tsrc=\"https:\/\/maps.google.com\/maps?q=Eremitorio%20de%20la%20Camareta&#038;t=m&#038;z=15&#038;output=embed&#038;iwloc=near\"\n\t\t\t\t\ttitle=\"Eremitorio de la Camareta\"\n\t\t\t\t\taria-label=\"Eremitorio de la Camareta\"\n\t\t\t><\/iframe>\n\t\t<\/div>\n\t\t\t\t<\/div>\n\t\t\t\t<\/div>\n\t\t\t\t<div class=\"elementor-element elementor-element-3889d7b elementor-widget elementor-widget-text-editor\" data-id=\"3889d7b\" data-element_type=\"widget\" data-widget_type=\"text-editor.default\">\n\t\t\t\t<div class=\"elementor-widget-container\">\n\t\t\t\t\t\t\t<p><em>En la madrugada del d\u00eda de San Juan, dec\u00edan se aparec\u00eda una dama muy blanca de pelo muy largo y rubio sentada sobre una piedra al pie de la Camareta, pein\u00e1ndose con un peine de oro, y si alguien pasaba le preguntaba que si le gustaba m\u00e1s el peine o ella, y dicen que en cierta ocasi\u00f3n pas\u00f3 un pastor al que le hizo la pregunta respondiendo este que el peine, exclamando ella: \u00a1maldito seas, que por tu culpa seguir\u00e9 encantada!<\/em><br \/><em>Tradici\u00f3n oral.<\/em><\/p><p>La cueva de la Camareta se localiza en la zona del embalse de Camarillas, ubicada en una ladera, tallada sobre un farall\u00f3n rocoso, pr\u00f3xima a las localidades de Minas y Agram\u00f3n, en el t\u00e9rmino municipal de Hell\u00edn, paraje conocido como el Tesorico. \u00c9sta se localiza en uno de los contextos arqueol\u00f3gicos m\u00e1s importante de la Comarca. \u00a0<\/p><p>La cueva, inaccesible a d\u00eda de hoy debido a las aguas del pantano y la acci\u00f3n humana, presentaba una entrada monumental que daba lugar a tres estancias talladas en la roca, con una orientaci\u00f3n predominante E-O. En la entrada se halla la dependencia principal, siendo la mayor, de planta irregular y con una columna tallada, tambi\u00e9n presenta el techo cupulado, desde aqu\u00ed convergen las restantes, es irregular y con una columna tallada.<\/p>\t\t\t\t\t\t<\/div>\n\t\t\t\t<\/div>\n\t\t\t\t<div class=\"elementor-element elementor-element-1ba3ed5 elementor-widget elementor-widget-image\" data-id=\"1ba3ed5\" data-element_type=\"widget\" data-widget_type=\"image.default\">\n\t\t\t\t<div class=\"elementor-widget-container\">\n\t\t\t\t\t\t\t\t\t\t\t\t\t\t\t\t<a href=\"\/images\/360\/27\/index.htm\">\n\t\t\t\t\t\t\t<img loading=\"lazy\" decoding=\"async\" width=\"800\" height=\"267\" src=\"https:\/\/camposdehellinqr.com\/wp-content\/uploads\/2023\/09\/ECamareta.jpg\" class=\"attachment-large size-large wp-image-6077\" alt=\"\" srcset=\"https:\/\/camposdehellinqr.com\/wp-content\/uploads\/2023\/09\/ECamareta.jpg 800w, https:\/\/camposdehellinqr.com\/wp-content\/uploads\/2023\/09\/ECamareta-300x100.jpg 300w, https:\/\/camposdehellinqr.com\/wp-content\/uploads\/2023\/09\/ECamareta-768x256.jpg 768w\" sizes=\"auto, (max-width: 800px) 100vw, 800px\" \/>\t\t\t\t\t\t\t\t<\/a>\n\t\t\t\t\t\t\t\t\t\t\t\t\t\t\t<\/div>\n\t\t\t\t<\/div>\n\t\t\t\t<div class=\"elementor-element elementor-element-a56a1c7 elementor-widget elementor-widget-text-editor\" data-id=\"a56a1c7\" data-element_type=\"widget\" data-widget_type=\"text-editor.default\">\n\t\t\t\t<div class=\"elementor-widget-container\">\n\t\t\t\t\t\t\t<p><strong><a href=\"http:\/\/www.camposdehellinqr.com\/images\/360\/27\/index.htm\">Acceder a Visita Virtual 360\u00ba<\/a><\/strong><\/p>\t\t\t\t\t\t<\/div>\n\t\t\t\t<\/div>\n\t\t\t\t<div class=\"elementor-element elementor-element-dc941c8 elementor-widget elementor-widget-text-editor\" data-id=\"dc941c8\" data-element_type=\"widget\" data-widget_type=\"text-editor.default\">\n\t\t\t\t<div class=\"elementor-widget-container\">\n\t\t\t\t\t\t\t<p>Sus pareces muestran inscripciones visigodas e hispanomusulmanas referentes generalmente a temas religiosos, aunque las inscripciones m\u00e1s antiguas est\u00e1n realizadas con caracteres ib\u00e9ricos junto a unos caballos de muy buena factura.<\/p><p>La \u00e9poca en que podemos situarla cronol\u00f3gicamente es el siglo I de nuestra era, con especial profusi\u00f3n de inscripciones entre el siglo IV y VII, que unida a los or\u00edgenes del cristianismo pudo tomar la funci\u00f3n de eremitorio. Se evidencia un final violento hacia el siglo IX, comprobado por una actividad destructora, bien por motivos religiosos bien por militares, a los pies del eremitorio d\u00f3nde se observa claramente la destrucci\u00f3n del acceso al lugar.<\/p>\t\t\t\t\t\t<\/div>\n\t\t\t\t<\/div>\n\t\t\t\t<div class=\"elementor-element elementor-element-bc3be14 elementor-widget elementor-widget-image\" data-id=\"bc3be14\" data-element_type=\"widget\" data-widget_type=\"image.default\">\n\t\t\t\t<div class=\"elementor-widget-container\">\n\t\t\t\t\t\t\t\t\t\t\t\t\t\t\t<img loading=\"lazy\" decoding=\"async\" width=\"800\" height=\"374\" src=\"https:\/\/camposdehellinqr.com\/wp-content\/uploads\/2023\/09\/ECamareta2.jpg\" class=\"attachment-large size-large wp-image-6078\" alt=\"\" srcset=\"https:\/\/camposdehellinqr.com\/wp-content\/uploads\/2023\/09\/ECamareta2.jpg 800w, https:\/\/camposdehellinqr.com\/wp-content\/uploads\/2023\/09\/ECamareta2-300x140.jpg 300w, https:\/\/camposdehellinqr.com\/wp-content\/uploads\/2023\/09\/ECamareta2-768x359.jpg 768w\" sizes=\"auto, (max-width: 800px) 100vw, 800px\" \/>\t\t\t\t\t\t\t\t\t\t\t\t\t\t\t<\/div>\n\t\t\t\t<\/div>\n\t\t\t\t<div class=\"elementor-element elementor-element-bb106e4 elementor-widget elementor-widget-text-editor\" data-id=\"bb106e4\" data-element_type=\"widget\" data-widget_type=\"text-editor.default\">\n\t\t\t\t<div class=\"elementor-widget-container\">\n\t\t\t\t\t\t\t<p>La cueva de la Camareta debi\u00f3 resultar\u00a0 conocida por los \u00e1rabes desde el siglo XI, cuando se data la destrucci\u00f3n de la entrada monumental. Si bien no fuera seguramente un recinto de culto isl\u00e1mico \u00aboficial\u00bb, s\u00ed debi\u00f3 de ser lugar de recogimiento de alg\u00fan ermita\u00f1o, y es casi seguro que los viajeros o visitantes que a ella acudieron, aprovecharon su visita para cumplir con el precepto de la oraci\u00f3n, para meditar o pedir a Dios su ayuda. Muestra de ello son las numeros\u00edsimas invocaciones a la divinidad y a su profeta Mahoma.<\/p><p>A partir de entonces pareci\u00f3 abandonarse quedando simplemente como una pintoresca atracci\u00f3n tur\u00edstica para los viajeros que pasaban por las inmediaciones y quer\u00edan dejar constancia de su paso all\u00ed.<\/p><p>Declarada \u201cBien de Inter\u00e9s Cultural\u201d por la multitud de inscripciones y grafittis en sus paredes, el lugar se puede considerar como un museo de la escritura, con ejemplos que van desde el alfabeto ib\u00e9rico hasta tipos gr\u00e1ficos contempor\u00e1neos en distintos idiomas. En este variado muestrario las inscripciones latinas aparecen repartidas por\u00a0 las paredes y, en ocasiones, mezcladas unas con otras, habi\u00e9ndose reutilizado, el espacio para m\u00e1s de una inscripci\u00f3n.\u00a0 Los ep\u00edgrafes latinos son numerosos, de diversas manos de visitantes que en bastantes ocasiones nos\u00a0 han dejado adem\u00e1s de las pocas\u00a0 palabras\u00a0 con su mensaje, su propio nombre, al igual que los visitantes contempor\u00e1neos; si bien \u00e9stos no guardan generalmente una m\u00ednima consideraci\u00f3n hacia sus predecesores, reescribiendo en los\u00a0 mismos lugares y da\u00f1ando sistem\u00e1tica y progresivamente estos documentos gr\u00e1ficos de valor hist\u00f3rico y cultural indudable. <br \/>Puede decirse que las\u00a0 inscripciones\u00a0 latinas\u00a0 son mayoritariamente de \u00e9poca tardorromana\u00a0 y visigoda siendo las mas antiguas las encontradas en las columnas y en el lienzo izquierdo de la estancia mayor. Es dif\u00edcil precisar\u00a0 la\u00a0 cronolog\u00eda pero podemos\u00a0 se\u00f1alar que se desarrollan en un espacio de tiempo que abarca desde los SS. III-IV al VII, hasta la irrupci\u00f3n de los ep\u00edgrafes \u00e1rabes, que marcan el final de los textos latinos, aunque no posiblemente el final de la utilizaci\u00f3n de la cueva como eremitorio.<\/p><p>Es destacable adem\u00e1s la representaci\u00f3n de \u00e9quidos, felinos, palm\u00edpedos, barcos, jinetes y otros dibujos abstractos y simb\u00f3licos.<\/p>\t\t\t\t\t\t<\/div>\n\t\t\t\t<\/div>\n\t\t\t\t\t<\/div>\n\t\t<\/div>\n\t\t\t\t\t\t\t<\/div>\n\t\t<\/section>\n\t\t\t\t\t\t\t<\/div>\n\t\t","protected":false},"excerpt":{"rendered":"<p>Eremitorio de la Camareta En la madrugada del d\u00eda de San Juan, dec\u00edan se aparec\u00eda una dama muy blanca de pelo muy largo y rubio sentada sobre una piedra al pie de la Camareta, pein\u00e1ndose con un peine de oro, y si alguien pasaba le preguntaba que si le gustaba m\u00e1s el peine o ella, &hellip;<\/p>\n<p class=\"read-more\"> <a class=\"\" href=\"https:\/\/camposdehellinqr.com\/index.php\/eremitorio-de-la-camareta\/\"> <span class=\"screen-reader-text\">Eremitorio de la Camareta<\/span> Leer m\u00e1s &raquo;<\/a><\/p>\n","protected":false},"author":1,"featured_media":0,"parent":0,"menu_order":0,"comment_status":"closed","ping_status":"closed","template":"","meta":{"site-sidebar-layout":"no-sidebar","site-content-layout":"page-builder","ast-site-content-layout":"full-width-container","site-content-style":"default","site-sidebar-style":"default","ast-global-header-display":"","ast-banner-title-visibility":"","ast-main-header-display":"","ast-hfb-above-header-display":"","ast-hfb-below-header-display":"","ast-hfb-mobile-header-display":"","site-post-title":"disabled","ast-breadcrumbs-content":"","ast-featured-img":"disabled","footer-sml-layout":"","theme-transparent-header-meta":"","adv-header-id-meta":"","stick-header-meta":"","header-above-stick-meta":"","header-main-stick-meta":"","header-below-stick-meta":"","astra-migrate-meta-layouts":"set","footnotes":""},"class_list":["post-6144","page","type-page","status-publish","hentry"],"yoast_head":"<!-- This site is optimized with the Yoast SEO Premium plugin v20.0 (Yoast SEO v21.3) - https:\/\/yoast.com\/wordpress\/plugins\/seo\/ -->\n<title>Eremitorio de la Camareta - Campos de Hell\u00edn QR<\/title>\n<meta name=\"robots\" content=\"index, follow, max-snippet:-1, max-image-preview:large, max-video-preview:-1\" \/>\n<link rel=\"canonical\" href=\"https:\/\/camposdehellinqr.com\/index.php\/eremitorio-de-la-camareta\/\" \/>\n<meta property=\"og:locale\" content=\"es_ES\" \/>\n<meta property=\"og:type\" content=\"article\" \/>\n<meta property=\"og:title\" content=\"Eremitorio de la Camareta\" \/>\n<meta property=\"og:description\" content=\"Eremitorio de la Camareta En la madrugada del d\u00eda de San Juan, dec\u00edan se aparec\u00eda una dama muy blanca de pelo muy largo y rubio sentada sobre una piedra al pie de la Camareta, pein\u00e1ndose con un peine de oro, y si alguien pasaba le preguntaba que si le gustaba m\u00e1s el peine o ella, &hellip; Eremitorio de la Camareta Leer m\u00e1s &raquo;\" \/>\n<meta property=\"og:url\" content=\"https:\/\/camposdehellinqr.com\/index.php\/eremitorio-de-la-camareta\/\" \/>\n<meta property=\"og:site_name\" content=\"Campos de Hell\u00edn QR\" \/>\n<meta property=\"article:modified_time\" content=\"2023-09-19T17:36:16+00:00\" \/>\n<meta property=\"og:image\" content=\"https:\/\/camposdehellinqr.com\/wp-content\/uploads\/2023\/09\/ECamareta.jpg\" \/>\n<meta name=\"twitter:card\" content=\"summary_large_image\" \/>\n<meta name=\"twitter:label1\" content=\"Tiempo de lectura\" \/>\n\t<meta name=\"twitter:data1\" content=\"4 minutos\" \/>\n<script type=\"application\/ld+json\" class=\"yoast-schema-graph\">{\"@context\":\"https:\/\/schema.org\",\"@graph\":[{\"@type\":\"WebPage\",\"@id\":\"https:\/\/camposdehellinqr.com\/index.php\/eremitorio-de-la-camareta\/\",\"url\":\"https:\/\/camposdehellinqr.com\/index.php\/eremitorio-de-la-camareta\/\",\"name\":\"Eremitorio de la Camareta - Campos de Hell\u00edn QR\",\"isPartOf\":{\"@id\":\"https:\/\/camposdehellinqr.com\/#website\"},\"datePublished\":\"2023-09-19T10:30:51+00:00\",\"dateModified\":\"2023-09-19T17:36:16+00:00\",\"breadcrumb\":{\"@id\":\"https:\/\/camposdehellinqr.com\/index.php\/eremitorio-de-la-camareta\/#breadcrumb\"},\"inLanguage\":\"es\",\"potentialAction\":[{\"@type\":\"ReadAction\",\"target\":[\"https:\/\/camposdehellinqr.com\/index.php\/eremitorio-de-la-camareta\/\"]}]},{\"@type\":\"BreadcrumbList\",\"@id\":\"https:\/\/camposdehellinqr.com\/index.php\/eremitorio-de-la-camareta\/#breadcrumb\",\"itemListElement\":[{\"@type\":\"ListItem\",\"position\":1,\"name\":\"Home\",\"item\":\"https:\/\/camposdehellinqr.com\/\"},{\"@type\":\"ListItem\",\"position\":2,\"name\":\"Eremitorio de la Camareta\"}]},{\"@type\":\"WebSite\",\"@id\":\"https:\/\/camposdehellinqr.com\/#website\",\"url\":\"https:\/\/camposdehellinqr.com\/\",\"name\":\"Campos de Hell\u00edn QR\",\"description\":\"La comarca Campos de Hell\u00edn en 360\u00ba\",\"publisher\":{\"@id\":\"https:\/\/camposdehellinqr.com\/#organization\"},\"potentialAction\":[{\"@type\":\"SearchAction\",\"target\":{\"@type\":\"EntryPoint\",\"urlTemplate\":\"https:\/\/camposdehellinqr.com\/?s={search_term_string}\"},\"query-input\":\"required name=search_term_string\"}],\"inLanguage\":\"es\"},{\"@type\":\"Organization\",\"@id\":\"https:\/\/camposdehellinqr.com\/#organization\",\"name\":\"Campos de Hell\u00edn QR\",\"url\":\"https:\/\/camposdehellinqr.com\/\",\"logo\":{\"@type\":\"ImageObject\",\"inLanguage\":\"es\",\"@id\":\"https:\/\/camposdehellinqr.com\/#\/schema\/logo\/image\/\",\"url\":\"https:\/\/camposdehellinqr.com\/wp-content\/uploads\/2020\/02\/logoqr.png\",\"contentUrl\":\"https:\/\/camposdehellinqr.com\/wp-content\/uploads\/2020\/02\/logoqr.png\",\"width\":300,\"height\":50,\"caption\":\"Campos de Hell\u00edn QR\"},\"image\":{\"@id\":\"https:\/\/camposdehellinqr.com\/#\/schema\/logo\/image\/\"}}]}<\/script>\n<!-- \/ Yoast SEO Premium plugin. -->","yoast_head_json":{"title":"Eremitorio de la Camareta - Campos de Hell\u00edn QR","robots":{"index":"index","follow":"follow","max-snippet":"max-snippet:-1","max-image-preview":"max-image-preview:large","max-video-preview":"max-video-preview:-1"},"canonical":"https:\/\/camposdehellinqr.com\/index.php\/eremitorio-de-la-camareta\/","og_locale":"es_ES","og_type":"article","og_title":"Eremitorio de la Camareta","og_description":"Eremitorio de la Camareta En la madrugada del d\u00eda de San Juan, dec\u00edan se aparec\u00eda una dama muy blanca de pelo muy largo y rubio sentada sobre una piedra al pie de la Camareta, pein\u00e1ndose con un peine de oro, y si alguien pasaba le preguntaba que si le gustaba m\u00e1s el peine o ella, &hellip; Eremitorio de la Camareta Leer m\u00e1s &raquo;","og_url":"https:\/\/camposdehellinqr.com\/index.php\/eremitorio-de-la-camareta\/","og_site_name":"Campos de Hell\u00edn QR","article_modified_time":"2023-09-19T17:36:16+00:00","og_image":[{"url":"https:\/\/camposdehellinqr.com\/wp-content\/uploads\/2023\/09\/ECamareta.jpg"}],"twitter_card":"summary_large_image","twitter_misc":{"Tiempo de lectura":"4 minutos"},"schema":{"@context":"https:\/\/schema.org","@graph":[{"@type":"WebPage","@id":"https:\/\/camposdehellinqr.com\/index.php\/eremitorio-de-la-camareta\/","url":"https:\/\/camposdehellinqr.com\/index.php\/eremitorio-de-la-camareta\/","name":"Eremitorio de la Camareta - Campos de Hell\u00edn QR","isPartOf":{"@id":"https:\/\/camposdehellinqr.com\/#website"},"datePublished":"2023-09-19T10:30:51+00:00","dateModified":"2023-09-19T17:36:16+00:00","breadcrumb":{"@id":"https:\/\/camposdehellinqr.com\/index.php\/eremitorio-de-la-camareta\/#breadcrumb"},"inLanguage":"es","potentialAction":[{"@type":"ReadAction","target":["https:\/\/camposdehellinqr.com\/index.php\/eremitorio-de-la-camareta\/"]}]},{"@type":"BreadcrumbList","@id":"https:\/\/camposdehellinqr.com\/index.php\/eremitorio-de-la-camareta\/#breadcrumb","itemListElement":[{"@type":"ListItem","position":1,"name":"Home","item":"https:\/\/camposdehellinqr.com\/"},{"@type":"ListItem","position":2,"name":"Eremitorio de la Camareta"}]},{"@type":"WebSite","@id":"https:\/\/camposdehellinqr.com\/#website","url":"https:\/\/camposdehellinqr.com\/","name":"Campos de Hell\u00edn QR","description":"La comarca Campos de Hell\u00edn en 360\u00ba","publisher":{"@id":"https:\/\/camposdehellinqr.com\/#organization"},"potentialAction":[{"@type":"SearchAction","target":{"@type":"EntryPoint","urlTemplate":"https:\/\/camposdehellinqr.com\/?s={search_term_string}"},"query-input":"required name=search_term_string"}],"inLanguage":"es"},{"@type":"Organization","@id":"https:\/\/camposdehellinqr.com\/#organization","name":"Campos de Hell\u00edn QR","url":"https:\/\/camposdehellinqr.com\/","logo":{"@type":"ImageObject","inLanguage":"es","@id":"https:\/\/camposdehellinqr.com\/#\/schema\/logo\/image\/","url":"https:\/\/camposdehellinqr.com\/wp-content\/uploads\/2020\/02\/logoqr.png","contentUrl":"https:\/\/camposdehellinqr.com\/wp-content\/uploads\/2020\/02\/logoqr.png","width":300,"height":50,"caption":"Campos de Hell\u00edn QR"},"image":{"@id":"https:\/\/camposdehellinqr.com\/#\/schema\/logo\/image\/"}}]}},"_links":{"self":[{"href":"https:\/\/camposdehellinqr.com\/index.php\/wp-json\/wp\/v2\/pages\/6144","targetHints":{"allow":["GET"]}}],"collection":[{"href":"https:\/\/camposdehellinqr.com\/index.php\/wp-json\/wp\/v2\/pages"}],"about":[{"href":"https:\/\/camposdehellinqr.com\/index.php\/wp-json\/wp\/v2\/types\/page"}],"author":[{"embeddable":true,"href":"https:\/\/camposdehellinqr.com\/index.php\/wp-json\/wp\/v2\/users\/1"}],"replies":[{"embeddable":true,"href":"https:\/\/camposdehellinqr.com\/index.php\/wp-json\/wp\/v2\/comments?post=6144"}],"version-history":[{"count":5,"href":"https:\/\/camposdehellinqr.com\/index.php\/wp-json\/wp\/v2\/pages\/6144\/revisions"}],"predecessor-version":[{"id":6483,"href":"https:\/\/camposdehellinqr.com\/index.php\/wp-json\/wp\/v2\/pages\/6144\/revisions\/6483"}],"wp:attachment":[{"href":"https:\/\/camposdehellinqr.com\/index.php\/wp-json\/wp\/v2\/media?parent=6144"}],"curies":[{"name":"wp","href":"https:\/\/api.w.org\/{rel}","templated":true}]}}