{"id":6197,"date":"2023-09-19T10:40:39","date_gmt":"2023-09-19T10:40:39","guid":{"rendered":"https:\/\/camposdehellinqr.com\/?page_id=6197"},"modified":"2023-09-19T17:37:44","modified_gmt":"2023-09-19T17:37:44","slug":"nava-de-campana","status":"publish","type":"page","link":"https:\/\/camposdehellinqr.com\/index.php\/nava-de-campana\/","title":{"rendered":"Nava de Campa\u00f1a"},"content":{"rendered":"\t\t<div data-elementor-type=\"wp-page\" data-elementor-id=\"6197\" class=\"elementor elementor-6197\" data-elementor-post-type=\"page\">\n\t\t\t\t\t\t\t\t\t<section class=\"elementor-section elementor-top-section elementor-element elementor-element-89ef3ac elementor-section-boxed elementor-section-height-default elementor-section-height-default\" data-id=\"89ef3ac\" data-element_type=\"section\">\n\t\t\t\t\t\t\t<div class=\"elementor-background-overlay\"><\/div>\n\t\t\t\t\t\t\t<div class=\"elementor-container elementor-column-gap-default\">\n\t\t\t\t\t<div class=\"elementor-column elementor-col-100 elementor-top-column elementor-element elementor-element-e076a23\" data-id=\"e076a23\" data-element_type=\"column\">\n\t\t\t<div class=\"elementor-widget-wrap elementor-element-populated\">\n\t\t\t\t\t\t\t\t<div class=\"elementor-element elementor-element-c7e6a46 elementor-widget elementor-widget-heading\" data-id=\"c7e6a46\" data-element_type=\"widget\" data-widget_type=\"heading.default\">\n\t\t\t\t<div class=\"elementor-widget-container\">\n\t\t\t<h3 class=\"elementor-heading-title elementor-size-default\">Nava de Campa\u00f1a<\/h3>\t\t<\/div>\n\t\t\t\t<\/div>\n\t\t\t\t<div class=\"elementor-element elementor-element-bd15688 elementor-widget elementor-widget-google_maps\" data-id=\"bd15688\" data-element_type=\"widget\" data-widget_type=\"google_maps.default\">\n\t\t\t\t<div class=\"elementor-widget-container\">\n\t\t\t\t\t<div class=\"elementor-custom-embed\">\n\t\t\t<iframe loading=\"lazy\"\n\t\t\t\t\tsrc=\"https:\/\/maps.google.com\/maps?q=Nava%20de%20Campa%C3%B1a&#038;t=m&#038;z=16&#038;output=embed&#038;iwloc=near\"\n\t\t\t\t\ttitle=\"Nava de Campa\u00f1a\"\n\t\t\t\t\taria-label=\"Nava de Campa\u00f1a\"\n\t\t\t><\/iframe>\n\t\t<\/div>\n\t\t\t\t<\/div>\n\t\t\t\t<\/div>\n\t\t\t\t<div class=\"elementor-element elementor-element-3889d7b elementor-widget elementor-widget-text-editor\" data-id=\"3889d7b\" data-element_type=\"widget\" data-widget_type=\"text-editor.default\">\n\t\t\t\t<div class=\"elementor-widget-container\">\n\t\t\t\t\t\t\t<p>Ca\u00f1ada de Agra, Mingogil y Nava de Campa\u00f1a son los pueblos construidos a partir de <strong>1962<\/strong> por el <strong>Instituto Nacional de Colonizaci\u00f3n (INC)<\/strong> en la zona dominada por el canal de Hell\u00edn, que lleva el nombre de Juan Mart\u00ednez Parras porque fue el alcalde que comenz\u00f3 en 1927 las gestiones para abastecer a la ciudad con agua del r\u00edo Mundo.<\/p>\t\t\t\t\t\t<\/div>\n\t\t\t\t<\/div>\n\t\t\t\t<div class=\"elementor-element elementor-element-1ba3ed5 elementor-widget elementor-widget-image\" data-id=\"1ba3ed5\" data-element_type=\"widget\" data-widget_type=\"image.default\">\n\t\t\t\t<div class=\"elementor-widget-container\">\n\t\t\t\t\t\t\t\t\t\t\t\t\t\t\t\t<a href=\"\/images\/360\/50\/index.htm\">\n\t\t\t\t\t\t\t<img loading=\"lazy\" decoding=\"async\" width=\"800\" height=\"376\" src=\"https:\/\/camposdehellinqr.com\/wp-content\/uploads\/2023\/09\/campana.jpg\" class=\"attachment-large size-large wp-image-6101\" alt=\"\" srcset=\"https:\/\/camposdehellinqr.com\/wp-content\/uploads\/2023\/09\/campana.jpg 800w, https:\/\/camposdehellinqr.com\/wp-content\/uploads\/2023\/09\/campana-300x141.jpg 300w, https:\/\/camposdehellinqr.com\/wp-content\/uploads\/2023\/09\/campana-768x361.jpg 768w\" sizes=\"auto, (max-width: 800px) 100vw, 800px\" \/>\t\t\t\t\t\t\t\t<\/a>\n\t\t\t\t\t\t\t\t\t\t\t\t\t\t\t<\/div>\n\t\t\t\t<\/div>\n\t\t\t\t<div class=\"elementor-element elementor-element-a56a1c7 elementor-widget elementor-widget-text-editor\" data-id=\"a56a1c7\" data-element_type=\"widget\" data-widget_type=\"text-editor.default\">\n\t\t\t\t<div class=\"elementor-widget-container\">\n\t\t\t\t\t\t\t<p><strong><a href=\"http:\/\/www.camposdehellinqr.com\/images\/360\/50\/index.htm\">Acceder a Visita Virtual 360\u00ba<\/a><\/strong><\/p>\t\t\t\t\t\t<\/div>\n\t\t\t\t<\/div>\n\t\t\t\t<div class=\"elementor-element elementor-element-dc941c8 elementor-widget elementor-widget-text-editor\" data-id=\"dc941c8\" data-element_type=\"widget\" data-widget_type=\"text-editor.default\">\n\t\t\t\t<div class=\"elementor-widget-container\">\n\t\t\t\t\t\t\t<p>La colonizaci\u00f3n de la zona dominada por el canal de Hell\u00edn fue declarada de alto inter\u00e9s nacional por el decreto de 6 de julio de 1956 del Consejo de Ministros \u201cpara compensaci\u00f3n y traslado de las familias de cultivadores afectados por las expropiaciones de los terrenos que constituyen los vasos de los pantanos de Camarillas y Cenajo\u2026(20 a\u00f1os antes) por Orden del Ministerio de Obras P\u00fablicas y Comunicaciones, de 20 de enero de 1936, se concedi\u00f3 al Sindicato de Riegos de Hell\u00edn un caudal de un metro c\u00fabico de agua por segundo, a derivar del r\u00edo Mundo, con destino al abastecimiento de la poblaci\u00f3n de Hell\u00edn y para el riego de 2.970 hect\u00e1reas\u2026Por la regularizaci\u00f3n del caudal de agua rodada concedido y la posibilidad de reforzarlo con aguas subterr\u00e1neas alumbras\u201d la extensi\u00f3n transformable en regad\u00edo fue de 4.440 hect\u00e1reas, de las que 1.755 fueron repartidas a unos 200 colonos entre 1966 y 1972.<\/p>\t\t\t\t\t\t<\/div>\n\t\t\t\t<\/div>\n\t\t\t\t<div class=\"elementor-element elementor-element-8436b9b elementor-widget elementor-widget-image\" data-id=\"8436b9b\" data-element_type=\"widget\" data-widget_type=\"image.default\">\n\t\t\t\t<div class=\"elementor-widget-container\">\n\t\t\t\t\t\t\t\t\t\t\t\t\t\t\t<img loading=\"lazy\" decoding=\"async\" width=\"800\" height=\"566\" src=\"https:\/\/camposdehellinqr.com\/wp-content\/uploads\/2023\/09\/canal-2.jpg\" class=\"attachment-large size-large wp-image-6103\" alt=\"\" srcset=\"https:\/\/camposdehellinqr.com\/wp-content\/uploads\/2023\/09\/canal-2.jpg 800w, https:\/\/camposdehellinqr.com\/wp-content\/uploads\/2023\/09\/canal-2-300x212.jpg 300w, https:\/\/camposdehellinqr.com\/wp-content\/uploads\/2023\/09\/canal-2-768x543.jpg 768w\" sizes=\"auto, (max-width: 800px) 100vw, 800px\" \/>\t\t\t\t\t\t\t\t\t\t\t\t\t\t\t<\/div>\n\t\t\t\t<\/div>\n\t\t\t\t<div class=\"elementor-element elementor-element-ed913d3 elementor-widget elementor-widget-text-editor\" data-id=\"ed913d3\" data-element_type=\"widget\" data-widget_type=\"text-editor.default\">\n\t\t\t\t<div class=\"elementor-widget-container\">\n\t\t\t\t\t\t\t<p>El pueblo de <strong>Nava de Campa\u00f1a<\/strong> est\u00e1 en un de los llanos cultivados entre cerros, que se denominan \u201cnava\u201d. Esta finca perteneci\u00f3 al top\u00f3grafo Jos\u00e9 Tom\u00e1s, apodado por su tienda de \u201ccampa\u00f1a\u201d. Fue proyectado en 1959 por el arquitecto Jes\u00fas Ayuso Tejerizo, tambi\u00e9n autor de Mingogil. Re\u00fane 134 viviendas para colonos y 13 destinadas a obreros agr\u00edcolas, siendo el que acoge m\u00e1s poblaci\u00f3n. Se emplaz\u00f3 junto a la \u201cVereda de los Valencianos\u201d, que entonces el INC convirti\u00f3 en carretera, y desde la que se accede directamente a los edificios de la hermandad sindical, situado en el extremo oeste, y a la zona central donde se aglutinan los edificios p\u00fablicos, entorno a peque\u00f1as plazas, junto a los locales comerciales, las viviendas de los funcionarios y las viviendas de los obreros agr\u00edcolas. Mientras que las viviendas de los colonos se agrupan en manzanas, en n\u00famero de ocho mayoritariamente, apoyadas sobre dos viales, paralelos a la carretera, que jerarquizan la circulaci\u00f3n, accedi\u00e9ndose a las parcelas desde las traves\u00edas. As\u00ed las fachadas de las viviendas dan a calles con poco tr\u00e1fico y con m\u00e1s espacios libres que permiten peque\u00f1os jardines junto a las aceras.<\/p>\t\t\t\t\t\t<\/div>\n\t\t\t\t<\/div>\n\t\t\t\t<div class=\"elementor-element elementor-element-0538404 elementor-widget elementor-widget-image\" data-id=\"0538404\" data-element_type=\"widget\" data-widget_type=\"image.default\">\n\t\t\t\t<div class=\"elementor-widget-container\">\n\t\t\t\t\t\t\t\t\t\t\t\t\t\t\t<img loading=\"lazy\" decoding=\"async\" width=\"635\" height=\"412\" src=\"https:\/\/camposdehellinqr.com\/wp-content\/uploads\/2023\/09\/campana2.jpg\" class=\"attachment-large size-large wp-image-6102\" alt=\"\" srcset=\"https:\/\/camposdehellinqr.com\/wp-content\/uploads\/2023\/09\/campana2.jpg 635w, https:\/\/camposdehellinqr.com\/wp-content\/uploads\/2023\/09\/campana2-300x195.jpg 300w\" sizes=\"auto, (max-width: 635px) 100vw, 635px\" \/>\t\t\t\t\t\t\t\t\t\t\t\t\t\t\t<\/div>\n\t\t\t\t<\/div>\n\t\t\t\t<div class=\"elementor-element elementor-element-d252d49 elementor-widget elementor-widget-text-editor\" data-id=\"d252d49\" data-element_type=\"widget\" data-widget_type=\"text-editor.default\">\n\t\t\t\t<div class=\"elementor-widget-container\">\n\t\t\t\t\t\t\t<div id=\"sp-message-area\" class=\"span12\">\n<section id=\"sp-component-area-wrapper\" class=\" \">\n<div id=\"component-area\" class=\"row-fluid\">\n<div id=\"sp-component-area\" class=\"span12\">\n<section id=\"sp-component-wrapper\">\n<div id=\"sp-component\">\n<article class=\"item-page post-82 post hentry status-publish category-hellin \">\n<section class=\"entry-content\">\n<div class=\"content clearfix\"><span style=\"color: #000000;\"><span style=\"font-size: 12pt;\">Los <strong>edificios p\u00fablicos<\/strong>\n originales est\u00e1n vinculados a peque\u00f1as plazas. En la m\u00e1s centrada est\u00e1 \nel edificio social con sal\u00f3n de actos, bar y casa para el conserje \nencargado, adem\u00e1s de locales comerciales; las viviendas para maestros y \nlos dos edificios escolares y se enfrentan a sendos jardines; y junto a \nla carretera en la plaza Mayor se muestran hacia el exterior los \nedificios m\u00e1s representativos: el de la administraci\u00f3n y la iglesia, \ndedicada a San Francisco.<\/span><\/span>\n<p><span style=\"font-size: 12pt; color: #000000;\">En los pueblos de \ncolonizaci\u00f3n se da gran significaci\u00f3n al edificio de la administraci\u00f3n, \ncon locales para correos, juzgado, despachos, sal\u00f3n de actos y vivienda \npara el funcionario, porque fueron proyectados para albergar los \nayuntamientos de las entidades locales menores, como se propuso para el \ncaso de Hell\u00edn, pero el Ayuntamiento del municipio asumi\u00f3 en 1980 los \nservicios p\u00fablicos que hab\u00edan sido competencia del INC.<\/span><\/p>\n<p><span style=\"font-size: 12pt; color: #000000;\">Las <strong>unidades de explotaci\u00f3n<\/strong>\n son (por lo general, en los 300 pueblos del INC) de 4 a 5 hect\u00e1reas de \nregad\u00edo y el solar urbano destinado al colono para su vivienda y \ndependencias agr\u00edcolas propias es de 450 a 600 metros cuadrados<\/span><\/p>\n<p><span style=\"font-size: 12pt; color: #000000;\">Dos son los tipos de \nviviendas que se adoptaron para los colonos aqu\u00ed, al igual que en \nMingogil. El primero consta de dos alturas, la planta baja con porche \nalberga las dependencias de sal\u00f3n comedor, cocina, despensa, un \ndormitorio y aseo, distribuy\u00e9ndose en la plana superior dos dormitorios.\n El segundo modelo incorpora una habitaci\u00f3n m\u00e1s en el piso superior, \nresultando as\u00ed una superficie \u00fatil para toda la vivienda de 99 m2, \nsiendo la construida de 127 m2, frente a los 82 y 109 m2 respectivamente\n de las primeras.<\/span><\/p>\n<p><span style=\"font-size: 12pt; color: #000000;\">Las viviendas para \ncolonos se completan con todas las dependencias agr\u00edcolas necesarias \npara al explotaci\u00f3n de la tierra, que se distribuyen alrededor de un \ngran patio. y constituyen un edificio con planta en forma de L y dos \nalturas, alberga en planta alta el pajar y en la baja el cobertizo para \nel carro, la cuadra, el almac\u00e9n de aperos, la cochiquera y el gallinero y\n porche con cocina para la matanza. La superficie total de la parcela de\n una son 600 m2, incluyendo la parte habitada y las instalaciones de uso\n agr\u00edcola.<\/span><\/p>\n<p><span style=\"font-size: 12pt; color: #000000;\">Adem\u00e1s de las \nanteriores, se construy\u00f3 un modelo de vivienda m\u00e1s sencillo para los \nobreros agr\u00edcolas, todas ellas reunidas en la misma manzana. Se trata de\n al igual que las otras, de un edificio de dos plantas, formada la \nprimera por el porche, sal\u00f3n comedor, cocina, despensa y dormitorio, y \nla segunda constituida por dos dormitorio y el cuarto de aseo; con una \nsuperficie \u00fatil y construida de 69 y 94 m2 respectivamente.<\/span><\/p>\n<p><span style=\"font-size: 12pt; color: #000000;\">La totalidad de las \nedificaciones han sido tratadas desde el punto de vista constructivo, \ncon gran simplicidad, buscando un sencillo y f\u00e1cil efecto est\u00e9tico con \nel juego de vol\u00famenes y colores. Esto se ha conseguido a trav\u00e9s de la \ncombinaci\u00f3n de distintas alturas, de par\u00e1metros retranqueados (porche) y\n voladizos, as\u00ed como por las diferencias de los materiales empleados en \nsu construcci\u00f3n, que alternan las superficies de ladrillo caravista con \nlas encaladas. (Gregorio Canales y David Jerez, 1993)<\/span><\/p><\/div>\n<\/section>\n<\/article>\n<\/div>\n<\/section>\n<\/div>\n<\/div>\n<\/section>\n<\/div>\t\t\t\t\t\t<\/div>\n\t\t\t\t<\/div>\n\t\t\t\t\t<\/div>\n\t\t<\/div>\n\t\t\t\t\t\t\t<\/div>\n\t\t<\/section>\n\t\t\t\t\t\t\t<\/div>\n\t\t","protected":false},"excerpt":{"rendered":"<p>Nava de Campa\u00f1a Ca\u00f1ada de Agra, Mingogil y Nava de Campa\u00f1a son los pueblos construidos a partir de 1962 por el Instituto Nacional de Colonizaci\u00f3n (INC) en la zona dominada por el canal de Hell\u00edn, que lleva el nombre de Juan Mart\u00ednez Parras porque fue el alcalde que comenz\u00f3 en 1927 las gestiones para abastecer &hellip;<\/p>\n<p class=\"read-more\"> <a class=\"\" href=\"https:\/\/camposdehellinqr.com\/index.php\/nava-de-campana\/\"> <span class=\"screen-reader-text\">Nava de Campa\u00f1a<\/span> Leer m\u00e1s &raquo;<\/a><\/p>\n","protected":false},"author":1,"featured_media":0,"parent":0,"menu_order":0,"comment_status":"closed","ping_status":"closed","template":"","meta":{"site-sidebar-layout":"no-sidebar","site-content-layout":"page-builder","ast-site-content-layout":"full-width-container","site-content-style":"default","site-sidebar-style":"default","ast-global-header-display":"","ast-banner-title-visibility":"","ast-main-header-display":"","ast-hfb-above-header-display":"","ast-hfb-below-header-display":"","ast-hfb-mobile-header-display":"","site-post-title":"disabled","ast-breadcrumbs-content":"","ast-featured-img":"disabled","footer-sml-layout":"","theme-transparent-header-meta":"","adv-header-id-meta":"","stick-header-meta":"","header-above-stick-meta":"","header-main-stick-meta":"","header-below-stick-meta":"","astra-migrate-meta-layouts":"set","footnotes":""},"class_list":["post-6197","page","type-page","status-publish","hentry"],"yoast_head":"<!-- This site is optimized with the Yoast SEO Premium plugin v20.0 (Yoast SEO v21.3) - https:\/\/yoast.com\/wordpress\/plugins\/seo\/ -->\n<title>Nava de Campa\u00f1a - Campos de Hell\u00edn QR<\/title>\n<meta name=\"robots\" content=\"index, follow, max-snippet:-1, max-image-preview:large, max-video-preview:-1\" \/>\n<link rel=\"canonical\" href=\"https:\/\/camposdehellinqr.com\/index.php\/nava-de-campana\/\" \/>\n<meta property=\"og:locale\" content=\"es_ES\" \/>\n<meta property=\"og:type\" content=\"article\" \/>\n<meta property=\"og:title\" content=\"Nava de Campa\u00f1a\" \/>\n<meta property=\"og:description\" content=\"Nava de Campa\u00f1a Ca\u00f1ada de Agra, Mingogil y Nava de Campa\u00f1a son los pueblos construidos a partir de 1962 por el Instituto Nacional de Colonizaci\u00f3n (INC) en la zona dominada por el canal de Hell\u00edn, que lleva el nombre de Juan Mart\u00ednez Parras porque fue el alcalde que comenz\u00f3 en 1927 las gestiones para abastecer &hellip; Nava de Campa\u00f1a Leer m\u00e1s &raquo;\" \/>\n<meta property=\"og:url\" content=\"https:\/\/camposdehellinqr.com\/index.php\/nava-de-campana\/\" \/>\n<meta property=\"og:site_name\" content=\"Campos de Hell\u00edn QR\" \/>\n<meta property=\"article:modified_time\" content=\"2023-09-19T17:37:44+00:00\" \/>\n<meta property=\"og:image\" content=\"https:\/\/camposdehellinqr.com\/wp-content\/uploads\/2023\/09\/campana.jpg\" \/>\n<meta name=\"twitter:card\" content=\"summary_large_image\" \/>\n<meta name=\"twitter:label1\" content=\"Tiempo de lectura\" \/>\n\t<meta name=\"twitter:data1\" content=\"5 minutos\" \/>\n<script type=\"application\/ld+json\" class=\"yoast-schema-graph\">{\"@context\":\"https:\/\/schema.org\",\"@graph\":[{\"@type\":\"WebPage\",\"@id\":\"https:\/\/camposdehellinqr.com\/index.php\/nava-de-campana\/\",\"url\":\"https:\/\/camposdehellinqr.com\/index.php\/nava-de-campana\/\",\"name\":\"Nava de Campa\u00f1a - Campos de Hell\u00edn QR\",\"isPartOf\":{\"@id\":\"https:\/\/camposdehellinqr.com\/#website\"},\"datePublished\":\"2023-09-19T10:40:39+00:00\",\"dateModified\":\"2023-09-19T17:37:44+00:00\",\"breadcrumb\":{\"@id\":\"https:\/\/camposdehellinqr.com\/index.php\/nava-de-campana\/#breadcrumb\"},\"inLanguage\":\"es\",\"potentialAction\":[{\"@type\":\"ReadAction\",\"target\":[\"https:\/\/camposdehellinqr.com\/index.php\/nava-de-campana\/\"]}]},{\"@type\":\"BreadcrumbList\",\"@id\":\"https:\/\/camposdehellinqr.com\/index.php\/nava-de-campana\/#breadcrumb\",\"itemListElement\":[{\"@type\":\"ListItem\",\"position\":1,\"name\":\"Home\",\"item\":\"https:\/\/camposdehellinqr.com\/\"},{\"@type\":\"ListItem\",\"position\":2,\"name\":\"Nava de Campa\u00f1a\"}]},{\"@type\":\"WebSite\",\"@id\":\"https:\/\/camposdehellinqr.com\/#website\",\"url\":\"https:\/\/camposdehellinqr.com\/\",\"name\":\"Campos de Hell\u00edn QR\",\"description\":\"La comarca Campos de Hell\u00edn en 360\u00ba\",\"publisher\":{\"@id\":\"https:\/\/camposdehellinqr.com\/#organization\"},\"potentialAction\":[{\"@type\":\"SearchAction\",\"target\":{\"@type\":\"EntryPoint\",\"urlTemplate\":\"https:\/\/camposdehellinqr.com\/?s={search_term_string}\"},\"query-input\":\"required name=search_term_string\"}],\"inLanguage\":\"es\"},{\"@type\":\"Organization\",\"@id\":\"https:\/\/camposdehellinqr.com\/#organization\",\"name\":\"Campos de Hell\u00edn QR\",\"url\":\"https:\/\/camposdehellinqr.com\/\",\"logo\":{\"@type\":\"ImageObject\",\"inLanguage\":\"es\",\"@id\":\"https:\/\/camposdehellinqr.com\/#\/schema\/logo\/image\/\",\"url\":\"https:\/\/camposdehellinqr.com\/wp-content\/uploads\/2020\/02\/logoqr.png\",\"contentUrl\":\"https:\/\/camposdehellinqr.com\/wp-content\/uploads\/2020\/02\/logoqr.png\",\"width\":300,\"height\":50,\"caption\":\"Campos de Hell\u00edn QR\"},\"image\":{\"@id\":\"https:\/\/camposdehellinqr.com\/#\/schema\/logo\/image\/\"}}]}<\/script>\n<!-- \/ Yoast SEO Premium plugin. -->","yoast_head_json":{"title":"Nava de Campa\u00f1a - Campos de Hell\u00edn QR","robots":{"index":"index","follow":"follow","max-snippet":"max-snippet:-1","max-image-preview":"max-image-preview:large","max-video-preview":"max-video-preview:-1"},"canonical":"https:\/\/camposdehellinqr.com\/index.php\/nava-de-campana\/","og_locale":"es_ES","og_type":"article","og_title":"Nava de Campa\u00f1a","og_description":"Nava de Campa\u00f1a Ca\u00f1ada de Agra, Mingogil y Nava de Campa\u00f1a son los pueblos construidos a partir de 1962 por el Instituto Nacional de Colonizaci\u00f3n (INC) en la zona dominada por el canal de Hell\u00edn, que lleva el nombre de Juan Mart\u00ednez Parras porque fue el alcalde que comenz\u00f3 en 1927 las gestiones para abastecer &hellip; Nava de Campa\u00f1a Leer m\u00e1s &raquo;","og_url":"https:\/\/camposdehellinqr.com\/index.php\/nava-de-campana\/","og_site_name":"Campos de Hell\u00edn QR","article_modified_time":"2023-09-19T17:37:44+00:00","og_image":[{"url":"https:\/\/camposdehellinqr.com\/wp-content\/uploads\/2023\/09\/campana.jpg"}],"twitter_card":"summary_large_image","twitter_misc":{"Tiempo de lectura":"5 minutos"},"schema":{"@context":"https:\/\/schema.org","@graph":[{"@type":"WebPage","@id":"https:\/\/camposdehellinqr.com\/index.php\/nava-de-campana\/","url":"https:\/\/camposdehellinqr.com\/index.php\/nava-de-campana\/","name":"Nava de Campa\u00f1a - Campos de Hell\u00edn QR","isPartOf":{"@id":"https:\/\/camposdehellinqr.com\/#website"},"datePublished":"2023-09-19T10:40:39+00:00","dateModified":"2023-09-19T17:37:44+00:00","breadcrumb":{"@id":"https:\/\/camposdehellinqr.com\/index.php\/nava-de-campana\/#breadcrumb"},"inLanguage":"es","potentialAction":[{"@type":"ReadAction","target":["https:\/\/camposdehellinqr.com\/index.php\/nava-de-campana\/"]}]},{"@type":"BreadcrumbList","@id":"https:\/\/camposdehellinqr.com\/index.php\/nava-de-campana\/#breadcrumb","itemListElement":[{"@type":"ListItem","position":1,"name":"Home","item":"https:\/\/camposdehellinqr.com\/"},{"@type":"ListItem","position":2,"name":"Nava de Campa\u00f1a"}]},{"@type":"WebSite","@id":"https:\/\/camposdehellinqr.com\/#website","url":"https:\/\/camposdehellinqr.com\/","name":"Campos de Hell\u00edn QR","description":"La comarca Campos de Hell\u00edn en 360\u00ba","publisher":{"@id":"https:\/\/camposdehellinqr.com\/#organization"},"potentialAction":[{"@type":"SearchAction","target":{"@type":"EntryPoint","urlTemplate":"https:\/\/camposdehellinqr.com\/?s={search_term_string}"},"query-input":"required name=search_term_string"}],"inLanguage":"es"},{"@type":"Organization","@id":"https:\/\/camposdehellinqr.com\/#organization","name":"Campos de Hell\u00edn QR","url":"https:\/\/camposdehellinqr.com\/","logo":{"@type":"ImageObject","inLanguage":"es","@id":"https:\/\/camposdehellinqr.com\/#\/schema\/logo\/image\/","url":"https:\/\/camposdehellinqr.com\/wp-content\/uploads\/2020\/02\/logoqr.png","contentUrl":"https:\/\/camposdehellinqr.com\/wp-content\/uploads\/2020\/02\/logoqr.png","width":300,"height":50,"caption":"Campos de Hell\u00edn QR"},"image":{"@id":"https:\/\/camposdehellinqr.com\/#\/schema\/logo\/image\/"}}]}},"_links":{"self":[{"href":"https:\/\/camposdehellinqr.com\/index.php\/wp-json\/wp\/v2\/pages\/6197","targetHints":{"allow":["GET"]}}],"collection":[{"href":"https:\/\/camposdehellinqr.com\/index.php\/wp-json\/wp\/v2\/pages"}],"about":[{"href":"https:\/\/camposdehellinqr.com\/index.php\/wp-json\/wp\/v2\/types\/page"}],"author":[{"embeddable":true,"href":"https:\/\/camposdehellinqr.com\/index.php\/wp-json\/wp\/v2\/users\/1"}],"replies":[{"embeddable":true,"href":"https:\/\/camposdehellinqr.com\/index.php\/wp-json\/wp\/v2\/comments?post=6197"}],"version-history":[{"count":4,"href":"https:\/\/camposdehellinqr.com\/index.php\/wp-json\/wp\/v2\/pages\/6197\/revisions"}],"predecessor-version":[{"id":6486,"href":"https:\/\/camposdehellinqr.com\/index.php\/wp-json\/wp\/v2\/pages\/6197\/revisions\/6486"}],"wp:attachment":[{"href":"https:\/\/camposdehellinqr.com\/index.php\/wp-json\/wp\/v2\/media?parent=6197"}],"curies":[{"name":"wp","href":"https:\/\/api.w.org\/{rel}","templated":true}]}}