{"id":6365,"date":"2023-09-19T16:38:44","date_gmt":"2023-09-19T16:38:44","guid":{"rendered":"https:\/\/camposdehellinqr.com\/?page_id=6365"},"modified":"2023-09-19T17:43:53","modified_gmt":"2023-09-19T17:43:53","slug":"la-huerta-de-isso","status":"publish","type":"page","link":"https:\/\/camposdehellinqr.com\/index.php\/la-huerta-de-isso\/","title":{"rendered":"La huerta de Isso"},"content":{"rendered":"\t\t<div data-elementor-type=\"wp-page\" data-elementor-id=\"6365\" class=\"elementor elementor-6365\" data-elementor-post-type=\"page\">\n\t\t\t\t\t\t\t\t\t<section class=\"elementor-section elementor-top-section elementor-element elementor-element-89ef3ac elementor-section-boxed elementor-section-height-default elementor-section-height-default\" data-id=\"89ef3ac\" data-element_type=\"section\">\n\t\t\t\t\t\t\t<div class=\"elementor-background-overlay\"><\/div>\n\t\t\t\t\t\t\t<div class=\"elementor-container elementor-column-gap-default\">\n\t\t\t\t\t<div class=\"elementor-column elementor-col-100 elementor-top-column elementor-element elementor-element-e076a23\" data-id=\"e076a23\" data-element_type=\"column\">\n\t\t\t<div class=\"elementor-widget-wrap elementor-element-populated\">\n\t\t\t\t\t\t\t\t<div class=\"elementor-element elementor-element-c7e6a46 elementor-widget elementor-widget-heading\" data-id=\"c7e6a46\" data-element_type=\"widget\" data-widget_type=\"heading.default\">\n\t\t\t\t<div class=\"elementor-widget-container\">\n\t\t\t<h3 class=\"elementor-heading-title elementor-size-default\">La huerta de Isso<\/h3>\t\t<\/div>\n\t\t\t\t<\/div>\n\t\t\t\t<div class=\"elementor-element elementor-element-bd15688 elementor-widget elementor-widget-google_maps\" data-id=\"bd15688\" data-element_type=\"widget\" data-widget_type=\"google_maps.default\">\n\t\t\t\t<div class=\"elementor-widget-container\">\n\t\t\t\t\t<div class=\"elementor-custom-embed\">\n\t\t\t<iframe loading=\"lazy\"\n\t\t\t\t\tsrc=\"https:\/\/maps.google.com\/maps?q=isso&#038;t=m&#038;z=14&#038;output=embed&#038;iwloc=near\"\n\t\t\t\t\ttitle=\"isso\"\n\t\t\t\t\taria-label=\"isso\"\n\t\t\t><\/iframe>\n\t\t<\/div>\n\t\t\t\t<\/div>\n\t\t\t\t<\/div>\n\t\t\t\t<div class=\"elementor-element elementor-element-3889d7b elementor-widget elementor-widget-text-editor\" data-id=\"3889d7b\" data-element_type=\"widget\" data-widget_type=\"text-editor.default\">\n\t\t\t\t<div class=\"elementor-widget-container\">\n\t\t\t\t\t\t\t<p>El origen del poblamiento de la <strong>Huerta de Isso<\/strong> se encuentra en La Fuente, situada a un kil\u00f3metro de La Placeta hacia el norte siguiendo el camino y la acequia que las une.<\/p>\t\t\t\t\t\t<\/div>\n\t\t\t\t<\/div>\n\t\t\t\t<div class=\"elementor-element elementor-element-1ba3ed5 elementor-widget elementor-widget-image\" data-id=\"1ba3ed5\" data-element_type=\"widget\" data-widget_type=\"image.default\">\n\t\t\t\t<div class=\"elementor-widget-container\">\n\t\t\t\t\t\t\t\t\t\t\t\t\t\t\t\t<a href=\"\/images\/360\/40\/index.htm\">\n\t\t\t\t\t\t\t<img loading=\"lazy\" decoding=\"async\" width=\"800\" height=\"407\" src=\"https:\/\/camposdehellinqr.com\/wp-content\/uploads\/2023\/09\/Isso4.jpg\" class=\"attachment-large size-large wp-image-6093\" alt=\"\" srcset=\"https:\/\/camposdehellinqr.com\/wp-content\/uploads\/2023\/09\/Isso4.jpg 800w, https:\/\/camposdehellinqr.com\/wp-content\/uploads\/2023\/09\/Isso4-300x153.jpg 300w, https:\/\/camposdehellinqr.com\/wp-content\/uploads\/2023\/09\/Isso4-768x391.jpg 768w\" sizes=\"auto, (max-width: 800px) 100vw, 800px\" \/>\t\t\t\t\t\t\t\t<\/a>\n\t\t\t\t\t\t\t\t\t\t\t\t\t\t\t<\/div>\n\t\t\t\t<\/div>\n\t\t\t\t<div class=\"elementor-element elementor-element-a56a1c7 elementor-widget elementor-widget-text-editor\" data-id=\"a56a1c7\" data-element_type=\"widget\" data-widget_type=\"text-editor.default\">\n\t\t\t\t<div class=\"elementor-widget-container\">\n\t\t\t\t\t\t\t<p><strong><a href=\"http:\/\/www.camposdehellinqr.com\/images\/360\/40\/index.htm\">Acceder a Visita Virtual 360\u00ba<\/a><\/strong><\/p>\t\t\t\t\t\t<\/div>\n\t\t\t\t<\/div>\n\t\t\t\t<div class=\"elementor-element elementor-element-dc941c8 elementor-widget elementor-widget-text-editor\" data-id=\"dc941c8\" data-element_type=\"widget\" data-widget_type=\"text-editor.default\">\n\t\t\t\t<div class=\"elementor-widget-container\">\n\t\t\t\t\t\t\t<p>\u00a0La <strong>Fuente de Isso<\/strong> es un manantial natural que ha atra\u00eddo a los seres humanos desde la m\u00e1s antigua Edad de Piedra, sabido por las armas de caza elaboradas con materiales del cercano El Pedernaloso. Y ha propiciado la agricultura desde el primer asentamiento neol\u00edtico, continuado por la villa romana de la Casa Grande y el castillo de \u00e9poca isl\u00e1mica.<\/p><p>En una parcela de La Fuente se cre\u00f3 durante la d\u00e9cada de 1980 el jard\u00edn bot\u00e1nico, <strong>El Arboreto de Isso<\/strong>. Tiene m\u00e1s de doscientas especies de diferentes partes del mundo en una superficie de dos hect\u00e1reas Su aula de la naturaleza se dedica al programa municipal de educaci\u00f3n ambiental.<\/p>\t\t\t\t\t\t<\/div>\n\t\t\t\t<\/div>\n\t\t\t\t<div class=\"elementor-element elementor-element-14cd99f elementor-widget elementor-widget-image\" data-id=\"14cd99f\" data-element_type=\"widget\" data-widget_type=\"image.default\">\n\t\t\t\t<div class=\"elementor-widget-container\">\n\t\t\t\t\t\t\t\t\t\t\t\t\t\t\t\t<a href=\"\/images\/360\/25\/index.htm\">\n\t\t\t\t\t\t\t<img loading=\"lazy\" decoding=\"async\" width=\"800\" height=\"276\" src=\"https:\/\/camposdehellinqr.com\/wp-content\/uploads\/2023\/09\/Isso3.jpg\" class=\"attachment-large size-large wp-image-6092\" alt=\"\" srcset=\"https:\/\/camposdehellinqr.com\/wp-content\/uploads\/2023\/09\/Isso3.jpg 800w, https:\/\/camposdehellinqr.com\/wp-content\/uploads\/2023\/09\/Isso3-300x104.jpg 300w, https:\/\/camposdehellinqr.com\/wp-content\/uploads\/2023\/09\/Isso3-768x265.jpg 768w\" sizes=\"auto, (max-width: 800px) 100vw, 800px\" \/>\t\t\t\t\t\t\t\t<\/a>\n\t\t\t\t\t\t\t\t\t\t\t\t\t\t\t<\/div>\n\t\t\t\t<\/div>\n\t\t\t\t<div class=\"elementor-element elementor-element-beb9fe4 elementor-widget elementor-widget-text-editor\" data-id=\"beb9fe4\" data-element_type=\"widget\" data-widget_type=\"text-editor.default\">\n\t\t\t\t<div class=\"elementor-widget-container\">\n\t\t\t\t\t\t\t<p><strong><a href=\"http:\/\/www.camposdehellinqr.com\/images\/360\/25\/index.htm\">Acceder a Visita Virtual 360\u00ba<\/a><\/strong><\/p>\t\t\t\t\t\t<\/div>\n\t\t\t\t<\/div>\n\t\t\t\t<div class=\"elementor-element elementor-element-99f925e elementor-widget elementor-widget-text-editor\" data-id=\"99f925e\" data-element_type=\"widget\" data-widget_type=\"text-editor.default\">\n\t\t\t\t<div class=\"elementor-widget-container\">\n\t\t\t\t\t\t\t<p>La <strong>Huerta de Isso<\/strong> se riega por los dos hilos de agua de su fuente extendi\u00e9ndose hacia el r\u00edo Mundo entre las ramblas del Pepino y del Pedernaloso. En cuya cumbre se levant\u00f3 la <strong>Ermita<\/strong> de la Cruz del Pedernaloso desde donde se divisa toda la huerta y, como las ermitas de Santa B\u00e1rbara y de la Cruz de la Langosta en Hell\u00edn (S.XVIII), se situ\u00f3 en el extremo por donde llegan las tormentas y plagas. Exist\u00edan cuatro cruces en los extremos de esta huerta en: El Cerro de la Cruz en el barrio Caravaca, La Asomadilla, El Toladillo y en dicha ermita.<\/p><p>\u201cAsso, en el d\u00eda Isso\u201d, seg\u00fan el can\u00f3nigo Juan Lozano en 1896, aquella antigua ciudad romana estuvo en Isso por su proximidad a las coordenadas del ge\u00f3grafo Ptolomeo, pero la arqueolog\u00eda moderna la ha encontrado en el municipio de Caravaca de la Cruz, y tambi\u00e9n por el parecido del nombre, que en documentos anteriores a sus escritos era YSO.<\/p><p>Entre las antig\u00fcedades que Lozano consider\u00f3 romanas \u201cen el sitio que se nombra Pedro Paile, se ve un cimiento de 15 palmos, cuyo di\u00e1metro tiene 9, y esta situado en un monte, que proporciona la vista de aquel distrito\u201d. Podr\u00edan ser restos de la villa romana de la <strong>Casa Grande<\/strong> (J. F. Jord\u00e1n Mont\u00e9s, 1992) continuando con la descripci\u00f3n dijo que \u201cEl <strong>Castillo<\/strong> inmediato a la plaza conserva lienzos de muralla, cuya longitud de Norte a Sur tiene 70 varas, como 55, su latitud de Oriente a Ocaso (58,51 y 45,97 metros). La f\u00e1brica de argamasa, sus cimientos con 9 palmos (casi dos metros) de di\u00e1metro; y cuatro torres en los \u00e1ngulos, llaman demasiado la atenci\u00f3n\u2026Tambi\u00e9n aparecen Termas Romanas no lejos del expresado castillo, con fragmentos de argamasa. Ellas tienen diferentes divisiones, y estancias. En el d\u00eda retienen por distintivo el ba\u00f1o de la Reina, que alude a los \u00c1rabes\u2026Fuera de esto, se dejan ver muchos sepulcros, en excavaciones de piedras&#8230;Tambi\u00e9n conductos subterr\u00e1neos a distancia de 200 pasos\u2026Parecen dirigirse al Castillo\u2026\u201d. Como todas las fortalezas de esta comarca, tambi\u00e9n es una construcci\u00f3n de \u00e9poca almohade, siglo XII. Seg\u00fan la relaci\u00f3n de 1576 \u201cdicho castillo es tan antiguo que as\u00ed todo esta ca\u00eddo y derribado\u201d. Hoy s\u00f3lo se puede apreciar la torre del \u00e1ngulo m\u00e1s meridional, reconvertida en vivienda hasta ser donada al Ayuntamiento de Hell\u00edn.<\/p>\t\t\t\t\t\t<\/div>\n\t\t\t\t<\/div>\n\t\t\t\t<div class=\"elementor-element elementor-element-02734cc elementor-widget elementor-widget-image\" data-id=\"02734cc\" data-element_type=\"widget\" data-widget_type=\"image.default\">\n\t\t\t\t<div class=\"elementor-widget-container\">\n\t\t\t\t\t\t\t\t\t\t\t\t\t\t\t\t<a href=\"\/images\/360\/75\/index.htm\">\n\t\t\t\t\t\t\t<img loading=\"lazy\" decoding=\"async\" width=\"800\" height=\"327\" src=\"https:\/\/camposdehellinqr.com\/wp-content\/uploads\/2023\/09\/torreisso.jpg\" class=\"attachment-large size-large wp-image-6045\" alt=\"\" srcset=\"https:\/\/camposdehellinqr.com\/wp-content\/uploads\/2023\/09\/torreisso.jpg 800w, https:\/\/camposdehellinqr.com\/wp-content\/uploads\/2023\/09\/torreisso-300x123.jpg 300w, https:\/\/camposdehellinqr.com\/wp-content\/uploads\/2023\/09\/torreisso-768x314.jpg 768w\" sizes=\"auto, (max-width: 800px) 100vw, 800px\" \/>\t\t\t\t\t\t\t\t<\/a>\n\t\t\t\t\t\t\t\t\t\t\t\t\t\t\t<\/div>\n\t\t\t\t<\/div>\n\t\t\t\t<div class=\"elementor-element elementor-element-7fcf280 elementor-widget elementor-widget-text-editor\" data-id=\"7fcf280\" data-element_type=\"widget\" data-widget_type=\"text-editor.default\">\n\t\t\t\t<div class=\"elementor-widget-container\">\n\t\t\t\t\t\t\t<p><strong><a href=\"http:\/\/www.camposdehellinqr.com\/images\/360\/75\/index.htm\">Acceder a Visita Virtual 360\u00ba<\/a><\/strong><\/p>\t\t\t\t\t\t<\/div>\n\t\t\t\t<\/div>\n\t\t\t\t<div class=\"elementor-element elementor-element-deee67c elementor-widget elementor-widget-text-editor\" data-id=\"deee67c\" data-element_type=\"widget\" data-widget_type=\"text-editor.default\">\n\t\t\t\t<div class=\"elementor-widget-container\">\n\t\t\t\t\t\t\t<p>Tras la conquista del reino de Murcia por la Corona de Castilla en 1244, las tenencias de Fel\u00edn, Hyso y Medinatea fueron entregadas a diferentes caballeros castellanos, pero poco despu\u00e9s el rey Fernando III las don\u00f3 a su segunda esposa, hasta que sus posesiones fueron incorporadas a la Corona por su hijastro Alfonso X. Desde entonces en las repetidas cesiones a otros se\u00f1or\u00edos y reincorporaciones a la Corona, Hell\u00edn, Isso y Minateda han permanecido unidas.<\/p><p>En la relaci\u00f3n enviada a Felipe II en 1756 tambi\u00e9n dijeron que \u201cla huerta y heredades de moreras, vi\u00f1as de pasa y vino y tierras que llaman de <strong>Yso<\/strong>\u2026es de vecinos de la dicha villa de Hell\u00edn, y est\u00e1 repartida entre cien personas\u2026y se riega con el agua de una fuente que tiene, que salen dos hilos de agua\u2026y en la ribera de la dicha huerta de Yso hay dos molinos\u2026y dos casas de batanes\u2026y que en el dicho heredamiento no hay poblaci\u00f3n\u2026.\u201d<\/p><p>Las primeras respuestas generales sobre poblaci\u00f3n en la Huerta de Isso se encuentran en el Catastro de la Ensenada (1755): La villa de Hell\u00edn \u201cse compone de novecientos vecinos poco m\u00e1s o menos, y doscientos que habitan en el Heredamiento de Yso, casas de campo y alquer\u00edas\u201d. En el libro de seculares entre los propietarios y vecinos de Yso aparecen apellidos como: Cantero, Caravaca, Grao, M\u00e9ndez, Qu\u00edlez y Villena, que habr\u00edan dado nombre a muchos de los actuales barrios.<\/p><p>El aumento de la poblaci\u00f3n motivar\u00eda la creaci\u00f3n de la parroquia de Isso a finales del siglo XVII. Y a lo largo del siguiente se reformar\u00eda la ermita que ya exist\u00eda en el siglo XVI, seg\u00fan la relaci\u00f3n de 1576.<\/p><p>La <strong>Iglesia de Santiago<\/strong> tiene una \u00fanica nave con b\u00f3veda de medio ca\u00f1\u00f3n\u00a0 apoyan en los contramuros, entre los que hay capillas funerarias. El presbiterio, que podr\u00eda ser de una fase constructiva diferente, tiene planta cuadrada y est\u00e1 cubierto por una c\u00fapula de media naranja. Todas las superficies interiores estar\u00edan decoradas con pinturas, entre las conservadas destaca el trampantojo del presbiterio que simula el volumen de un retablo, atribuido a Pablo Sistori, debiendo ser posterior a que Carlos III prohibiera los retablos de madera en 1777.<\/p>\t\t\t\t\t\t<\/div>\n\t\t\t\t<\/div>\n\t\t\t\t<div class=\"elementor-element elementor-element-a8c7464 elementor-widget elementor-widget-image\" data-id=\"a8c7464\" data-element_type=\"widget\" data-widget_type=\"image.default\">\n\t\t\t\t<div class=\"elementor-widget-container\">\n\t\t\t\t\t\t\t\t\t\t\t\t\t\t\t\t<a href=\"\/images\/360\/42\/index.htm\">\n\t\t\t\t\t\t\t<img loading=\"lazy\" decoding=\"async\" width=\"800\" height=\"327\" src=\"https:\/\/camposdehellinqr.com\/wp-content\/uploads\/2023\/09\/igleiss.jpg\" class=\"attachment-large size-large wp-image-6054\" alt=\"\" srcset=\"https:\/\/camposdehellinqr.com\/wp-content\/uploads\/2023\/09\/igleiss.jpg 800w, https:\/\/camposdehellinqr.com\/wp-content\/uploads\/2023\/09\/igleiss-300x123.jpg 300w, https:\/\/camposdehellinqr.com\/wp-content\/uploads\/2023\/09\/igleiss-768x314.jpg 768w\" sizes=\"auto, (max-width: 800px) 100vw, 800px\" \/>\t\t\t\t\t\t\t\t<\/a>\n\t\t\t\t\t\t\t\t\t\t\t\t\t\t\t<\/div>\n\t\t\t\t<\/div>\n\t\t\t\t<div class=\"elementor-element elementor-element-deab5fa elementor-widget elementor-widget-text-editor\" data-id=\"deab5fa\" data-element_type=\"widget\" data-widget_type=\"text-editor.default\">\n\t\t\t\t<div class=\"elementor-widget-container\">\n\t\t\t\t\t\t\t<p><strong><a href=\"http:\/\/www.camposdehellinqr.com\/images\/360\/42\/index.htm\">Acceder a Visita Virtual 360\u00ba<\/a><\/strong><\/p>\t\t\t\t\t\t<\/div>\n\t\t\t\t<\/div>\n\t\t\t\t<div class=\"elementor-element elementor-element-2479b17 elementor-widget elementor-widget-text-editor\" data-id=\"2479b17\" data-element_type=\"widget\" data-widget_type=\"text-editor.default\">\n\t\t\t\t<div class=\"elementor-widget-container\">\n\t\t\t\t\t\t\t<p>Una de las reformas documentadas es la construcci\u00f3n de la capilla funeraria familiar dedicada a San Antonio, que fue terminada en 1728. En el Atlante Espa\u00f1ol (1778) se dice que \u201cla parroquia de <strong>Is\u00f3<\/strong> es de nueva construcci\u00f3n, de la que son feligreses doscientos vecinos.\u201d<\/p><p>La torre del campanario se divide en cuatro cuerpos, en el \u00faltimo, donde est\u00e1n las campanas, se concentra la atenci\u00f3n ornamental de todo el exterior. El reloj origin\u00f3 un chascarrillo, se dice que fue roto por alg\u00fan vecino porque no marcaba las trece.<\/p><p>La construcci\u00f3n y mantenimiento de la iglesia proced\u00eda de los patronos de las capillas, las limosnas de la feligres\u00eda y parte de los impuestos. En las respuestas generales al Catastro de la Ensenada (1755) \u201cdijeron\u2026en la huerta del Heredamiento de Yso sujeto a este t\u00e9rmino hay una porci\u00f3n de tierras acotada, otros Diezmos se dividen tambi\u00e9n por tercias partes, con la orden referido entre Su Majestad (2\/3) y F\u00e1brica de la Parroquial de este Heredamiento (1\/3) una, la Dignidad y Cabildo (del Obispado de Cartagena) otra y la restante por mitad entre el cura y otro beneficiado de la misma Parroquial de Yso\u2026Y el Boto de Santiago lo paga cada labrador, siempre que tenga un par de labor\u2026\u201d<\/p><p>Los cultivos de regad\u00edo siguen siendo la base de la econom\u00eda local. Favorecida por la inclusi\u00f3n de la Huerta de Isso en la delimitaci\u00f3n de colonizaci\u00f3n de la zona dominada por el <strong>canal de Hell\u00edn<\/strong>, decretada en 1956. El embalse en la rambla del Boquer\u00f3n fue creado en 1969 por el Instituto Nacional de Colonizaci\u00f3n (INC) para regular las aguas afloradas que complementan el caudal que se deriva desde el r\u00edo Mundo. Y el organismo sucesor, Instituto de Reforma y Desarrollo Agrario (IRYDA), declar\u00f3 en 1983 la puesta en riego del sector de Isso, con 745 hect\u00e1reas regables, correspondiente a la primera ampliaci\u00f3n de la zona regable de Hell\u00edn.<\/p><p>La <strong>poblaci\u00f3n de Isso<\/strong> en el \u00faltimo siglo se ha mantenido constante (seg\u00fan los censos: 2.179 hab. en 1910 y 2.263 hab. en 2010). En los barrios de la huerta ha descendido a favor de la nueva \u00e1rea urbana desarrollada al norte de La Placeta desde la construcci\u00f3n de los grupos de \u201ccasas baratas\u201d a mediados del siglo XX, junto a la carretera de Ja\u00e9n que, desde su nuevo trazado en la d\u00e9cada de 1860, es la principal comunicaci\u00f3n entre la mayor\u00eda de los barrios, y donde se han ido ubicado los nuevos comercios y servicios. La mayor\u00eda de los equipamientos p\u00fablicos est\u00e1n en las cercan\u00edas de La Placeta.<\/p>\t\t\t\t\t\t<\/div>\n\t\t\t\t<\/div>\n\t\t\t\t\t<\/div>\n\t\t<\/div>\n\t\t\t\t\t\t\t<\/div>\n\t\t<\/section>\n\t\t\t\t\t\t\t<\/div>\n\t\t","protected":false},"excerpt":{"rendered":"<p>La huerta de Isso El origen del poblamiento de la Huerta de Isso se encuentra en La Fuente, situada a un kil\u00f3metro de La Placeta hacia el norte siguiendo el camino y la acequia que las une. Acceder a Visita Virtual 360\u00ba \u00a0La Fuente de Isso es un manantial natural que ha atra\u00eddo a los &hellip;<\/p>\n<p class=\"read-more\"> <a class=\"\" href=\"https:\/\/camposdehellinqr.com\/index.php\/la-huerta-de-isso\/\"> <span class=\"screen-reader-text\">La huerta de Isso<\/span> Leer m\u00e1s &raquo;<\/a><\/p>\n","protected":false},"author":1,"featured_media":0,"parent":0,"menu_order":0,"comment_status":"closed","ping_status":"closed","template":"","meta":{"site-sidebar-layout":"no-sidebar","site-content-layout":"page-builder","ast-site-content-layout":"full-width-container","site-content-style":"default","site-sidebar-style":"default","ast-global-header-display":"","ast-banner-title-visibility":"","ast-main-header-display":"","ast-hfb-above-header-display":"","ast-hfb-below-header-display":"","ast-hfb-mobile-header-display":"","site-post-title":"disabled","ast-breadcrumbs-content":"","ast-featured-img":"disabled","footer-sml-layout":"","theme-transparent-header-meta":"","adv-header-id-meta":"","stick-header-meta":"","header-above-stick-meta":"","header-main-stick-meta":"","header-below-stick-meta":"","astra-migrate-meta-layouts":"set","footnotes":""},"class_list":["post-6365","page","type-page","status-publish","hentry"],"yoast_head":"<!-- This site is optimized with the Yoast SEO Premium plugin v20.0 (Yoast SEO v21.3) - https:\/\/yoast.com\/wordpress\/plugins\/seo\/ -->\n<title>La huerta de Isso - Campos de Hell\u00edn QR<\/title>\n<meta name=\"robots\" content=\"index, follow, max-snippet:-1, max-image-preview:large, max-video-preview:-1\" \/>\n<link rel=\"canonical\" href=\"https:\/\/camposdehellinqr.com\/index.php\/la-huerta-de-isso\/\" \/>\n<meta property=\"og:locale\" content=\"es_ES\" \/>\n<meta property=\"og:type\" content=\"article\" \/>\n<meta property=\"og:title\" content=\"La huerta de Isso\" \/>\n<meta property=\"og:description\" content=\"La huerta de Isso El origen del poblamiento de la Huerta de Isso se encuentra en La Fuente, situada a un kil\u00f3metro de La Placeta hacia el norte siguiendo el camino y la acequia que las une. Acceder a Visita Virtual 360\u00ba \u00a0La Fuente de Isso es un manantial natural que ha atra\u00eddo a los &hellip; La huerta de Isso Leer m\u00e1s &raquo;\" \/>\n<meta property=\"og:url\" content=\"https:\/\/camposdehellinqr.com\/index.php\/la-huerta-de-isso\/\" \/>\n<meta property=\"og:site_name\" content=\"Campos de Hell\u00edn QR\" \/>\n<meta property=\"article:modified_time\" content=\"2023-09-19T17:43:53+00:00\" \/>\n<meta property=\"og:image\" content=\"https:\/\/camposdehellinqr.com\/wp-content\/uploads\/2023\/09\/Isso4.jpg\" \/>\n<meta name=\"twitter:card\" content=\"summary_large_image\" \/>\n<meta name=\"twitter:label1\" content=\"Tiempo de lectura\" \/>\n\t<meta name=\"twitter:data1\" content=\"7 minutos\" \/>\n<script type=\"application\/ld+json\" class=\"yoast-schema-graph\">{\"@context\":\"https:\/\/schema.org\",\"@graph\":[{\"@type\":\"WebPage\",\"@id\":\"https:\/\/camposdehellinqr.com\/index.php\/la-huerta-de-isso\/\",\"url\":\"https:\/\/camposdehellinqr.com\/index.php\/la-huerta-de-isso\/\",\"name\":\"La huerta de Isso - Campos de Hell\u00edn QR\",\"isPartOf\":{\"@id\":\"https:\/\/camposdehellinqr.com\/#website\"},\"datePublished\":\"2023-09-19T16:38:44+00:00\",\"dateModified\":\"2023-09-19T17:43:53+00:00\",\"breadcrumb\":{\"@id\":\"https:\/\/camposdehellinqr.com\/index.php\/la-huerta-de-isso\/#breadcrumb\"},\"inLanguage\":\"es\",\"potentialAction\":[{\"@type\":\"ReadAction\",\"target\":[\"https:\/\/camposdehellinqr.com\/index.php\/la-huerta-de-isso\/\"]}]},{\"@type\":\"BreadcrumbList\",\"@id\":\"https:\/\/camposdehellinqr.com\/index.php\/la-huerta-de-isso\/#breadcrumb\",\"itemListElement\":[{\"@type\":\"ListItem\",\"position\":1,\"name\":\"Home\",\"item\":\"https:\/\/camposdehellinqr.com\/\"},{\"@type\":\"ListItem\",\"position\":2,\"name\":\"La huerta de Isso\"}]},{\"@type\":\"WebSite\",\"@id\":\"https:\/\/camposdehellinqr.com\/#website\",\"url\":\"https:\/\/camposdehellinqr.com\/\",\"name\":\"Campos de Hell\u00edn QR\",\"description\":\"La comarca Campos de Hell\u00edn en 360\u00ba\",\"publisher\":{\"@id\":\"https:\/\/camposdehellinqr.com\/#organization\"},\"potentialAction\":[{\"@type\":\"SearchAction\",\"target\":{\"@type\":\"EntryPoint\",\"urlTemplate\":\"https:\/\/camposdehellinqr.com\/?s={search_term_string}\"},\"query-input\":\"required name=search_term_string\"}],\"inLanguage\":\"es\"},{\"@type\":\"Organization\",\"@id\":\"https:\/\/camposdehellinqr.com\/#organization\",\"name\":\"Campos de Hell\u00edn QR\",\"url\":\"https:\/\/camposdehellinqr.com\/\",\"logo\":{\"@type\":\"ImageObject\",\"inLanguage\":\"es\",\"@id\":\"https:\/\/camposdehellinqr.com\/#\/schema\/logo\/image\/\",\"url\":\"https:\/\/camposdehellinqr.com\/wp-content\/uploads\/2020\/02\/logoqr.png\",\"contentUrl\":\"https:\/\/camposdehellinqr.com\/wp-content\/uploads\/2020\/02\/logoqr.png\",\"width\":300,\"height\":50,\"caption\":\"Campos de Hell\u00edn QR\"},\"image\":{\"@id\":\"https:\/\/camposdehellinqr.com\/#\/schema\/logo\/image\/\"}}]}<\/script>\n<!-- \/ Yoast SEO Premium plugin. -->","yoast_head_json":{"title":"La huerta de Isso - Campos de Hell\u00edn QR","robots":{"index":"index","follow":"follow","max-snippet":"max-snippet:-1","max-image-preview":"max-image-preview:large","max-video-preview":"max-video-preview:-1"},"canonical":"https:\/\/camposdehellinqr.com\/index.php\/la-huerta-de-isso\/","og_locale":"es_ES","og_type":"article","og_title":"La huerta de Isso","og_description":"La huerta de Isso El origen del poblamiento de la Huerta de Isso se encuentra en La Fuente, situada a un kil\u00f3metro de La Placeta hacia el norte siguiendo el camino y la acequia que las une. Acceder a Visita Virtual 360\u00ba \u00a0La Fuente de Isso es un manantial natural que ha atra\u00eddo a los &hellip; La huerta de Isso Leer m\u00e1s &raquo;","og_url":"https:\/\/camposdehellinqr.com\/index.php\/la-huerta-de-isso\/","og_site_name":"Campos de Hell\u00edn QR","article_modified_time":"2023-09-19T17:43:53+00:00","og_image":[{"url":"https:\/\/camposdehellinqr.com\/wp-content\/uploads\/2023\/09\/Isso4.jpg"}],"twitter_card":"summary_large_image","twitter_misc":{"Tiempo de lectura":"7 minutos"},"schema":{"@context":"https:\/\/schema.org","@graph":[{"@type":"WebPage","@id":"https:\/\/camposdehellinqr.com\/index.php\/la-huerta-de-isso\/","url":"https:\/\/camposdehellinqr.com\/index.php\/la-huerta-de-isso\/","name":"La huerta de Isso - Campos de Hell\u00edn QR","isPartOf":{"@id":"https:\/\/camposdehellinqr.com\/#website"},"datePublished":"2023-09-19T16:38:44+00:00","dateModified":"2023-09-19T17:43:53+00:00","breadcrumb":{"@id":"https:\/\/camposdehellinqr.com\/index.php\/la-huerta-de-isso\/#breadcrumb"},"inLanguage":"es","potentialAction":[{"@type":"ReadAction","target":["https:\/\/camposdehellinqr.com\/index.php\/la-huerta-de-isso\/"]}]},{"@type":"BreadcrumbList","@id":"https:\/\/camposdehellinqr.com\/index.php\/la-huerta-de-isso\/#breadcrumb","itemListElement":[{"@type":"ListItem","position":1,"name":"Home","item":"https:\/\/camposdehellinqr.com\/"},{"@type":"ListItem","position":2,"name":"La huerta de Isso"}]},{"@type":"WebSite","@id":"https:\/\/camposdehellinqr.com\/#website","url":"https:\/\/camposdehellinqr.com\/","name":"Campos de Hell\u00edn QR","description":"La comarca Campos de Hell\u00edn en 360\u00ba","publisher":{"@id":"https:\/\/camposdehellinqr.com\/#organization"},"potentialAction":[{"@type":"SearchAction","target":{"@type":"EntryPoint","urlTemplate":"https:\/\/camposdehellinqr.com\/?s={search_term_string}"},"query-input":"required name=search_term_string"}],"inLanguage":"es"},{"@type":"Organization","@id":"https:\/\/camposdehellinqr.com\/#organization","name":"Campos de Hell\u00edn QR","url":"https:\/\/camposdehellinqr.com\/","logo":{"@type":"ImageObject","inLanguage":"es","@id":"https:\/\/camposdehellinqr.com\/#\/schema\/logo\/image\/","url":"https:\/\/camposdehellinqr.com\/wp-content\/uploads\/2020\/02\/logoqr.png","contentUrl":"https:\/\/camposdehellinqr.com\/wp-content\/uploads\/2020\/02\/logoqr.png","width":300,"height":50,"caption":"Campos de Hell\u00edn QR"},"image":{"@id":"https:\/\/camposdehellinqr.com\/#\/schema\/logo\/image\/"}}]}},"_links":{"self":[{"href":"https:\/\/camposdehellinqr.com\/index.php\/wp-json\/wp\/v2\/pages\/6365","targetHints":{"allow":["GET"]}}],"collection":[{"href":"https:\/\/camposdehellinqr.com\/index.php\/wp-json\/wp\/v2\/pages"}],"about":[{"href":"https:\/\/camposdehellinqr.com\/index.php\/wp-json\/wp\/v2\/types\/page"}],"author":[{"embeddable":true,"href":"https:\/\/camposdehellinqr.com\/index.php\/wp-json\/wp\/v2\/users\/1"}],"replies":[{"embeddable":true,"href":"https:\/\/camposdehellinqr.com\/index.php\/wp-json\/wp\/v2\/comments?post=6365"}],"version-history":[{"count":5,"href":"https:\/\/camposdehellinqr.com\/index.php\/wp-json\/wp\/v2\/pages\/6365\/revisions"}],"predecessor-version":[{"id":6528,"href":"https:\/\/camposdehellinqr.com\/index.php\/wp-json\/wp\/v2\/pages\/6365\/revisions\/6528"}],"wp:attachment":[{"href":"https:\/\/camposdehellinqr.com\/index.php\/wp-json\/wp\/v2\/media?parent=6365"}],"curies":[{"name":"wp","href":"https:\/\/api.w.org\/{rel}","templated":true}]}}